{"id":1393,"date":"2020-02-02T16:47:38","date_gmt":"2020-02-02T16:47:38","guid":{"rendered":"https:\/\/www.valenciadomus.com\/en\/?post_type=property&#038;p=1393"},"modified":"2024-09-12T08:15:56","modified_gmt":"2024-09-12T08:15:56","slug":"modern-refurbished-apartment-rent-city-centre-valencia","status":"publish","type":"property","link":"https:\/\/www.valenciadomus.com\/en\/blog\/property\/modern-refurbished-apartment-rent-city-centre-valencia\/","title":{"rendered":"Modern refurbished apartment for rent in the city centre of Valencia"},"content":{"rendered":"<p>[vc_row][vc_column][vc_column_text]This recently renovated apartment looks for tenants! If you want to rent just steps away from the city centre and in a lovely apartment (refurbished in 2018), do not hesitate and call us today to arrange a viewing!<\/p>\n<p>The house offers a large open space combining living room, dining room and open bar kitchen, with quite new appliances. The apartment has a double bedroom and a single room, which can be used as a junior\/guest bedroom and\/or study area. The bathroom is equipped with a large shower and glass screen. The whole house is completely renovated and ready for you to furnish it to your taste, featuring:<\/p>\n<ul>\n<li>double-glazed windows that will make you forget about the outside world<\/li>\n<li>air conditioning in living room and bedrooms for ones who are always hot<\/li>\n<li>brand new appliances: washing machine, dryer (independent), dishwasher, refrigerator<\/li>\n<li>white lacquered doors and cabinets<\/li>\n<li>parquet\/wooden floors<\/li>\n<\/ul>\n<p>Located in the area of Arrancapins, we can see the emblematic &#8220;Finca Roja&#8221; from the windows and the historic city centre can be reached in less than 10 minutes on foot. It has all the necessary services closeby: supermarkets, nurseries, schools, medical centers, public administrations, etc. It is perfectly connected with metro and bus and 10 minutes from the AVE station to Madrid or the airport.<\/p>\n<p>This apartment will be gone soon, don&#8217;t miss this opportunity! Call me![\/vc_column_text][\/vc_column][\/vc_row]<\/p>\n","protected":false},"excerpt":{"rendered":"<p>[vc_row][vc_column][vc_column_text]This recently renovated apartment looks for tenants! If you want to rent just steps away from the city centre and in a lovely apartment (refurbished in 2018), do not hesitate and call us today to arrange a viewing! The house offers a large open space combining living room, dining room and open bar kitchen, with&#8230;<\/p>\n","protected":false},"author":1,"featured_media":1382,"parent":0,"menu_order":0,"comment_status":"closed","ping_status":"closed","template":"","property-feature":[311,330,379,338,54,309],"property-type":[39,32],"property-city":[49,95],"property-status":[21],"yoast_head":"<!-- This site is optimized with the Yoast SEO plugin v23.8 - https:\/\/yoast.com\/wordpress\/plugins\/seo\/ -->\n<title>Modern refurbished apartment for rent in the city centre of Valencia | Real Estate, Architecture, Interior Design and Photograhy<\/title>\n<meta name=\"robots\" content=\"index, follow, max-snippet:-1, max-image-preview:large, max-video-preview:-1\" \/>\n<link rel=\"canonical\" href=\"https:\/\/www.valenciadomus.com\/en\/blog\/property\/modern-refurbished-apartment-rent-city-centre-valencia\/\" \/>\n<meta property=\"og:locale\" content=\"es_ES\" \/>\n<meta property=\"og:type\" content=\"article\" \/>\n<meta property=\"og:title\" content=\"Modern refurbished apartment for rent in the city centre of Valencia | Real Estate, Architecture, Interior Design and Photograhy\" \/>\n<meta property=\"og:description\" content=\"[vc_row][vc_column][vc_column_text]This recently renovated apartment looks for tenants! If you want to rent just steps away from the city centre and in a lovely apartment (refurbished in 2018), do not hesitate and call us today to arrange a viewing! The house offers a large open space combining living room, dining room and open bar kitchen, with...\" \/>\n<meta property=\"og:url\" content=\"https:\/\/www.valenciadomus.com\/en\/blog\/property\/modern-refurbished-apartment-rent-city-centre-valencia\/\" \/>\n<meta property=\"og:site_name\" content=\"Real Estate, Architecture, Interior Design and Photograhy\" \/>\n<meta property=\"article:modified_time\" content=\"2024-09-12T08:15:56+00:00\" \/>\n<meta property=\"og:image\" content=\"https:\/\/www.valenciadomus.com\/en\/wp-content\/uploads\/2018\/02\/Valencia-Domus-V2751ALB-6.jpg\" \/>\n\t<meta property=\"og:image:width\" content=\"1000\" \/>\n\t<meta property=\"og:image:height\" content=\"664\" \/>\n\t<meta property=\"og:image:type\" content=\"image\/jpeg\" \/>\n<meta name=\"twitter:card\" content=\"summary_large_image\" \/>\n<meta name=\"twitter:label1\" content=\"Tiempo de lectura\" \/>\n\t<meta name=\"twitter:data1\" content=\"1 minuto\" \/>\n<script type=\"application\/ld+json\" class=\"yoast-schema-graph\">{\"@context\":\"https:\/\/schema.org\",\"@graph\":[{\"@type\":\"WebPage\",\"@id\":\"https:\/\/www.valenciadomus.com\/en\/blog\/property\/modern-refurbished-apartment-rent-city-centre-valencia\/\",\"url\":\"https:\/\/www.valenciadomus.com\/en\/blog\/property\/modern-refurbished-apartment-rent-city-centre-valencia\/\",\"name\":\"Modern refurbished apartment for rent in the city centre of Valencia | Real Estate, Architecture, Interior Design and Photograhy\",\"isPartOf\":{\"@id\":\"https:\/\/www.valenciadomus.com\/en\/#website\"},\"primaryImageOfPage\":{\"@id\":\"https:\/\/www.valenciadomus.com\/en\/blog\/property\/modern-refurbished-apartment-rent-city-centre-valencia\/#primaryimage\"},\"image\":{\"@id\":\"https:\/\/www.valenciadomus.com\/en\/blog\/property\/modern-refurbished-apartment-rent-city-centre-valencia\/#primaryimage\"},\"thumbnailUrl\":\"https:\/\/www.valenciadomus.com\/en\/wp-content\/uploads\/2018\/02\/Valencia-Domus-V2751ALB-6.jpg\",\"datePublished\":\"2020-02-02T16:47:38+00:00\",\"dateModified\":\"2024-09-12T08:15:56+00:00\",\"breadcrumb\":{\"@id\":\"https:\/\/www.valenciadomus.com\/en\/blog\/property\/modern-refurbished-apartment-rent-city-centre-valencia\/#breadcrumb\"},\"inLanguage\":\"es\",\"potentialAction\":[{\"@type\":\"ReadAction\",\"target\":[\"https:\/\/www.valenciadomus.com\/en\/blog\/property\/modern-refurbished-apartment-rent-city-centre-valencia\/\"]}]},{\"@type\":\"ImageObject\",\"inLanguage\":\"es\",\"@id\":\"https:\/\/www.valenciadomus.com\/en\/blog\/property\/modern-refurbished-apartment-rent-city-centre-valencia\/#primaryimage\",\"url\":\"https:\/\/www.valenciadomus.com\/en\/wp-content\/uploads\/2018\/02\/Valencia-Domus-V2751ALB-6.jpg\",\"contentUrl\":\"https:\/\/www.valenciadomus.com\/en\/wp-content\/uploads\/2018\/02\/Valencia-Domus-V2751ALB-6.jpg\",\"width\":1000,\"height\":664,\"caption\":\"Piso impecable cerca de la Finca Roja\"},{\"@type\":\"BreadcrumbList\",\"@id\":\"https:\/\/www.valenciadomus.com\/en\/blog\/property\/modern-refurbished-apartment-rent-city-centre-valencia\/#breadcrumb\",\"itemListElement\":[{\"@type\":\"ListItem\",\"position\":1,\"name\":\"Home\",\"item\":\"https:\/\/www.valenciadomus.com\/en\/\"},{\"@type\":\"ListItem\",\"position\":2,\"name\":\"Properties\",\"item\":\"https:\/\/www.valenciadomus.com\/en\/es\/blog\/property\/\"},{\"@type\":\"ListItem\",\"position\":3,\"name\":\"Unfurnished\",\"item\":\"https:\/\/www.valenciadomus.com\/en\/blog\/property-feature\/unfurnished\/\"},{\"@type\":\"ListItem\",\"position\":4,\"name\":\"Modern refurbished apartment for rent in the city centre of Valencia\"}]},{\"@type\":\"WebSite\",\"@id\":\"https:\/\/www.valenciadomus.com\/en\/#website\",\"url\":\"https:\/\/www.valenciadomus.com\/en\/\",\"name\":\"Real Estate, Architecture, Interior Design and Photograhy\",\"description\":\"Real Estate made easy for you. Find your new home: buy, sell, rent or build it with us!\",\"potentialAction\":[{\"@type\":\"SearchAction\",\"target\":{\"@type\":\"EntryPoint\",\"urlTemplate\":\"https:\/\/www.valenciadomus.com\/en\/?s={search_term_string}\"},\"query-input\":{\"@type\":\"PropertyValueSpecification\",\"valueRequired\":true,\"valueName\":\"search_term_string\"}}],\"inLanguage\":\"es\"}]}<\/script>\n<!-- \/ Yoast SEO plugin. -->","yoast_head_json":{"title":"Modern refurbished apartment for rent in the city centre of Valencia | Real Estate, Architecture, Interior Design and Photograhy","robots":{"index":"index","follow":"follow","max-snippet":"max-snippet:-1","max-image-preview":"max-image-preview:large","max-video-preview":"max-video-preview:-1"},"canonical":"https:\/\/www.valenciadomus.com\/en\/blog\/property\/modern-refurbished-apartment-rent-city-centre-valencia\/","og_locale":"es_ES","og_type":"article","og_title":"Modern refurbished apartment for rent in the city centre of Valencia | Real Estate, Architecture, Interior Design and Photograhy","og_description":"[vc_row][vc_column][vc_column_text]This recently renovated apartment looks for tenants! If you want to rent just steps away from the city centre and in a lovely apartment (refurbished in 2018), do not hesitate and call us today to arrange a viewing! The house offers a large open space combining living room, dining room and open bar kitchen, with...","og_url":"https:\/\/www.valenciadomus.com\/en\/blog\/property\/modern-refurbished-apartment-rent-city-centre-valencia\/","og_site_name":"Real Estate, Architecture, Interior Design and Photograhy","article_modified_time":"2024-09-12T08:15:56+00:00","og_image":[{"width":1000,"height":664,"url":"https:\/\/www.valenciadomus.com\/en\/wp-content\/uploads\/2018\/02\/Valencia-Domus-V2751ALB-6.jpg","type":"image\/jpeg"}],"twitter_card":"summary_large_image","twitter_misc":{"Tiempo de lectura":"1 minuto"},"schema":{"@context":"https:\/\/schema.org","@graph":[{"@type":"WebPage","@id":"https:\/\/www.valenciadomus.com\/en\/blog\/property\/modern-refurbished-apartment-rent-city-centre-valencia\/","url":"https:\/\/www.valenciadomus.com\/en\/blog\/property\/modern-refurbished-apartment-rent-city-centre-valencia\/","name":"Modern refurbished apartment for rent in the city centre of Valencia | Real Estate, Architecture, Interior Design and Photograhy","isPartOf":{"@id":"https:\/\/www.valenciadomus.com\/en\/#website"},"primaryImageOfPage":{"@id":"https:\/\/www.valenciadomus.com\/en\/blog\/property\/modern-refurbished-apartment-rent-city-centre-valencia\/#primaryimage"},"image":{"@id":"https:\/\/www.valenciadomus.com\/en\/blog\/property\/modern-refurbished-apartment-rent-city-centre-valencia\/#primaryimage"},"thumbnailUrl":"https:\/\/www.valenciadomus.com\/en\/wp-content\/uploads\/2018\/02\/Valencia-Domus-V2751ALB-6.jpg","datePublished":"2020-02-02T16:47:38+00:00","dateModified":"2024-09-12T08:15:56+00:00","breadcrumb":{"@id":"https:\/\/www.valenciadomus.com\/en\/blog\/property\/modern-refurbished-apartment-rent-city-centre-valencia\/#breadcrumb"},"inLanguage":"es","potentialAction":[{"@type":"ReadAction","target":["https:\/\/www.valenciadomus.com\/en\/blog\/property\/modern-refurbished-apartment-rent-city-centre-valencia\/"]}]},{"@type":"ImageObject","inLanguage":"es","@id":"https:\/\/www.valenciadomus.com\/en\/blog\/property\/modern-refurbished-apartment-rent-city-centre-valencia\/#primaryimage","url":"https:\/\/www.valenciadomus.com\/en\/wp-content\/uploads\/2018\/02\/Valencia-Domus-V2751ALB-6.jpg","contentUrl":"https:\/\/www.valenciadomus.com\/en\/wp-content\/uploads\/2018\/02\/Valencia-Domus-V2751ALB-6.jpg","width":1000,"height":664,"caption":"Piso impecable cerca de la Finca Roja"},{"@type":"BreadcrumbList","@id":"https:\/\/www.valenciadomus.com\/en\/blog\/property\/modern-refurbished-apartment-rent-city-centre-valencia\/#breadcrumb","itemListElement":[{"@type":"ListItem","position":1,"name":"Home","item":"https:\/\/www.valenciadomus.com\/en\/"},{"@type":"ListItem","position":2,"name":"Properties","item":"https:\/\/www.valenciadomus.com\/en\/es\/blog\/property\/"},{"@type":"ListItem","position":3,"name":"Unfurnished","item":"https:\/\/www.valenciadomus.com\/en\/blog\/property-feature\/unfurnished\/"},{"@type":"ListItem","position":4,"name":"Modern refurbished apartment for rent in the city centre of Valencia"}]},{"@type":"WebSite","@id":"https:\/\/www.valenciadomus.com\/en\/#website","url":"https:\/\/www.valenciadomus.com\/en\/","name":"Real Estate, Architecture, Interior Design and Photograhy","description":"Real Estate made easy for you. Find your new home: buy, sell, rent or build it with us!","potentialAction":[{"@type":"SearchAction","target":{"@type":"EntryPoint","urlTemplate":"https:\/\/www.valenciadomus.com\/en\/?s={search_term_string}"},"query-input":{"@type":"PropertyValueSpecification","valueRequired":true,"valueName":"search_term_string"}}],"inLanguage":"es"}]}},"property_meta":{"REAL_HOMES_property_price":"","REAL_HOMES_property_old_price":"","REAL_HOMES_property_price_prefix":"","REAL_HOMES_property_price_postfix":"Per Month","REAL_HOMES_property_size":"82","REAL_HOMES_property_size_postfix":"m\u00b2 ","REAL_HOMES_property_lot_size":"","REAL_HOMES_property_lot_size_postfix":"","REAL_HOMES_property_bedrooms":"1","REAL_HOMES_property_bathrooms":"1","REAL_HOMES_property_garage":"0","REAL_HOMES_property_id":"V2751ALB","REAL_HOMES_property_year_built":"","REAL_HOMES_featured":"0","REAL_HOMES_additional_details_list":[],"REAL_HOMES_property_location":{"latitude":"39.46281595925226","longitude":"-0.38160817921084345","zoom":"16"},"REAL_HOMES_property_address":"","REAL_HOMES_property_map":"0","REAL_HOMES_property_images":[{"width":150,"height":150,"file":"2018\/02\/Valencia-Domus-V2751ALB-5.jpg","sizes":{"thumbnail":{"file":"Valencia-Domus-V2751ALB-5-150x150.jpg","width":150,"height":150,"mime-type":"image\/jpeg","url":"https:\/\/www.valenciadomus.com\/en\/wp-content\/uploads\/2018\/02\/Valencia-Domus-V2751ALB-5-150x150.jpg"},"medium":{"file":"Valencia-Domus-V2751ALB-5-300x199.jpg","width":300,"height":199,"mime-type":"image\/jpeg","url":"https:\/\/www.valenciadomus.com\/en\/wp-content\/uploads\/2018\/02\/Valencia-Domus-V2751ALB-5-300x199.jpg"},"medium_large":{"file":"Valencia-Domus-V2751ALB-5-768x510.jpg","width":768,"height":510,"mime-type":"image\/jpeg","url":"https:\/\/www.valenciadomus.com\/en\/wp-content\/uploads\/2018\/02\/Valencia-Domus-V2751ALB-5-768x510.jpg"},"post-thumbnail":{"file":"Valencia-Domus-V2751ALB-5-150x100.jpg","width":150,"height":100,"mime-type":"image\/jpeg","url":"https:\/\/www.valenciadomus.com\/en\/wp-content\/uploads\/2018\/02\/Valencia-Domus-V2751ALB-5-150x100.jpg"},"property-thumb-image":{"file":"Valencia-Domus-V2751ALB-5-244x163.jpg","width":244,"height":163,"mime-type":"image\/jpeg","url":"https:\/\/www.valenciadomus.com\/en\/wp-content\/uploads\/2018\/02\/Valencia-Domus-V2751ALB-5-244x163.jpg"},"property-detail-video-image":{"file":"Valencia-Domus-V2751ALB-5-818x417.jpg","width":818,"height":417,"mime-type":"image\/jpeg","url":"https:\/\/www.valenciadomus.com\/en\/wp-content\/uploads\/2018\/02\/Valencia-Domus-V2751ALB-5-818x417.jpg"},"agent-image":{"file":"Valencia-Domus-V2751ALB-5-210x210.jpg","width":210,"height":210,"mime-type":"image\/jpeg","url":"https:\/\/www.valenciadomus.com\/en\/wp-content\/uploads\/2018\/02\/Valencia-Domus-V2751ALB-5-210x210.jpg"},"partners-logo":{"file":"Valencia-Domus-V2751ALB-5-200x664.jpg","width":200,"height":664,"mime-type":"image\/jpeg","url":"https:\/\/www.valenciadomus.com\/en\/wp-content\/uploads\/2018\/02\/Valencia-Domus-V2751ALB-5-200x664.jpg"},"post-featured-image":{"file":"Valencia-Domus-V2751ALB-5-830x323.jpg","width":830,"height":323,"mime-type":"image\/jpeg","url":"https:\/\/www.valenciadomus.com\/en\/wp-content\/uploads\/2018\/02\/Valencia-Domus-V2751ALB-5-830x323.jpg"},"gallery-two-column-image":{"file":"Valencia-Domus-V2751ALB-5-536x269.jpg","width":536,"height":269,"mime-type":"image\/jpeg","url":"https:\/\/www.valenciadomus.com\/en\/wp-content\/uploads\/2018\/02\/Valencia-Domus-V2751ALB-5-536x269.jpg"},"property-detail-slider-image":{"file":"Valencia-Domus-V2751ALB-5-770x386.jpg","width":770,"height":386,"mime-type":"image\/jpeg","url":"https:\/\/www.valenciadomus.com\/en\/wp-content\/uploads\/2018\/02\/Valencia-Domus-V2751ALB-5-770x386.jpg"},"property-detail-slider-image-two":{"file":"Valencia-Domus-V2751ALB-5-830x460.jpg","width":830,"height":460,"mime-type":"image\/jpeg","url":"https:\/\/www.valenciadomus.com\/en\/wp-content\/uploads\/2018\/02\/Valencia-Domus-V2751ALB-5-830x460.jpg"},"property-detail-slider-thumb":{"file":"Valencia-Domus-V2751ALB-5-82x60.jpg","width":82,"height":60,"mime-type":"image\/jpeg","url":"https:\/\/www.valenciadomus.com\/en\/wp-content\/uploads\/2018\/02\/Valencia-Domus-V2751ALB-5-82x60.jpg"},"grid-view-image":{"file":"Valencia-Domus-V2751ALB-5-246x162.jpg","width":246,"height":162,"mime-type":"image\/jpeg","url":"https:\/\/www.valenciadomus.com\/en\/wp-content\/uploads\/2018\/02\/Valencia-Domus-V2751ALB-5-246x162.jpg"}},"image_meta":{"aperture":"0","credit":"","camera":"","caption":"","created_timestamp":"1519306064","copyright":"","focal_length":"0","iso":"0","shutter_speed":"0","title":"","orientation":"0","keywords":[]},"ID":"1381","name":"Valencia-Domus-V2751ALB-5.jpg","path":"\/home2\/valenci1\/public_html\/en\/wp-content\/uploads\/2018\/02\/Valencia-Domus-V2751ALB-5.jpg","url":"https:\/\/www.valenciadomus.com\/en\/wp-content\/uploads\/2018\/02\/Valencia-Domus-V2751ALB-5-150x150.jpg","full_url":"https:\/\/www.valenciadomus.com\/en\/wp-content\/uploads\/2018\/02\/Valencia-Domus-V2751ALB-5.jpg","title":"Valencia Domus V2751ALB-5","caption":"","description":"","alt":"","srcset":"https:\/\/www.valenciadomus.com\/en\/wp-content\/uploads\/2018\/02\/Valencia-Domus-V2751ALB-5-150x150.jpg 150w, https:\/\/www.valenciadomus.com\/en\/wp-content\/uploads\/2018\/02\/Valencia-Domus-V2751ALB-5-210x210.jpg 210w"},{"width":150,"height":150,"file":"2022\/06\/ValenciaDomus-ALB-42-salon_edited_edited-scaled.jpg","filesize":256186,"sizes":{"medium":{"file":"ValenciaDomus-ALB-42-salon_edited_edited-300x199.jpg","width":300,"height":199,"mime-type":"image\/jpeg","filesize":7258,"url":"https:\/\/www.valenciadomus.com\/en\/wp-content\/uploads\/2022\/06\/ValenciaDomus-ALB-42-salon_edited_edited-300x199.jpg"},"large":{"file":"ValenciaDomus-ALB-42-salon_edited_edited-1024x680.jpg","width":1024,"height":680,"mime-type":"image\/jpeg","filesize":48591,"url":"https:\/\/www.valenciadomus.com\/en\/wp-content\/uploads\/2022\/06\/ValenciaDomus-ALB-42-salon_edited_edited-1024x680.jpg"},"thumbnail":{"file":"ValenciaDomus-ALB-42-salon_edited_edited-150x150.jpg","width":150,"height":150,"mime-type":"image\/jpeg","filesize":3763,"url":"https:\/\/www.valenciadomus.com\/en\/wp-content\/uploads\/2022\/06\/ValenciaDomus-ALB-42-salon_edited_edited-150x150.jpg"},"medium_large":{"file":"ValenciaDomus-ALB-42-salon_edited_edited-768x510.jpg","width":768,"height":510,"mime-type":"image\/jpeg","filesize":29998,"url":"https:\/\/www.valenciadomus.com\/en\/wp-content\/uploads\/2022\/06\/ValenciaDomus-ALB-42-salon_edited_edited-768x510.jpg"},"1536x1536":{"file":"ValenciaDomus-ALB-42-salon_edited_edited-1536x1020.jpg","width":1536,"height":1020,"mime-type":"image\/jpeg","filesize":100295,"url":"https:\/\/www.valenciadomus.com\/en\/wp-content\/uploads\/2022\/06\/ValenciaDomus-ALB-42-salon_edited_edited-1536x1020.jpg"},"2048x2048":{"file":"ValenciaDomus-ALB-42-salon_edited_edited-2048x1360.jpg","width":2048,"height":1360,"mime-type":"image\/jpeg","filesize":169300,"url":"https:\/\/www.valenciadomus.com\/en\/wp-content\/uploads\/2022\/06\/ValenciaDomus-ALB-42-salon_edited_edited-2048x1360.jpg"},"post-thumbnail":{"file":"ValenciaDomus-ALB-42-salon_edited_edited-150x100.jpg","width":150,"height":100,"mime-type":"image\/jpeg","filesize":2973,"url":"https:\/\/www.valenciadomus.com\/en\/wp-content\/uploads\/2022\/06\/ValenciaDomus-ALB-42-salon_edited_edited-150x100.jpg"},"modern-property-child-slider":{"file":"ValenciaDomus-ALB-42-salon_edited_edited-680x510.jpg","width":680,"height":510,"mime-type":"image\/jpeg","filesize":27591,"url":"https:\/\/www.valenciadomus.com\/en\/wp-content\/uploads\/2022\/06\/ValenciaDomus-ALB-42-salon_edited_edited-680x510.jpg"},"property-thumb-image":{"file":"ValenciaDomus-ALB-42-salon_edited_edited-488x326.jpg","width":488,"height":326,"mime-type":"image\/jpeg","filesize":14954,"url":"https:\/\/www.valenciadomus.com\/en\/wp-content\/uploads\/2022\/06\/ValenciaDomus-ALB-42-salon_edited_edited-488x326.jpg"},"property-detail-video-image":{"file":"ValenciaDomus-ALB-42-salon_edited_edited-818x417.jpg","width":818,"height":417,"mime-type":"image\/jpeg","filesize":26957,"url":"https:\/\/www.valenciadomus.com\/en\/wp-content\/uploads\/2022\/06\/ValenciaDomus-ALB-42-salon_edited_edited-818x417.jpg"},"agent-image":{"file":"ValenciaDomus-ALB-42-salon_edited_edited-210x210.jpg","width":210,"height":210,"mime-type":"image\/jpeg","filesize":5997,"url":"https:\/\/www.valenciadomus.com\/en\/wp-content\/uploads\/2022\/06\/ValenciaDomus-ALB-42-salon_edited_edited-210x210.jpg"},"partners-logo":{"file":"ValenciaDomus-ALB-42-salon_edited_edited-600x2848.jpg","width":600,"height":2848,"mime-type":"image\/jpeg","filesize":107970,"url":"https:\/\/www.valenciadomus.com\/en\/wp-content\/uploads\/2022\/06\/ValenciaDomus-ALB-42-salon_edited_edited-600x2848.jpg"},"post-featured-image":{"file":"ValenciaDomus-ALB-42-salon_edited_edited-1240x720.jpg","width":1240,"height":720,"mime-type":"image\/jpeg","filesize":59341,"url":"https:\/\/www.valenciadomus.com\/en\/wp-content\/uploads\/2022\/06\/ValenciaDomus-ALB-42-salon_edited_edited-1240x720.jpg"}},"image_meta":{"aperture":"5","credit":"","camera":"NIKON D90","caption":"","created_timestamp":"1654700413","copyright":"","focal_length":"10","iso":"400","shutter_speed":"0.01","title":"","orientation":"0","keywords":[]},"original_image":"ValenciaDomus-ALB-42-salon_edited_edited.jpg","ID":"1925","name":"ValenciaDomus-ALB-42-salon_edited_edited-scaled.jpg","path":"\/home2\/valenci1\/public_html\/en\/wp-content\/uploads\/2022\/06\/ValenciaDomus-ALB-42-salon_edited_edited-scaled.jpg","url":"https:\/\/www.valenciadomus.com\/en\/wp-content\/uploads\/2022\/06\/ValenciaDomus-ALB-42-salon_edited_edited-150x150.jpg","full_url":"https:\/\/www.valenciadomus.com\/en\/wp-content\/uploads\/2022\/06\/ValenciaDomus-ALB-42-salon_edited_edited-scaled.jpg","title":"ValenciaDomus-ALB (42)-salon_edited_edited","caption":"","description":"","alt":"Vivienda reformada con open plan","srcset":"https:\/\/www.valenciadomus.com\/en\/wp-content\/uploads\/2022\/06\/ValenciaDomus-ALB-42-salon_edited_edited-150x150.jpg 150w, https:\/\/www.valenciadomus.com\/en\/wp-content\/uploads\/2022\/06\/ValenciaDomus-ALB-42-salon_edited_edited-210x210.jpg 210w"},{"width":150,"height":150,"file":"2022\/06\/ValenciaDomus-ALB-24-salon_edited-scaled.jpg","filesize":306863,"sizes":{"medium":{"file":"ValenciaDomus-ALB-24-salon_edited-300x199.jpg","width":300,"height":199,"mime-type":"image\/jpeg","filesize":9414,"url":"https:\/\/www.valenciadomus.com\/en\/wp-content\/uploads\/2022\/06\/ValenciaDomus-ALB-24-salon_edited-300x199.jpg"},"large":{"file":"ValenciaDomus-ALB-24-salon_edited-1024x680.jpg","width":1024,"height":680,"mime-type":"image\/jpeg","filesize":63864,"url":"https:\/\/www.valenciadomus.com\/en\/wp-content\/uploads\/2022\/06\/ValenciaDomus-ALB-24-salon_edited-1024x680.jpg"},"thumbnail":{"file":"ValenciaDomus-ALB-24-salon_edited-150x150.jpg","width":150,"height":150,"mime-type":"image\/jpeg","filesize":4157,"url":"https:\/\/www.valenciadomus.com\/en\/wp-content\/uploads\/2022\/06\/ValenciaDomus-ALB-24-salon_edited-150x150.jpg"},"medium_large":{"file":"ValenciaDomus-ALB-24-salon_edited-768x510.jpg","width":768,"height":510,"mime-type":"image\/jpeg","filesize":39745,"url":"https:\/\/www.valenciadomus.com\/en\/wp-content\/uploads\/2022\/06\/ValenciaDomus-ALB-24-salon_edited-768x510.jpg"},"1536x1536":{"file":"ValenciaDomus-ALB-24-salon_edited-1536x1020.jpg","width":1536,"height":1020,"mime-type":"image\/jpeg","filesize":126824,"url":"https:\/\/www.valenciadomus.com\/en\/wp-content\/uploads\/2022\/06\/ValenciaDomus-ALB-24-salon_edited-1536x1020.jpg"},"2048x2048":{"file":"ValenciaDomus-ALB-24-salon_edited-2048x1360.jpg","width":2048,"height":1360,"mime-type":"image\/jpeg","filesize":208632,"url":"https:\/\/www.valenciadomus.com\/en\/wp-content\/uploads\/2022\/06\/ValenciaDomus-ALB-24-salon_edited-2048x1360.jpg"},"post-thumbnail":{"file":"ValenciaDomus-ALB-24-salon_edited-150x100.jpg","width":150,"height":100,"mime-type":"image\/jpeg","filesize":3734,"url":"https:\/\/www.valenciadomus.com\/en\/wp-content\/uploads\/2022\/06\/ValenciaDomus-ALB-24-salon_edited-150x100.jpg"},"modern-property-child-slider":{"file":"ValenciaDomus-ALB-24-salon_edited-680x510.jpg","width":680,"height":510,"mime-type":"image\/jpeg","filesize":34824,"url":"https:\/\/www.valenciadomus.com\/en\/wp-content\/uploads\/2022\/06\/ValenciaDomus-ALB-24-salon_edited-680x510.jpg"},"property-thumb-image":{"file":"ValenciaDomus-ALB-24-salon_edited-488x326.jpg","width":488,"height":326,"mime-type":"image\/jpeg","filesize":19686,"url":"https:\/\/www.valenciadomus.com\/en\/wp-content\/uploads\/2022\/06\/ValenciaDomus-ALB-24-salon_edited-488x326.jpg"},"property-detail-video-image":{"file":"ValenciaDomus-ALB-24-salon_edited-818x417.jpg","width":818,"height":417,"mime-type":"image\/jpeg","filesize":35201,"url":"https:\/\/www.valenciadomus.com\/en\/wp-content\/uploads\/2022\/06\/ValenciaDomus-ALB-24-salon_edited-818x417.jpg"},"agent-image":{"file":"ValenciaDomus-ALB-24-salon_edited-210x210.jpg","width":210,"height":210,"mime-type":"image\/jpeg","filesize":6727,"url":"https:\/\/www.valenciadomus.com\/en\/wp-content\/uploads\/2022\/06\/ValenciaDomus-ALB-24-salon_edited-210x210.jpg"},"partners-logo":{"file":"ValenciaDomus-ALB-24-salon_edited-600x2848.jpg","width":600,"height":2848,"mime-type":"image\/jpeg","filesize":76685,"url":"https:\/\/www.valenciadomus.com\/en\/wp-content\/uploads\/2022\/06\/ValenciaDomus-ALB-24-salon_edited-600x2848.jpg"},"post-featured-image":{"file":"ValenciaDomus-ALB-24-salon_edited-1240x720.jpg","width":1240,"height":720,"mime-type":"image\/jpeg","filesize":76747,"url":"https:\/\/www.valenciadomus.com\/en\/wp-content\/uploads\/2022\/06\/ValenciaDomus-ALB-24-salon_edited-1240x720.jpg"}},"image_meta":{"aperture":"5","credit":"","camera":"NIKON D90","caption":"","created_timestamp":"1654700210","copyright":"","focal_length":"10","iso":"400","shutter_speed":"0.01","title":"","orientation":"0","keywords":[]},"original_image":"ValenciaDomus-ALB-24-salon_edited.jpg","ID":"1924","name":"ValenciaDomus-ALB-24-salon_edited-scaled.jpg","path":"\/home2\/valenci1\/public_html\/en\/wp-content\/uploads\/2022\/06\/ValenciaDomus-ALB-24-salon_edited-scaled.jpg","url":"https:\/\/www.valenciadomus.com\/en\/wp-content\/uploads\/2022\/06\/ValenciaDomus-ALB-24-salon_edited-150x150.jpg","full_url":"https:\/\/www.valenciadomus.com\/en\/wp-content\/uploads\/2022\/06\/ValenciaDomus-ALB-24-salon_edited-scaled.jpg","title":"ValenciaDomus-ALB (24)-salon_edited","caption":"","description":"","alt":"Sal\u00f3n comedor open plan","srcset":"https:\/\/www.valenciadomus.com\/en\/wp-content\/uploads\/2022\/06\/ValenciaDomus-ALB-24-salon_edited-150x150.jpg 150w, https:\/\/www.valenciadomus.com\/en\/wp-content\/uploads\/2022\/06\/ValenciaDomus-ALB-24-salon_edited-210x210.jpg 210w"},{"width":150,"height":150,"file":"2022\/06\/ValenciaDomus-ALB-12-Bano_edited-scaled.jpg","filesize":284888,"sizes":{"medium":{"file":"ValenciaDomus-ALB-12-Bano_edited-300x199.jpg","width":300,"height":199,"mime-type":"image\/jpeg","filesize":7798,"url":"https:\/\/www.valenciadomus.com\/en\/wp-content\/uploads\/2022\/06\/ValenciaDomus-ALB-12-Bano_edited-300x199.jpg"},"large":{"file":"ValenciaDomus-ALB-12-Bano_edited-1024x680.jpg","width":1024,"height":680,"mime-type":"image\/jpeg","filesize":52689,"url":"https:\/\/www.valenciadomus.com\/en\/wp-content\/uploads\/2022\/06\/ValenciaDomus-ALB-12-Bano_edited-1024x680.jpg"},"thumbnail":{"file":"ValenciaDomus-ALB-12-Bano_edited-150x150.jpg","width":150,"height":150,"mime-type":"image\/jpeg","filesize":3491,"url":"https:\/\/www.valenciadomus.com\/en\/wp-content\/uploads\/2022\/06\/ValenciaDomus-ALB-12-Bano_edited-150x150.jpg"},"medium_large":{"file":"ValenciaDomus-ALB-12-Bano_edited-768x510.jpg","width":768,"height":510,"mime-type":"image\/jpeg","filesize":32677,"url":"https:\/\/www.valenciadomus.com\/en\/wp-content\/uploads\/2022\/06\/ValenciaDomus-ALB-12-Bano_edited-768x510.jpg"},"1536x1536":{"file":"ValenciaDomus-ALB-12-Bano_edited-1536x1020.jpg","width":1536,"height":1020,"mime-type":"image\/jpeg","filesize":108844,"url":"https:\/\/www.valenciadomus.com\/en\/wp-content\/uploads\/2022\/06\/ValenciaDomus-ALB-12-Bano_edited-1536x1020.jpg"},"2048x2048":{"file":"ValenciaDomus-ALB-12-Bano_edited-2048x1360.jpg","width":2048,"height":1360,"mime-type":"image\/jpeg","filesize":186977,"url":"https:\/\/www.valenciadomus.com\/en\/wp-content\/uploads\/2022\/06\/ValenciaDomus-ALB-12-Bano_edited-2048x1360.jpg"},"post-thumbnail":{"file":"ValenciaDomus-ALB-12-Bano_edited-150x100.jpg","width":150,"height":100,"mime-type":"image\/jpeg","filesize":3229,"url":"https:\/\/www.valenciadomus.com\/en\/wp-content\/uploads\/2022\/06\/ValenciaDomus-ALB-12-Bano_edited-150x100.jpg"},"modern-property-child-slider":{"file":"ValenciaDomus-ALB-12-Bano_edited-680x510.jpg","width":680,"height":510,"mime-type":"image\/jpeg","filesize":28080,"url":"https:\/\/www.valenciadomus.com\/en\/wp-content\/uploads\/2022\/06\/ValenciaDomus-ALB-12-Bano_edited-680x510.jpg"},"property-thumb-image":{"file":"ValenciaDomus-ALB-12-Bano_edited-488x326.jpg","width":488,"height":326,"mime-type":"image\/jpeg","filesize":16293,"url":"https:\/\/www.valenciadomus.com\/en\/wp-content\/uploads\/2022\/06\/ValenciaDomus-ALB-12-Bano_edited-488x326.jpg"},"property-detail-video-image":{"file":"ValenciaDomus-ALB-12-Bano_edited-818x417.jpg","width":818,"height":417,"mime-type":"image\/jpeg","filesize":29616,"url":"https:\/\/www.valenciadomus.com\/en\/wp-content\/uploads\/2022\/06\/ValenciaDomus-ALB-12-Bano_edited-818x417.jpg"},"agent-image":{"file":"ValenciaDomus-ALB-12-Bano_edited-210x210.jpg","width":210,"height":210,"mime-type":"image\/jpeg","filesize":5475,"url":"https:\/\/www.valenciadomus.com\/en\/wp-content\/uploads\/2022\/06\/ValenciaDomus-ALB-12-Bano_edited-210x210.jpg"},"partners-logo":{"file":"ValenciaDomus-ALB-12-Bano_edited-600x2811.jpg","width":600,"height":2811,"mime-type":"image\/jpeg","filesize":55160,"url":"https:\/\/www.valenciadomus.com\/en\/wp-content\/uploads\/2022\/06\/ValenciaDomus-ALB-12-Bano_edited-600x2811.jpg"},"post-featured-image":{"file":"ValenciaDomus-ALB-12-Bano_edited-1240x720.jpg","width":1240,"height":720,"mime-type":"image\/jpeg","filesize":64731,"url":"https:\/\/www.valenciadomus.com\/en\/wp-content\/uploads\/2022\/06\/ValenciaDomus-ALB-12-Bano_edited-1240x720.jpg"}},"image_meta":{"aperture":"4","credit":"","camera":"NIKON D90","caption":"","created_timestamp":"1654699959","copyright":"","focal_length":"10","iso":"640","shutter_speed":"0.016666666666667","title":"","orientation":"0","keywords":[]},"original_image":"ValenciaDomus-ALB-12-Bano_edited.jpg","ID":"1923","name":"ValenciaDomus-ALB-12-Bano_edited-scaled.jpg","path":"\/home2\/valenci1\/public_html\/en\/wp-content\/uploads\/2022\/06\/ValenciaDomus-ALB-12-Bano_edited-scaled.jpg","url":"https:\/\/www.valenciadomus.com\/en\/wp-content\/uploads\/2022\/06\/ValenciaDomus-ALB-12-Bano_edited-150x150.jpg","full_url":"https:\/\/www.valenciadomus.com\/en\/wp-content\/uploads\/2022\/06\/ValenciaDomus-ALB-12-Bano_edited-scaled.jpg","title":"ValenciaDomus-ALB (12)-Ba\u00f1o_edited","caption":"","description":"","alt":"Ba\u00f1o con ba\u00f1era","srcset":"https:\/\/www.valenciadomus.com\/en\/wp-content\/uploads\/2022\/06\/ValenciaDomus-ALB-12-Bano_edited-150x150.jpg 150w, https:\/\/www.valenciadomus.com\/en\/wp-content\/uploads\/2022\/06\/ValenciaDomus-ALB-12-Bano_edited-210x210.jpg 210w"},{"width":150,"height":150,"file":"2022\/06\/ValenciaDomus-ALB-5-Dormitorio_edited-scaled.jpg","filesize":320979,"sizes":{"medium":{"file":"ValenciaDomus-ALB-5-Dormitorio_edited-300x199.jpg","width":300,"height":199,"mime-type":"image\/jpeg","filesize":6238,"url":"https:\/\/www.valenciadomus.com\/en\/wp-content\/uploads\/2022\/06\/ValenciaDomus-ALB-5-Dormitorio_edited-300x199.jpg"},"large":{"file":"ValenciaDomus-ALB-5-Dormitorio_edited-1024x680.jpg","width":1024,"height":680,"mime-type":"image\/jpeg","filesize":46463,"url":"https:\/\/www.valenciadomus.com\/en\/wp-content\/uploads\/2022\/06\/ValenciaDomus-ALB-5-Dormitorio_edited-1024x680.jpg"},"thumbnail":{"file":"ValenciaDomus-ALB-5-Dormitorio_edited-150x150.jpg","width":150,"height":150,"mime-type":"image\/jpeg","filesize":3378,"url":"https:\/\/www.valenciadomus.com\/en\/wp-content\/uploads\/2022\/06\/ValenciaDomus-ALB-5-Dormitorio_edited-150x150.jpg"},"medium_large":{"file":"ValenciaDomus-ALB-5-Dormitorio_edited-768x510.jpg","width":768,"height":510,"mime-type":"image\/jpeg","filesize":27078,"url":"https:\/\/www.valenciadomus.com\/en\/wp-content\/uploads\/2022\/06\/ValenciaDomus-ALB-5-Dormitorio_edited-768x510.jpg"},"1536x1536":{"file":"ValenciaDomus-ALB-5-Dormitorio_edited-1536x1019.jpg","width":1536,"height":1019,"mime-type":"image\/jpeg","filesize":109007,"url":"https:\/\/www.valenciadomus.com\/en\/wp-content\/uploads\/2022\/06\/ValenciaDomus-ALB-5-Dormitorio_edited-1536x1019.jpg"},"2048x2048":{"file":"ValenciaDomus-ALB-5-Dormitorio_edited-2048x1359.jpg","width":2048,"height":1359,"mime-type":"image\/jpeg","filesize":201999,"url":"https:\/\/www.valenciadomus.com\/en\/wp-content\/uploads\/2022\/06\/ValenciaDomus-ALB-5-Dormitorio_edited-2048x1359.jpg"},"post-thumbnail":{"file":"ValenciaDomus-ALB-5-Dormitorio_edited-150x100.jpg","width":150,"height":100,"mime-type":"image\/jpeg","filesize":2718,"url":"https:\/\/www.valenciadomus.com\/en\/wp-content\/uploads\/2022\/06\/ValenciaDomus-ALB-5-Dormitorio_edited-150x100.jpg"},"modern-property-child-slider":{"file":"ValenciaDomus-ALB-5-Dormitorio_edited-680x510.jpg","width":680,"height":510,"mime-type":"image\/jpeg","filesize":25346,"url":"https:\/\/www.valenciadomus.com\/en\/wp-content\/uploads\/2022\/06\/ValenciaDomus-ALB-5-Dormitorio_edited-680x510.jpg"},"property-thumb-image":{"file":"ValenciaDomus-ALB-5-Dormitorio_edited-488x326.jpg","width":488,"height":326,"mime-type":"image\/jpeg","filesize":13018,"url":"https:\/\/www.valenciadomus.com\/en\/wp-content\/uploads\/2022\/06\/ValenciaDomus-ALB-5-Dormitorio_edited-488x326.jpg"},"property-detail-video-image":{"file":"ValenciaDomus-ALB-5-Dormitorio_edited-818x417.jpg","width":818,"height":417,"mime-type":"image\/jpeg","filesize":22198,"url":"https:\/\/www.valenciadomus.com\/en\/wp-content\/uploads\/2022\/06\/ValenciaDomus-ALB-5-Dormitorio_edited-818x417.jpg"},"agent-image":{"file":"ValenciaDomus-ALB-5-Dormitorio_edited-210x210.jpg","width":210,"height":210,"mime-type":"image\/jpeg","filesize":5282,"url":"https:\/\/www.valenciadomus.com\/en\/wp-content\/uploads\/2022\/06\/ValenciaDomus-ALB-5-Dormitorio_edited-210x210.jpg"},"partners-logo":{"file":"ValenciaDomus-ALB-5-Dormitorio_edited-600x2775.jpg","width":600,"height":2775,"mime-type":"image\/jpeg","filesize":111191,"url":"https:\/\/www.valenciadomus.com\/en\/wp-content\/uploads\/2022\/06\/ValenciaDomus-ALB-5-Dormitorio_edited-600x2775.jpg"},"post-featured-image":{"file":"ValenciaDomus-ALB-5-Dormitorio_edited-1240x720.jpg","width":1240,"height":720,"mime-type":"image\/jpeg","filesize":57798,"url":"https:\/\/www.valenciadomus.com\/en\/wp-content\/uploads\/2022\/06\/ValenciaDomus-ALB-5-Dormitorio_edited-1240x720.jpg"}},"image_meta":{"aperture":"4","credit":"","camera":"NIKON D90","caption":"","created_timestamp":"1654699767","copyright":"","focal_length":"10","iso":"640","shutter_speed":"0.016666666666667","title":"","orientation":"0","keywords":[]},"original_image":"ValenciaDomus-ALB-5-Dormitorio_edited.jpg","ID":"1922","name":"ValenciaDomus-ALB-5-Dormitorio_edited-scaled.jpg","path":"\/home2\/valenci1\/public_html\/en\/wp-content\/uploads\/2022\/06\/ValenciaDomus-ALB-5-Dormitorio_edited-scaled.jpg","url":"https:\/\/www.valenciadomus.com\/en\/wp-content\/uploads\/2022\/06\/ValenciaDomus-ALB-5-Dormitorio_edited-150x150.jpg","full_url":"https:\/\/www.valenciadomus.com\/en\/wp-content\/uploads\/2022\/06\/ValenciaDomus-ALB-5-Dormitorio_edited-scaled.jpg","title":"ValenciaDomus-ALB (5)-Dormitorio_edited","caption":"","description":"","alt":"Dormitorio con espacio para estudio","srcset":"https:\/\/www.valenciadomus.com\/en\/wp-content\/uploads\/2022\/06\/ValenciaDomus-ALB-5-Dormitorio_edited-150x150.jpg 150w, https:\/\/www.valenciadomus.com\/en\/wp-content\/uploads\/2022\/06\/ValenciaDomus-ALB-5-Dormitorio_edited-210x210.jpg 210w"},{"width":150,"height":150,"file":"2022\/06\/ValenciaDomus-ALB-2-Dormitorio_edited-scaled.jpg","filesize":372064,"sizes":{"medium":{"file":"ValenciaDomus-ALB-2-Dormitorio_edited-300x199.jpg","width":300,"height":199,"mime-type":"image\/jpeg","filesize":6568,"url":"https:\/\/www.valenciadomus.com\/en\/wp-content\/uploads\/2022\/06\/ValenciaDomus-ALB-2-Dormitorio_edited-300x199.jpg"},"large":{"file":"ValenciaDomus-ALB-2-Dormitorio_edited-1024x680.jpg","width":1024,"height":680,"mime-type":"image\/jpeg","filesize":50796,"url":"https:\/\/www.valenciadomus.com\/en\/wp-content\/uploads\/2022\/06\/ValenciaDomus-ALB-2-Dormitorio_edited-1024x680.jpg"},"thumbnail":{"file":"ValenciaDomus-ALB-2-Dormitorio_edited-150x150.jpg","width":150,"height":150,"mime-type":"image\/jpeg","filesize":3356,"url":"https:\/\/www.valenciadomus.com\/en\/wp-content\/uploads\/2022\/06\/ValenciaDomus-ALB-2-Dormitorio_edited-150x150.jpg"},"medium_large":{"file":"ValenciaDomus-ALB-2-Dormitorio_edited-768x510.jpg","width":768,"height":510,"mime-type":"image\/jpeg","filesize":29323,"url":"https:\/\/www.valenciadomus.com\/en\/wp-content\/uploads\/2022\/06\/ValenciaDomus-ALB-2-Dormitorio_edited-768x510.jpg"},"1536x1536":{"file":"ValenciaDomus-ALB-2-Dormitorio_edited-1536x1020.jpg","width":1536,"height":1020,"mime-type":"image\/jpeg","filesize":121038,"url":"https:\/\/www.valenciadomus.com\/en\/wp-content\/uploads\/2022\/06\/ValenciaDomus-ALB-2-Dormitorio_edited-1536x1020.jpg"},"2048x2048":{"file":"ValenciaDomus-ALB-2-Dormitorio_edited-2048x1360.jpg","width":2048,"height":1360,"mime-type":"image\/jpeg","filesize":229275,"url":"https:\/\/www.valenciadomus.com\/en\/wp-content\/uploads\/2022\/06\/ValenciaDomus-ALB-2-Dormitorio_edited-2048x1360.jpg"},"post-thumbnail":{"file":"ValenciaDomus-ALB-2-Dormitorio_edited-150x100.jpg","width":150,"height":100,"mime-type":"image\/jpeg","filesize":2793,"url":"https:\/\/www.valenciadomus.com\/en\/wp-content\/uploads\/2022\/06\/ValenciaDomus-ALB-2-Dormitorio_edited-150x100.jpg"},"modern-property-child-slider":{"file":"ValenciaDomus-ALB-2-Dormitorio_edited-680x510.jpg","width":680,"height":510,"mime-type":"image\/jpeg","filesize":26837,"url":"https:\/\/www.valenciadomus.com\/en\/wp-content\/uploads\/2022\/06\/ValenciaDomus-ALB-2-Dormitorio_edited-680x510.jpg"},"property-thumb-image":{"file":"ValenciaDomus-ALB-2-Dormitorio_edited-488x326.jpg","width":488,"height":326,"mime-type":"image\/jpeg","filesize":13688,"url":"https:\/\/www.valenciadomus.com\/en\/wp-content\/uploads\/2022\/06\/ValenciaDomus-ALB-2-Dormitorio_edited-488x326.jpg"},"property-detail-video-image":{"file":"ValenciaDomus-ALB-2-Dormitorio_edited-818x417.jpg","width":818,"height":417,"mime-type":"image\/jpeg","filesize":24197,"url":"https:\/\/www.valenciadomus.com\/en\/wp-content\/uploads\/2022\/06\/ValenciaDomus-ALB-2-Dormitorio_edited-818x417.jpg"},"agent-image":{"file":"ValenciaDomus-ALB-2-Dormitorio_edited-210x210.jpg","width":210,"height":210,"mime-type":"image\/jpeg","filesize":5334,"url":"https:\/\/www.valenciadomus.com\/en\/wp-content\/uploads\/2022\/06\/ValenciaDomus-ALB-2-Dormitorio_edited-210x210.jpg"},"partners-logo":{"file":"ValenciaDomus-ALB-2-Dormitorio_edited-600x2848.jpg","width":600,"height":2848,"mime-type":"image\/jpeg","filesize":131202,"url":"https:\/\/www.valenciadomus.com\/en\/wp-content\/uploads\/2022\/06\/ValenciaDomus-ALB-2-Dormitorio_edited-600x2848.jpg"},"post-featured-image":{"file":"ValenciaDomus-ALB-2-Dormitorio_edited-1240x720.jpg","width":1240,"height":720,"mime-type":"image\/jpeg","filesize":63901,"url":"https:\/\/www.valenciadomus.com\/en\/wp-content\/uploads\/2022\/06\/ValenciaDomus-ALB-2-Dormitorio_edited-1240x720.jpg"}},"image_meta":{"aperture":"4","credit":"","camera":"NIKON D90","caption":"","created_timestamp":"1654699737","copyright":"","focal_length":"10","iso":"560","shutter_speed":"0.016666666666667","title":"","orientation":"0","keywords":[]},"original_image":"ValenciaDomus-ALB-2-Dormitorio_edited.jpg","ID":"1921","name":"ValenciaDomus-ALB-2-Dormitorio_edited-scaled.jpg","path":"\/home2\/valenci1\/public_html\/en\/wp-content\/uploads\/2022\/06\/ValenciaDomus-ALB-2-Dormitorio_edited-scaled.jpg","url":"https:\/\/www.valenciadomus.com\/en\/wp-content\/uploads\/2022\/06\/ValenciaDomus-ALB-2-Dormitorio_edited-150x150.jpg","full_url":"https:\/\/www.valenciadomus.com\/en\/wp-content\/uploads\/2022\/06\/ValenciaDomus-ALB-2-Dormitorio_edited-scaled.jpg","title":"ValenciaDomus-ALB (2)-Dormitorio_edited","caption":"","description":"","alt":"Dormitorio principal","srcset":"https:\/\/www.valenciadomus.com\/en\/wp-content\/uploads\/2022\/06\/ValenciaDomus-ALB-2-Dormitorio_edited-150x150.jpg 150w, https:\/\/www.valenciadomus.com\/en\/wp-content\/uploads\/2022\/06\/ValenciaDomus-ALB-2-Dormitorio_edited-210x210.jpg 210w"},{"width":150,"height":150,"file":"2022\/06\/ValenciaDomus-ALB-1-Dormitorio_edited-1-scaled.jpg","filesize":354252,"sizes":{"medium":{"file":"ValenciaDomus-ALB-1-Dormitorio_edited-1-300x199.jpg","width":300,"height":199,"mime-type":"image\/jpeg","filesize":6973,"url":"https:\/\/www.valenciadomus.com\/en\/wp-content\/uploads\/2022\/06\/ValenciaDomus-ALB-1-Dormitorio_edited-1-300x199.jpg"},"large":{"file":"ValenciaDomus-ALB-1-Dormitorio_edited-1-1024x680.jpg","width":1024,"height":680,"mime-type":"image\/jpeg","filesize":52828,"url":"https:\/\/www.valenciadomus.com\/en\/wp-content\/uploads\/2022\/06\/ValenciaDomus-ALB-1-Dormitorio_edited-1-1024x680.jpg"},"thumbnail":{"file":"ValenciaDomus-ALB-1-Dormitorio_edited-1-150x150.jpg","width":150,"height":150,"mime-type":"image\/jpeg","filesize":3499,"url":"https:\/\/www.valenciadomus.com\/en\/wp-content\/uploads\/2022\/06\/ValenciaDomus-ALB-1-Dormitorio_edited-1-150x150.jpg"},"medium_large":{"file":"ValenciaDomus-ALB-1-Dormitorio_edited-1-768x510.jpg","width":768,"height":510,"mime-type":"image\/jpeg","filesize":30790,"url":"https:\/\/www.valenciadomus.com\/en\/wp-content\/uploads\/2022\/06\/ValenciaDomus-ALB-1-Dormitorio_edited-1-768x510.jpg"},"1536x1536":{"file":"ValenciaDomus-ALB-1-Dormitorio_edited-1-1536x1020.jpg","width":1536,"height":1020,"mime-type":"image\/jpeg","filesize":120770,"url":"https:\/\/www.valenciadomus.com\/en\/wp-content\/uploads\/2022\/06\/ValenciaDomus-ALB-1-Dormitorio_edited-1-1536x1020.jpg"},"2048x2048":{"file":"ValenciaDomus-ALB-1-Dormitorio_edited-1-2048x1360.jpg","width":2048,"height":1360,"mime-type":"image\/jpeg","filesize":221985,"url":"https:\/\/www.valenciadomus.com\/en\/wp-content\/uploads\/2022\/06\/ValenciaDomus-ALB-1-Dormitorio_edited-1-2048x1360.jpg"},"post-thumbnail":{"file":"ValenciaDomus-ALB-1-Dormitorio_edited-1-150x100.jpg","width":150,"height":100,"mime-type":"image\/jpeg","filesize":2970,"url":"https:\/\/www.valenciadomus.com\/en\/wp-content\/uploads\/2022\/06\/ValenciaDomus-ALB-1-Dormitorio_edited-1-150x100.jpg"},"modern-property-child-slider":{"file":"ValenciaDomus-ALB-1-Dormitorio_edited-1-680x510.jpg","width":680,"height":510,"mime-type":"image\/jpeg","filesize":28009,"url":"https:\/\/www.valenciadomus.com\/en\/wp-content\/uploads\/2022\/06\/ValenciaDomus-ALB-1-Dormitorio_edited-1-680x510.jpg"},"property-thumb-image":{"file":"ValenciaDomus-ALB-1-Dormitorio_edited-1-488x326.jpg","width":488,"height":326,"mime-type":"image\/jpeg","filesize":14505,"url":"https:\/\/www.valenciadomus.com\/en\/wp-content\/uploads\/2022\/06\/ValenciaDomus-ALB-1-Dormitorio_edited-1-488x326.jpg"},"property-detail-video-image":{"file":"ValenciaDomus-ALB-1-Dormitorio_edited-1-818x417.jpg","width":818,"height":417,"mime-type":"image\/jpeg","filesize":26285,"url":"https:\/\/www.valenciadomus.com\/en\/wp-content\/uploads\/2022\/06\/ValenciaDomus-ALB-1-Dormitorio_edited-1-818x417.jpg"},"agent-image":{"file":"ValenciaDomus-ALB-1-Dormitorio_edited-1-210x210.jpg","width":210,"height":210,"mime-type":"image\/jpeg","filesize":5569,"url":"https:\/\/www.valenciadomus.com\/en\/wp-content\/uploads\/2022\/06\/ValenciaDomus-ALB-1-Dormitorio_edited-1-210x210.jpg"},"partners-logo":{"file":"ValenciaDomus-ALB-1-Dormitorio_edited-1-600x2848.jpg","width":600,"height":2848,"mime-type":"image\/jpeg","filesize":117042,"url":"https:\/\/www.valenciadomus.com\/en\/wp-content\/uploads\/2022\/06\/ValenciaDomus-ALB-1-Dormitorio_edited-1-600x2848.jpg"},"post-featured-image":{"file":"ValenciaDomus-ALB-1-Dormitorio_edited-1-1240x720.jpg","width":1240,"height":720,"mime-type":"image\/jpeg","filesize":65826,"url":"https:\/\/www.valenciadomus.com\/en\/wp-content\/uploads\/2022\/06\/ValenciaDomus-ALB-1-Dormitorio_edited-1-1240x720.jpg"}},"image_meta":{"aperture":"4","credit":"","camera":"NIKON D90","caption":"","created_timestamp":"1654699722","copyright":"","focal_length":"10","iso":"640","shutter_speed":"0.016666666666667","title":"","orientation":"0","keywords":[]},"original_image":"ValenciaDomus-ALB-1-Dormitorio_edited-1.jpg","ID":"1920","name":"ValenciaDomus-ALB-1-Dormitorio_edited-1-scaled.jpg","path":"\/home2\/valenci1\/public_html\/en\/wp-content\/uploads\/2022\/06\/ValenciaDomus-ALB-1-Dormitorio_edited-1-scaled.jpg","url":"https:\/\/www.valenciadomus.com\/en\/wp-content\/uploads\/2022\/06\/ValenciaDomus-ALB-1-Dormitorio_edited-1-150x150.jpg","full_url":"https:\/\/www.valenciadomus.com\/en\/wp-content\/uploads\/2022\/06\/ValenciaDomus-ALB-1-Dormitorio_edited-1-scaled.jpg","title":"ValenciaDomus-ALB (1)-Dormitorio_edited","caption":"","description":"","alt":"Dormitorio amplio","srcset":"https:\/\/www.valenciadomus.com\/en\/wp-content\/uploads\/2022\/06\/ValenciaDomus-ALB-1-Dormitorio_edited-1-150x150.jpg 150w, https:\/\/www.valenciadomus.com\/en\/wp-content\/uploads\/2022\/06\/ValenciaDomus-ALB-1-Dormitorio_edited-1-210x210.jpg 210w"},{"width":150,"height":150,"file":"2022\/06\/ValenciaDomus-ALB-1-Dormitorio_edited-scaled.jpg","filesize":354252,"sizes":{"medium":{"file":"ValenciaDomus-ALB-1-Dormitorio_edited-300x199.jpg","width":300,"height":199,"mime-type":"image\/jpeg","filesize":6973,"url":"https:\/\/www.valenciadomus.com\/en\/wp-content\/uploads\/2022\/06\/ValenciaDomus-ALB-1-Dormitorio_edited-300x199.jpg"},"large":{"file":"ValenciaDomus-ALB-1-Dormitorio_edited-1024x680.jpg","width":1024,"height":680,"mime-type":"image\/jpeg","filesize":52828,"url":"https:\/\/www.valenciadomus.com\/en\/wp-content\/uploads\/2022\/06\/ValenciaDomus-ALB-1-Dormitorio_edited-1024x680.jpg"},"thumbnail":{"file":"ValenciaDomus-ALB-1-Dormitorio_edited-150x150.jpg","width":150,"height":150,"mime-type":"image\/jpeg","filesize":3499,"url":"https:\/\/www.valenciadomus.com\/en\/wp-content\/uploads\/2022\/06\/ValenciaDomus-ALB-1-Dormitorio_edited-150x150.jpg"},"medium_large":{"file":"ValenciaDomus-ALB-1-Dormitorio_edited-768x510.jpg","width":768,"height":510,"mime-type":"image\/jpeg","filesize":30790,"url":"https:\/\/www.valenciadomus.com\/en\/wp-content\/uploads\/2022\/06\/ValenciaDomus-ALB-1-Dormitorio_edited-768x510.jpg"},"1536x1536":{"file":"ValenciaDomus-ALB-1-Dormitorio_edited-1536x1020.jpg","width":1536,"height":1020,"mime-type":"image\/jpeg","filesize":120770,"url":"https:\/\/www.valenciadomus.com\/en\/wp-content\/uploads\/2022\/06\/ValenciaDomus-ALB-1-Dormitorio_edited-1536x1020.jpg"},"2048x2048":{"file":"ValenciaDomus-ALB-1-Dormitorio_edited-2048x1360.jpg","width":2048,"height":1360,"mime-type":"image\/jpeg","filesize":221985,"url":"https:\/\/www.valenciadomus.com\/en\/wp-content\/uploads\/2022\/06\/ValenciaDomus-ALB-1-Dormitorio_edited-2048x1360.jpg"},"post-thumbnail":{"file":"ValenciaDomus-ALB-1-Dormitorio_edited-150x100.jpg","width":150,"height":100,"mime-type":"image\/jpeg","filesize":2970,"url":"https:\/\/www.valenciadomus.com\/en\/wp-content\/uploads\/2022\/06\/ValenciaDomus-ALB-1-Dormitorio_edited-150x100.jpg"},"modern-property-child-slider":{"file":"ValenciaDomus-ALB-1-Dormitorio_edited-680x510.jpg","width":680,"height":510,"mime-type":"image\/jpeg","filesize":28009,"url":"https:\/\/www.valenciadomus.com\/en\/wp-content\/uploads\/2022\/06\/ValenciaDomus-ALB-1-Dormitorio_edited-680x510.jpg"},"property-thumb-image":{"file":"ValenciaDomus-ALB-1-Dormitorio_edited-488x326.jpg","width":488,"height":326,"mime-type":"image\/jpeg","filesize":14505,"url":"https:\/\/www.valenciadomus.com\/en\/wp-content\/uploads\/2022\/06\/ValenciaDomus-ALB-1-Dormitorio_edited-488x326.jpg"},"property-detail-video-image":{"file":"ValenciaDomus-ALB-1-Dormitorio_edited-818x417.jpg","width":818,"height":417,"mime-type":"image\/jpeg","filesize":26285,"url":"https:\/\/www.valenciadomus.com\/en\/wp-content\/uploads\/2022\/06\/ValenciaDomus-ALB-1-Dormitorio_edited-818x417.jpg"},"agent-image":{"file":"ValenciaDomus-ALB-1-Dormitorio_edited-210x210.jpg","width":210,"height":210,"mime-type":"image\/jpeg","filesize":5569,"url":"https:\/\/www.valenciadomus.com\/en\/wp-content\/uploads\/2022\/06\/ValenciaDomus-ALB-1-Dormitorio_edited-210x210.jpg"},"partners-logo":{"file":"ValenciaDomus-ALB-1-Dormitorio_edited-600x2848.jpg","width":600,"height":2848,"mime-type":"image\/jpeg","filesize":117042,"url":"https:\/\/www.valenciadomus.com\/en\/wp-content\/uploads\/2022\/06\/ValenciaDomus-ALB-1-Dormitorio_edited-600x2848.jpg"},"post-featured-image":{"file":"ValenciaDomus-ALB-1-Dormitorio_edited-1240x720.jpg","width":1240,"height":720,"mime-type":"image\/jpeg","filesize":65826,"url":"https:\/\/www.valenciadomus.com\/en\/wp-content\/uploads\/2022\/06\/ValenciaDomus-ALB-1-Dormitorio_edited-1240x720.jpg"}},"image_meta":{"aperture":"4","credit":"","camera":"NIKON D90","caption":"","created_timestamp":"1654699722","copyright":"","focal_length":"10","iso":"640","shutter_speed":"0.016666666666667","title":"","orientation":"0","keywords":[]},"original_image":"ValenciaDomus-ALB-1-Dormitorio_edited.jpg","ID":"1918","name":"ValenciaDomus-ALB-1-Dormitorio_edited-scaled.jpg","path":"\/home2\/valenci1\/public_html\/en\/wp-content\/uploads\/2022\/06\/ValenciaDomus-ALB-1-Dormitorio_edited-scaled.jpg","url":"https:\/\/www.valenciadomus.com\/en\/wp-content\/uploads\/2022\/06\/ValenciaDomus-ALB-1-Dormitorio_edited-150x150.jpg","full_url":"https:\/\/www.valenciadomus.com\/en\/wp-content\/uploads\/2022\/06\/ValenciaDomus-ALB-1-Dormitorio_edited-scaled.jpg","title":"ValenciaDomus-ALB (1)-Dormitorio_edited","caption":"","description":"","alt":"Dormitorio principal","srcset":"https:\/\/www.valenciadomus.com\/en\/wp-content\/uploads\/2022\/06\/ValenciaDomus-ALB-1-Dormitorio_edited-150x150.jpg 150w, https:\/\/www.valenciadomus.com\/en\/wp-content\/uploads\/2022\/06\/ValenciaDomus-ALB-1-Dormitorio_edited-210x210.jpg 210w"},{"width":150,"height":150,"file":"2022\/06\/ValenciaDomus-ALB-34-Terraza_edited-scaled.jpg","filesize":429850,"sizes":{"medium":{"file":"ValenciaDomus-ALB-34-Terraza_edited-300x199.jpg","width":300,"height":199,"mime-type":"image\/jpeg","filesize":10284,"url":"https:\/\/www.valenciadomus.com\/en\/wp-content\/uploads\/2022\/06\/ValenciaDomus-ALB-34-Terraza_edited-300x199.jpg"},"large":{"file":"ValenciaDomus-ALB-34-Terraza_edited-1024x680.jpg","width":1024,"height":680,"mime-type":"image\/jpeg","filesize":80429,"url":"https:\/\/www.valenciadomus.com\/en\/wp-content\/uploads\/2022\/06\/ValenciaDomus-ALB-34-Terraza_edited-1024x680.jpg"},"thumbnail":{"file":"ValenciaDomus-ALB-34-Terraza_edited-150x150.jpg","width":150,"height":150,"mime-type":"image\/jpeg","filesize":4718,"url":"https:\/\/www.valenciadomus.com\/en\/wp-content\/uploads\/2022\/06\/ValenciaDomus-ALB-34-Terraza_edited-150x150.jpg"},"medium_large":{"file":"ValenciaDomus-ALB-34-Terraza_edited-768x510.jpg","width":768,"height":510,"mime-type":"image\/jpeg","filesize":47820,"url":"https:\/\/www.valenciadomus.com\/en\/wp-content\/uploads\/2022\/06\/ValenciaDomus-ALB-34-Terraza_edited-768x510.jpg"},"1536x1536":{"file":"ValenciaDomus-ALB-34-Terraza_edited-1536x1020.jpg","width":1536,"height":1020,"mime-type":"image\/jpeg","filesize":169878,"url":"https:\/\/www.valenciadomus.com\/en\/wp-content\/uploads\/2022\/06\/ValenciaDomus-ALB-34-Terraza_edited-1536x1020.jpg"},"2048x2048":{"file":"ValenciaDomus-ALB-34-Terraza_edited-2048x1360.jpg","width":2048,"height":1360,"mime-type":"image\/jpeg","filesize":288110,"url":"https:\/\/www.valenciadomus.com\/en\/wp-content\/uploads\/2022\/06\/ValenciaDomus-ALB-34-Terraza_edited-2048x1360.jpg"},"post-thumbnail":{"file":"ValenciaDomus-ALB-34-Terraza_edited-150x100.jpg","width":150,"height":100,"mime-type":"image\/jpeg","filesize":3825,"url":"https:\/\/www.valenciadomus.com\/en\/wp-content\/uploads\/2022\/06\/ValenciaDomus-ALB-34-Terraza_edited-150x100.jpg"},"modern-property-child-slider":{"file":"ValenciaDomus-ALB-34-Terraza_edited-680x510.jpg","width":680,"height":510,"mime-type":"image\/jpeg","filesize":42136,"url":"https:\/\/www.valenciadomus.com\/en\/wp-content\/uploads\/2022\/06\/ValenciaDomus-ALB-34-Terraza_edited-680x510.jpg"},"property-thumb-image":{"file":"ValenciaDomus-ALB-34-Terraza_edited-488x326.jpg","width":488,"height":326,"mime-type":"image\/jpeg","filesize":22644,"url":"https:\/\/www.valenciadomus.com\/en\/wp-content\/uploads\/2022\/06\/ValenciaDomus-ALB-34-Terraza_edited-488x326.jpg"},"property-detail-video-image":{"file":"ValenciaDomus-ALB-34-Terraza_edited-818x417.jpg","width":818,"height":417,"mime-type":"image\/jpeg","filesize":42368,"url":"https:\/\/www.valenciadomus.com\/en\/wp-content\/uploads\/2022\/06\/ValenciaDomus-ALB-34-Terraza_edited-818x417.jpg"},"agent-image":{"file":"ValenciaDomus-ALB-34-Terraza_edited-210x210.jpg","width":210,"height":210,"mime-type":"image\/jpeg","filesize":7853,"url":"https:\/\/www.valenciadomus.com\/en\/wp-content\/uploads\/2022\/06\/ValenciaDomus-ALB-34-Terraza_edited-210x210.jpg"},"partners-logo":{"file":"ValenciaDomus-ALB-34-Terraza_edited-600x2848.jpg","width":600,"height":2848,"mime-type":"image\/jpeg","filesize":121006,"url":"https:\/\/www.valenciadomus.com\/en\/wp-content\/uploads\/2022\/06\/ValenciaDomus-ALB-34-Terraza_edited-600x2848.jpg"},"post-featured-image":{"file":"ValenciaDomus-ALB-34-Terraza_edited-1240x720.jpg","width":1240,"height":720,"mime-type":"image\/jpeg","filesize":101137,"url":"https:\/\/www.valenciadomus.com\/en\/wp-content\/uploads\/2022\/06\/ValenciaDomus-ALB-34-Terraza_edited-1240x720.jpg"}},"image_meta":{"aperture":"9","credit":"","camera":"NIKON D90","caption":"","created_timestamp":"1654700332","copyright":"","focal_length":"10","iso":"200","shutter_speed":"0.003125","title":"","orientation":"0","keywords":[]},"original_image":"ValenciaDomus-ALB-34-Terraza_edited.jpg","ID":"1919","name":"ValenciaDomus-ALB-34-Terraza_edited-scaled.jpg","path":"\/home2\/valenci1\/public_html\/en\/wp-content\/uploads\/2022\/06\/ValenciaDomus-ALB-34-Terraza_edited-scaled.jpg","url":"https:\/\/www.valenciadomus.com\/en\/wp-content\/uploads\/2022\/06\/ValenciaDomus-ALB-34-Terraza_edited-150x150.jpg","full_url":"https:\/\/www.valenciadomus.com\/en\/wp-content\/uploads\/2022\/06\/ValenciaDomus-ALB-34-Terraza_edited-scaled.jpg","title":"ValenciaDomus-ALB (34)-Terraza_edited","caption":"","description":"","alt":"Terraza con zona de lavander\u00eda","srcset":"https:\/\/www.valenciadomus.com\/en\/wp-content\/uploads\/2022\/06\/ValenciaDomus-ALB-34-Terraza_edited-150x150.jpg 150w, https:\/\/www.valenciadomus.com\/en\/wp-content\/uploads\/2022\/06\/ValenciaDomus-ALB-34-Terraza_edited-210x210.jpg 210w"},{"width":150,"height":150,"file":"2022\/06\/ValenciaDomus-ALB-43_edited-scaled.jpg","filesize":345255,"sizes":{"medium":{"file":"ValenciaDomus-ALB-43_edited-300x199.jpg","width":300,"height":199,"mime-type":"image\/jpeg","filesize":10481,"url":"https:\/\/www.valenciadomus.com\/en\/wp-content\/uploads\/2022\/06\/ValenciaDomus-ALB-43_edited-300x199.jpg"},"large":{"file":"ValenciaDomus-ALB-43_edited-1024x680.jpg","width":1024,"height":680,"mime-type":"image\/jpeg","filesize":76125,"url":"https:\/\/www.valenciadomus.com\/en\/wp-content\/uploads\/2022\/06\/ValenciaDomus-ALB-43_edited-1024x680.jpg"},"thumbnail":{"file":"ValenciaDomus-ALB-43_edited-150x150.jpg","width":150,"height":150,"mime-type":"image\/jpeg","filesize":5142,"url":"https:\/\/www.valenciadomus.com\/en\/wp-content\/uploads\/2022\/06\/ValenciaDomus-ALB-43_edited-150x150.jpg"},"medium_large":{"file":"ValenciaDomus-ALB-43_edited-768x510.jpg","width":768,"height":510,"mime-type":"image\/jpeg","filesize":47263,"url":"https:\/\/www.valenciadomus.com\/en\/wp-content\/uploads\/2022\/06\/ValenciaDomus-ALB-43_edited-768x510.jpg"},"1536x1536":{"file":"ValenciaDomus-ALB-43_edited-1536x1020.jpg","width":1536,"height":1020,"mime-type":"image\/jpeg","filesize":150454,"url":"https:\/\/www.valenciadomus.com\/en\/wp-content\/uploads\/2022\/06\/ValenciaDomus-ALB-43_edited-1536x1020.jpg"},"2048x2048":{"file":"ValenciaDomus-ALB-43_edited-2048x1360.jpg","width":2048,"height":1360,"mime-type":"image\/jpeg","filesize":240240,"url":"https:\/\/www.valenciadomus.com\/en\/wp-content\/uploads\/2022\/06\/ValenciaDomus-ALB-43_edited-2048x1360.jpg"},"post-thumbnail":{"file":"ValenciaDomus-ALB-43_edited-150x100.jpg","width":150,"height":100,"mime-type":"image\/jpeg","filesize":3990,"url":"https:\/\/www.valenciadomus.com\/en\/wp-content\/uploads\/2022\/06\/ValenciaDomus-ALB-43_edited-150x100.jpg"},"modern-property-child-slider":{"file":"ValenciaDomus-ALB-43_edited-680x510.jpg","width":680,"height":510,"mime-type":"image\/jpeg","filesize":44234,"url":"https:\/\/www.valenciadomus.com\/en\/wp-content\/uploads\/2022\/06\/ValenciaDomus-ALB-43_edited-680x510.jpg"},"property-thumb-image":{"file":"ValenciaDomus-ALB-43_edited-488x326.jpg","width":488,"height":326,"mime-type":"image\/jpeg","filesize":22825,"url":"https:\/\/www.valenciadomus.com\/en\/wp-content\/uploads\/2022\/06\/ValenciaDomus-ALB-43_edited-488x326.jpg"},"property-detail-video-image":{"file":"ValenciaDomus-ALB-43_edited-818x417.jpg","width":818,"height":417,"mime-type":"image\/jpeg","filesize":40332,"url":"https:\/\/www.valenciadomus.com\/en\/wp-content\/uploads\/2022\/06\/ValenciaDomus-ALB-43_edited-818x417.jpg"},"agent-image":{"file":"ValenciaDomus-ALB-43_edited-210x210.jpg","width":210,"height":210,"mime-type":"image\/jpeg","filesize":8526,"url":"https:\/\/www.valenciadomus.com\/en\/wp-content\/uploads\/2022\/06\/ValenciaDomus-ALB-43_edited-210x210.jpg"},"partners-logo":{"file":"ValenciaDomus-ALB-43_edited-600x2848.jpg","width":600,"height":2848,"mime-type":"image\/jpeg","filesize":116856,"url":"https:\/\/www.valenciadomus.com\/en\/wp-content\/uploads\/2022\/06\/ValenciaDomus-ALB-43_edited-600x2848.jpg"},"post-featured-image":{"file":"ValenciaDomus-ALB-43_edited-1240x720.jpg","width":1240,"height":720,"mime-type":"image\/jpeg","filesize":91391,"url":"https:\/\/www.valenciadomus.com\/en\/wp-content\/uploads\/2022\/06\/ValenciaDomus-ALB-43_edited-1240x720.jpg"}},"image_meta":{"aperture":"6.3","credit":"","camera":"NIKON D90","caption":"","created_timestamp":"1654702196","copyright":"","focal_length":"10","iso":"200","shutter_speed":"0.00625","title":"","orientation":"0","keywords":[]},"original_image":"ValenciaDomus-ALB-43_edited.jpg","ID":"1929","name":"ValenciaDomus-ALB-43_edited-scaled.jpg","path":"\/home2\/valenci1\/public_html\/en\/wp-content\/uploads\/2022\/06\/ValenciaDomus-ALB-43_edited-scaled.jpg","url":"https:\/\/www.valenciadomus.com\/en\/wp-content\/uploads\/2022\/06\/ValenciaDomus-ALB-43_edited-150x150.jpg","full_url":"https:\/\/www.valenciadomus.com\/en\/wp-content\/uploads\/2022\/06\/ValenciaDomus-ALB-43_edited-scaled.jpg","title":"ValenciaDomus-ALB (43)_edited","caption":"","description":"","alt":"Terraza con toldo","srcset":"https:\/\/www.valenciadomus.com\/en\/wp-content\/uploads\/2022\/06\/ValenciaDomus-ALB-43_edited-150x150.jpg 150w, https:\/\/www.valenciadomus.com\/en\/wp-content\/uploads\/2022\/06\/ValenciaDomus-ALB-43_edited-210x210.jpg 210w"},{"width":150,"height":150,"file":"2022\/06\/ValenciaDomus-ALB-44_edited-scaled.jpg","filesize":388332,"sizes":{"medium":{"file":"ValenciaDomus-ALB-44_edited-300x199.jpg","width":300,"height":199,"mime-type":"image\/jpeg","filesize":9398,"url":"https:\/\/www.valenciadomus.com\/en\/wp-content\/uploads\/2022\/06\/ValenciaDomus-ALB-44_edited-300x199.jpg"},"large":{"file":"ValenciaDomus-ALB-44_edited-1024x680.jpg","width":1024,"height":680,"mime-type":"image\/jpeg","filesize":72029,"url":"https:\/\/www.valenciadomus.com\/en\/wp-content\/uploads\/2022\/06\/ValenciaDomus-ALB-44_edited-1024x680.jpg"},"thumbnail":{"file":"ValenciaDomus-ALB-44_edited-150x150.jpg","width":150,"height":150,"mime-type":"image\/jpeg","filesize":4491,"url":"https:\/\/www.valenciadomus.com\/en\/wp-content\/uploads\/2022\/06\/ValenciaDomus-ALB-44_edited-150x150.jpg"},"medium_large":{"file":"ValenciaDomus-ALB-44_edited-768x510.jpg","width":768,"height":510,"mime-type":"image\/jpeg","filesize":43114,"url":"https:\/\/www.valenciadomus.com\/en\/wp-content\/uploads\/2022\/06\/ValenciaDomus-ALB-44_edited-768x510.jpg"},"1536x1536":{"file":"ValenciaDomus-ALB-44_edited-1536x1020.jpg","width":1536,"height":1020,"mime-type":"image\/jpeg","filesize":152788,"url":"https:\/\/www.valenciadomus.com\/en\/wp-content\/uploads\/2022\/06\/ValenciaDomus-ALB-44_edited-1536x1020.jpg"},"2048x2048":{"file":"ValenciaDomus-ALB-44_edited-2048x1360.jpg","width":2048,"height":1360,"mime-type":"image\/jpeg","filesize":259339,"url":"https:\/\/www.valenciadomus.com\/en\/wp-content\/uploads\/2022\/06\/ValenciaDomus-ALB-44_edited-2048x1360.jpg"},"post-thumbnail":{"file":"ValenciaDomus-ALB-44_edited-150x100.jpg","width":150,"height":100,"mime-type":"image\/jpeg","filesize":3681,"url":"https:\/\/www.valenciadomus.com\/en\/wp-content\/uploads\/2022\/06\/ValenciaDomus-ALB-44_edited-150x100.jpg"},"modern-property-child-slider":{"file":"ValenciaDomus-ALB-44_edited-680x510.jpg","width":680,"height":510,"mime-type":"image\/jpeg","filesize":38631,"url":"https:\/\/www.valenciadomus.com\/en\/wp-content\/uploads\/2022\/06\/ValenciaDomus-ALB-44_edited-680x510.jpg"},"property-thumb-image":{"file":"ValenciaDomus-ALB-44_edited-488x326.jpg","width":488,"height":326,"mime-type":"image\/jpeg","filesize":20332,"url":"https:\/\/www.valenciadomus.com\/en\/wp-content\/uploads\/2022\/06\/ValenciaDomus-ALB-44_edited-488x326.jpg"},"property-detail-video-image":{"file":"ValenciaDomus-ALB-44_edited-818x417.jpg","width":818,"height":417,"mime-type":"image\/jpeg","filesize":36587,"url":"https:\/\/www.valenciadomus.com\/en\/wp-content\/uploads\/2022\/06\/ValenciaDomus-ALB-44_edited-818x417.jpg"},"agent-image":{"file":"ValenciaDomus-ALB-44_edited-210x210.jpg","width":210,"height":210,"mime-type":"image\/jpeg","filesize":7428,"url":"https:\/\/www.valenciadomus.com\/en\/wp-content\/uploads\/2022\/06\/ValenciaDomus-ALB-44_edited-210x210.jpg"},"partners-logo":{"file":"ValenciaDomus-ALB-44_edited-600x2848.jpg","width":600,"height":2848,"mime-type":"image\/jpeg","filesize":117735,"url":"https:\/\/www.valenciadomus.com\/en\/wp-content\/uploads\/2022\/06\/ValenciaDomus-ALB-44_edited-600x2848.jpg"},"post-featured-image":{"file":"ValenciaDomus-ALB-44_edited-1240x720.jpg","width":1240,"height":720,"mime-type":"image\/jpeg","filesize":88830,"url":"https:\/\/www.valenciadomus.com\/en\/wp-content\/uploads\/2022\/06\/ValenciaDomus-ALB-44_edited-1240x720.jpg"}},"image_meta":{"aperture":"7.1","credit":"","camera":"NIKON D90","caption":"","created_timestamp":"1654702209","copyright":"","focal_length":"10","iso":"200","shutter_speed":"0.005","title":"","orientation":"0","keywords":[]},"original_image":"ValenciaDomus-ALB-44_edited.jpg","ID":"1930","name":"ValenciaDomus-ALB-44_edited-scaled.jpg","path":"\/home2\/valenci1\/public_html\/en\/wp-content\/uploads\/2022\/06\/ValenciaDomus-ALB-44_edited-scaled.jpg","url":"https:\/\/www.valenciadomus.com\/en\/wp-content\/uploads\/2022\/06\/ValenciaDomus-ALB-44_edited-150x150.jpg","full_url":"https:\/\/www.valenciadomus.com\/en\/wp-content\/uploads\/2022\/06\/ValenciaDomus-ALB-44_edited-scaled.jpg","title":"ValenciaDomus-ALB (44)_edited","caption":"","description":"","alt":"Toldo en terraza","srcset":"https:\/\/www.valenciadomus.com\/en\/wp-content\/uploads\/2022\/06\/ValenciaDomus-ALB-44_edited-150x150.jpg 150w, https:\/\/www.valenciadomus.com\/en\/wp-content\/uploads\/2022\/06\/ValenciaDomus-ALB-44_edited-210x210.jpg 210w"}],"REAL_HOMES_change_gallery_slider_type":"","REAL_HOMES_gallery_slider_type":"thumb-on-right","inspiry_floor_plans":[],"inspiry_video_group":[],"REAL_HOMES_360_virtual_tour":"","REAL_HOMES_agent_display_option":"agent_info","REAL_HOMES_agents":[],"REAL_HOMES_energy_class":"","REAL_HOMES_energy_performance":"","REAL_HOMES_epc_current_rating":"","REAL_HOMES_epc_potential_rating":"","ere_property_schedule_tour":"","ere_property_schedule_time_slots":"","ere_property_schedule_description":"","REAL_HOMES_sticky":"0","inspiry_property_label":"Let","inspiry_property_label_color":"","inspiry_property_tax":"","inspiry_additional_fee":"","REAL_HOMES_attachments":[],"inspiry_property_owner_name":"JR","inspiry_property_owner_contact":"","inspiry_property_owner_address":"","REAL_HOMES_property_private_note":"alquilada a pablo por 680, abril 2018, sin muebles - anunciada en 750","inspiry_message_to_reviewer":"","REAL_HOMES_add_in_slider":"yes","REAL_HOMES_slider_image":[{"width":150,"height":150,"file":"2022\/06\/ValenciaDomus-ALB-42-salon_edited_edited-scaled.jpg","filesize":256186,"sizes":{"medium":{"file":"ValenciaDomus-ALB-42-salon_edited_edited-300x199.jpg","width":300,"height":199,"mime-type":"image\/jpeg","filesize":7258,"url":"https:\/\/www.valenciadomus.com\/en\/wp-content\/uploads\/2022\/06\/ValenciaDomus-ALB-42-salon_edited_edited-300x199.jpg"},"large":{"file":"ValenciaDomus-ALB-42-salon_edited_edited-1024x680.jpg","width":1024,"height":680,"mime-type":"image\/jpeg","filesize":48591,"url":"https:\/\/www.valenciadomus.com\/en\/wp-content\/uploads\/2022\/06\/ValenciaDomus-ALB-42-salon_edited_edited-1024x680.jpg"},"thumbnail":{"file":"ValenciaDomus-ALB-42-salon_edited_edited-150x150.jpg","width":150,"height":150,"mime-type":"image\/jpeg","filesize":3763,"url":"https:\/\/www.valenciadomus.com\/en\/wp-content\/uploads\/2022\/06\/ValenciaDomus-ALB-42-salon_edited_edited-150x150.jpg"},"medium_large":{"file":"ValenciaDomus-ALB-42-salon_edited_edited-768x510.jpg","width":768,"height":510,"mime-type":"image\/jpeg","filesize":29998,"url":"https:\/\/www.valenciadomus.com\/en\/wp-content\/uploads\/2022\/06\/ValenciaDomus-ALB-42-salon_edited_edited-768x510.jpg"},"1536x1536":{"file":"ValenciaDomus-ALB-42-salon_edited_edited-1536x1020.jpg","width":1536,"height":1020,"mime-type":"image\/jpeg","filesize":100295,"url":"https:\/\/www.valenciadomus.com\/en\/wp-content\/uploads\/2022\/06\/ValenciaDomus-ALB-42-salon_edited_edited-1536x1020.jpg"},"2048x2048":{"file":"ValenciaDomus-ALB-42-salon_edited_edited-2048x1360.jpg","width":2048,"height":1360,"mime-type":"image\/jpeg","filesize":169300,"url":"https:\/\/www.valenciadomus.com\/en\/wp-content\/uploads\/2022\/06\/ValenciaDomus-ALB-42-salon_edited_edited-2048x1360.jpg"},"post-thumbnail":{"file":"ValenciaDomus-ALB-42-salon_edited_edited-150x100.jpg","width":150,"height":100,"mime-type":"image\/jpeg","filesize":2973,"url":"https:\/\/www.valenciadomus.com\/en\/wp-content\/uploads\/2022\/06\/ValenciaDomus-ALB-42-salon_edited_edited-150x100.jpg"},"modern-property-child-slider":{"file":"ValenciaDomus-ALB-42-salon_edited_edited-680x510.jpg","width":680,"height":510,"mime-type":"image\/jpeg","filesize":27591,"url":"https:\/\/www.valenciadomus.com\/en\/wp-content\/uploads\/2022\/06\/ValenciaDomus-ALB-42-salon_edited_edited-680x510.jpg"},"property-thumb-image":{"file":"ValenciaDomus-ALB-42-salon_edited_edited-488x326.jpg","width":488,"height":326,"mime-type":"image\/jpeg","filesize":14954,"url":"https:\/\/www.valenciadomus.com\/en\/wp-content\/uploads\/2022\/06\/ValenciaDomus-ALB-42-salon_edited_edited-488x326.jpg"},"property-detail-video-image":{"file":"ValenciaDomus-ALB-42-salon_edited_edited-818x417.jpg","width":818,"height":417,"mime-type":"image\/jpeg","filesize":26957,"url":"https:\/\/www.valenciadomus.com\/en\/wp-content\/uploads\/2022\/06\/ValenciaDomus-ALB-42-salon_edited_edited-818x417.jpg"},"agent-image":{"file":"ValenciaDomus-ALB-42-salon_edited_edited-210x210.jpg","width":210,"height":210,"mime-type":"image\/jpeg","filesize":5997,"url":"https:\/\/www.valenciadomus.com\/en\/wp-content\/uploads\/2022\/06\/ValenciaDomus-ALB-42-salon_edited_edited-210x210.jpg"},"partners-logo":{"file":"ValenciaDomus-ALB-42-salon_edited_edited-600x2848.jpg","width":600,"height":2848,"mime-type":"image\/jpeg","filesize":107970,"url":"https:\/\/www.valenciadomus.com\/en\/wp-content\/uploads\/2022\/06\/ValenciaDomus-ALB-42-salon_edited_edited-600x2848.jpg"},"post-featured-image":{"file":"ValenciaDomus-ALB-42-salon_edited_edited-1240x720.jpg","width":1240,"height":720,"mime-type":"image\/jpeg","filesize":59341,"url":"https:\/\/www.valenciadomus.com\/en\/wp-content\/uploads\/2022\/06\/ValenciaDomus-ALB-42-salon_edited_edited-1240x720.jpg"}},"image_meta":{"aperture":"5","credit":"","camera":"NIKON D90","caption":"","created_timestamp":"1654700413","copyright":"","focal_length":"10","iso":"400","shutter_speed":"0.01","title":"","orientation":"0","keywords":[]},"original_image":"ValenciaDomus-ALB-42-salon_edited_edited.jpg","ID":"1925","name":"ValenciaDomus-ALB-42-salon_edited_edited-scaled.jpg","path":"\/home2\/valenci1\/public_html\/en\/wp-content\/uploads\/2022\/06\/ValenciaDomus-ALB-42-salon_edited_edited-scaled.jpg","url":"https:\/\/www.valenciadomus.com\/en\/wp-content\/uploads\/2022\/06\/ValenciaDomus-ALB-42-salon_edited_edited-150x150.jpg","full_url":"https:\/\/www.valenciadomus.com\/en\/wp-content\/uploads\/2022\/06\/ValenciaDomus-ALB-42-salon_edited_edited-scaled.jpg","title":"ValenciaDomus-ALB (42)-salon_edited_edited","caption":"","description":"","alt":"Vivienda reformada con open plan","srcset":"https:\/\/www.valenciadomus.com\/en\/wp-content\/uploads\/2022\/06\/ValenciaDomus-ALB-42-salon_edited_edited-150x150.jpg 150w, https:\/\/www.valenciadomus.com\/en\/wp-content\/uploads\/2022\/06\/ValenciaDomus-ALB-42-salon_edited_edited-210x210.jpg 210w"}],"REAL_HOMES_page_banner_image":[{"width":150,"height":115,"file":"2018\/02\/Valencia-Domus-V2751ALB-TB-1.jpg","sizes":{"thumbnail":{"file":"Valencia-Domus-V2751ALB-TB-1-150x115.jpg","width":150,"height":115,"mime-type":"image\/jpeg","url":"https:\/\/www.valenciadomus.com\/en\/wp-content\/uploads\/2018\/02\/Valencia-Domus-V2751ALB-TB-1-150x115.jpg"},"medium":{"file":"Valencia-Domus-V2751ALB-TB-1-300x35.jpg","width":300,"height":35,"mime-type":"image\/jpeg","url":"https:\/\/www.valenciadomus.com\/en\/wp-content\/uploads\/2018\/02\/Valencia-Domus-V2751ALB-TB-1-300x35.jpg"},"medium_large":{"file":"Valencia-Domus-V2751ALB-TB-1-768x88.jpg","width":768,"height":88,"mime-type":"image\/jpeg","url":"https:\/\/www.valenciadomus.com\/en\/wp-content\/uploads\/2018\/02\/Valencia-Domus-V2751ALB-TB-1-768x88.jpg"},"post-thumbnail":{"file":"Valencia-Domus-V2751ALB-TB-1-150x17.jpg","width":150,"height":17,"mime-type":"image\/jpeg","url":"https:\/\/www.valenciadomus.com\/en\/wp-content\/uploads\/2018\/02\/Valencia-Domus-V2751ALB-TB-1-150x17.jpg"},"property-thumb-image":{"file":"Valencia-Domus-V2751ALB-TB-1-244x115.jpg","width":244,"height":115,"mime-type":"image\/jpeg","url":"https:\/\/www.valenciadomus.com\/en\/wp-content\/uploads\/2018\/02\/Valencia-Domus-V2751ALB-TB-1-244x115.jpg"},"property-detail-video-image":{"file":"Valencia-Domus-V2751ALB-TB-1-818x115.jpg","width":818,"height":115,"mime-type":"image\/jpeg","url":"https:\/\/www.valenciadomus.com\/en\/wp-content\/uploads\/2018\/02\/Valencia-Domus-V2751ALB-TB-1-818x115.jpg"},"agent-image":{"file":"Valencia-Domus-V2751ALB-TB-1-210x115.jpg","width":210,"height":115,"mime-type":"image\/jpeg","url":"https:\/\/www.valenciadomus.com\/en\/wp-content\/uploads\/2018\/02\/Valencia-Domus-V2751ALB-TB-1-210x115.jpg"},"partners-logo":{"file":"Valencia-Domus-V2751ALB-TB-1-200x115.jpg","width":200,"height":115,"mime-type":"image\/jpeg","url":"https:\/\/www.valenciadomus.com\/en\/wp-content\/uploads\/2018\/02\/Valencia-Domus-V2751ALB-TB-1-200x115.jpg"},"post-featured-image":{"file":"Valencia-Domus-V2751ALB-TB-1-830x115.jpg","width":830,"height":115,"mime-type":"image\/jpeg","url":"https:\/\/www.valenciadomus.com\/en\/wp-content\/uploads\/2018\/02\/Valencia-Domus-V2751ALB-TB-1-830x115.jpg"},"gallery-two-column-image":{"file":"Valencia-Domus-V2751ALB-TB-1-536x115.jpg","width":536,"height":115,"mime-type":"image\/jpeg","url":"https:\/\/www.valenciadomus.com\/en\/wp-content\/uploads\/2018\/02\/Valencia-Domus-V2751ALB-TB-1-536x115.jpg"},"property-detail-slider-image":{"file":"Valencia-Domus-V2751ALB-TB-1-770x115.jpg","width":770,"height":115,"mime-type":"image\/jpeg","url":"https:\/\/www.valenciadomus.com\/en\/wp-content\/uploads\/2018\/02\/Valencia-Domus-V2751ALB-TB-1-770x115.jpg"},"property-detail-slider-image-two":{"file":"Valencia-Domus-V2751ALB-TB-1-830x115.jpg","width":830,"height":115,"mime-type":"image\/jpeg","url":"https:\/\/www.valenciadomus.com\/en\/wp-content\/uploads\/2018\/02\/Valencia-Domus-V2751ALB-TB-1-830x115.jpg"},"property-detail-slider-thumb":{"file":"Valencia-Domus-V2751ALB-TB-1-82x60.jpg","width":82,"height":60,"mime-type":"image\/jpeg","url":"https:\/\/www.valenciadomus.com\/en\/wp-content\/uploads\/2018\/02\/Valencia-Domus-V2751ALB-TB-1-82x60.jpg"},"grid-view-image":{"file":"Valencia-Domus-V2751ALB-TB-1-246x115.jpg","width":246,"height":115,"mime-type":"image\/jpeg","url":"https:\/\/www.valenciadomus.com\/en\/wp-content\/uploads\/2018\/02\/Valencia-Domus-V2751ALB-TB-1-246x115.jpg"}},"image_meta":{"aperture":"0","credit":"","camera":"","caption":"","created_timestamp":"1519306064","copyright":"","focal_length":"0","iso":"0","shutter_speed":"0","title":"","orientation":"0","keywords":[]},"ID":"1387","name":"Valencia-Domus-V2751ALB-TB-1.jpg","path":"\/home2\/valenci1\/public_html\/en\/wp-content\/uploads\/2018\/02\/Valencia-Domus-V2751ALB-TB-1.jpg","url":"https:\/\/www.valenciadomus.com\/en\/wp-content\/uploads\/2018\/02\/Valencia-Domus-V2751ALB-TB-1-150x115.jpg","full_url":"https:\/\/www.valenciadomus.com\/en\/wp-content\/uploads\/2018\/02\/Valencia-Domus-V2751ALB-TB-1.jpg","title":"Valencia Domus V2751ALB-TB-1","caption":"","description":"","alt":"","srcset":false}],"REAL_HOMES_hide_property_advance_search":"","REAL_HOMES_hide_advance_search":"","REAL_HOMES_custom_search_form":"","REAL_HOMES_search_form_margin_top":"","REAL_HOMES_search_form_margin_bottom":""},"_links":{"self":[{"href":"https:\/\/www.valenciadomus.com\/en\/wp-json\/wp\/v2\/property\/1393"}],"collection":[{"href":"https:\/\/www.valenciadomus.com\/en\/wp-json\/wp\/v2\/property"}],"about":[{"href":"https:\/\/www.valenciadomus.com\/en\/wp-json\/wp\/v2\/types\/property"}],"author":[{"embeddable":true,"href":"https:\/\/www.valenciadomus.com\/en\/wp-json\/wp\/v2\/users\/1"}],"replies":[{"embeddable":true,"href":"https:\/\/www.valenciadomus.com\/en\/wp-json\/wp\/v2\/comments?post=1393"}],"version-history":[{"count":3,"href":"https:\/\/www.valenciadomus.com\/en\/wp-json\/wp\/v2\/property\/1393\/revisions"}],"predecessor-version":[{"id":1947,"href":"https:\/\/www.valenciadomus.com\/en\/wp-json\/wp\/v2\/property\/1393\/revisions\/1947"}],"wp:featuredmedia":[{"embeddable":true,"href":"https:\/\/www.valenciadomus.com\/en\/wp-json\/wp\/v2\/media\/1382"}],"wp:attachment":[{"href":"https:\/\/www.valenciadomus.com\/en\/wp-json\/wp\/v2\/media?parent=1393"}],"wp:term":[{"taxonomy":"property-feature","embeddable":true,"href":"https:\/\/www.valenciadomus.com\/en\/wp-json\/wp\/v2\/property-feature?post=1393"},{"taxonomy":"property-type","embeddable":true,"href":"https:\/\/www.valenciadomus.com\/en\/wp-json\/wp\/v2\/property-type?post=1393"},{"taxonomy":"property-city","embeddable":true,"href":"https:\/\/www.valenciadomus.com\/en\/wp-json\/wp\/v2\/property-city?post=1393"},{"taxonomy":"property-status","embeddable":true,"href":"https:\/\/www.valenciadomus.com\/en\/wp-json\/wp\/v2\/property-status?post=1393"}],"curies":[{"name":"wp","href":"https:\/\/api.w.org\/{rel}","templated":true}]}}