{"id":1376,"date":"2020-02-02T21:52:51","date_gmt":"2020-02-02T21:52:51","guid":{"rendered":"https:\/\/www.valenciadomus.com\/en\/?post_type=property&#038;p=1376"},"modified":"2020-03-02T10:25:11","modified_gmt":"2020-03-02T10:25:11","slug":"piso-reforma-moderna-estrenar-alquiler-centro-valencia","status":"publish","type":"property","link":"https:\/\/www.valenciadomus.com\/en\/blog\/property\/piso-reforma-moderna-estrenar-alquiler-centro-valencia\/","title":{"rendered":"Piso con reforma moderna en alquiler en centro de Valencia"},"content":{"rendered":"<p>[vc_row][vc_column][vc_column_text]Este piso reformado en 2018 busca inquilinos! Si deseas vivir de alquiler a un paso del centro y en una vivienda con interiores a la \u00faltima, no lo dudes! Llama hoy para concertar una visita!<\/p>\n<p>La vivienda se compone de un amplio espacio abierto con fusi\u00f3n de sal\u00f3n, comedor y cocina de barra abierta, con electrodom\u00e9sticos seminuevos. El piso cuenta con un dormitorio doble y una habitaci\u00f3n que puede utilizarse como dormitorio junior\/de invitados y\/o estudio. El cuarto de ba\u00f1o est\u00e1 equipado con una ducha amplia y mampara de vidrio. Toda la vivienda est\u00e1 actualizada y lista para que te la amuebles a tu gusto:<\/p>\n<ul>\n<li>ventanas de doble acristalamiento que te har\u00e1n olvidarte del mundo exterior<\/li>\n<li>aire acondicionado en sal\u00f3n y dormitorios para los que son m\u00e1s calurosos<\/li>\n<li>electrodom\u00e9sticos en cocina abierta: lavadora, secadora (independientes), lavavajillas, frigor\u00edfico<\/li>\n<li>puertas y armarios lacados en blanco<\/li>\n<li>suelos de parquet<\/li>\n<\/ul>\n<p>Ubicada en la zona de Extramurs, desde las ventanas podemos ver la emblem\u00e1tica Finca Roja de Valencia, y en menos de 10 minutos a pie se puede alcanzar el centro hist\u00f3rico. Dispone de todos los servicios necesarios a pie de calle: supermercados, guarder\u00edas, colegios, centros m\u00e9dicos, administraciones p\u00fablicas, etc. Est\u00e1 perfectamente comunicada con metro y autob\u00fas y a 10 minutos de la estaci\u00f3n del AVE a Madrid o del aeropuerto.<\/p>\n<p>Esta vivienda dejar\u00e1 de estar disponible pronto, no dejes pasar esta oportunidad![\/vc_column_text][\/vc_column][\/vc_row]<\/p>\n","protected":false},"excerpt":{"rendered":"<p>[vc_row][vc_column][vc_column_text]Este piso reformado en 2018 busca inquilinos! Si deseas vivir de alquiler a un paso del centro y en una vivienda con interiores a la \u00faltima, no lo dudes! Llama hoy para concertar una visita! La vivienda se compone de un amplio espacio abierto con fusi\u00f3n de sal\u00f3n, comedor y cocina de barra abierta, con&#8230;<\/p>\n","protected":false},"author":1,"featured_media":1382,"parent":0,"menu_order":0,"comment_status":"closed","ping_status":"closed","template":"","property-feature":[369,371,408,365,363,373,367,290,347,296],"property-type":[361,277],"property-city":[359,175],"property-status":[275],"yoast_head":"<!-- This site is optimized with the Yoast SEO plugin v23.8 - https:\/\/yoast.com\/wordpress\/plugins\/seo\/ -->\n<title>Piso con reforma moderna en alquiler en centro de Valencia | Real Estate, Architecture, Interior Design and Photograhy<\/title>\n<meta name=\"robots\" content=\"index, follow, max-snippet:-1, max-image-preview:large, max-video-preview:-1\" \/>\n<link rel=\"canonical\" href=\"https:\/\/www.valenciadomus.com\/en\/blog\/property\/piso-reforma-moderna-estrenar-alquiler-centro-valencia\/\" \/>\n<meta property=\"og:locale\" content=\"es_ES\" \/>\n<meta property=\"og:type\" content=\"article\" \/>\n<meta property=\"og:title\" content=\"Piso con reforma moderna en alquiler en centro de Valencia | Real Estate, Architecture, Interior Design and Photograhy\" \/>\n<meta property=\"og:description\" content=\"[vc_row][vc_column][vc_column_text]Este piso reformado en 2018 busca inquilinos! Si deseas vivir de alquiler a un paso del centro y en una vivienda con interiores a la \u00faltima, no lo dudes! Llama hoy para concertar una visita! La vivienda se compone de un amplio espacio abierto con fusi\u00f3n de sal\u00f3n, comedor y cocina de barra abierta, con...\" \/>\n<meta property=\"og:url\" content=\"https:\/\/www.valenciadomus.com\/en\/blog\/property\/piso-reforma-moderna-estrenar-alquiler-centro-valencia\/\" \/>\n<meta property=\"og:site_name\" content=\"Real Estate, Architecture, Interior Design and Photograhy\" \/>\n<meta property=\"article:modified_time\" content=\"2020-03-02T10:25:11+00:00\" \/>\n<meta property=\"og:image\" content=\"https:\/\/www.valenciadomus.com\/en\/wp-content\/uploads\/2018\/02\/Valencia-Domus-V2751ALB-6.jpg\" \/>\n\t<meta property=\"og:image:width\" content=\"1000\" \/>\n\t<meta property=\"og:image:height\" content=\"664\" \/>\n\t<meta property=\"og:image:type\" content=\"image\/jpeg\" \/>\n<meta name=\"twitter:card\" content=\"summary_large_image\" \/>\n<meta name=\"twitter:label1\" content=\"Tiempo de lectura\" \/>\n\t<meta name=\"twitter:data1\" content=\"1 minuto\" \/>\n<script type=\"application\/ld+json\" class=\"yoast-schema-graph\">{\"@context\":\"https:\/\/schema.org\",\"@graph\":[{\"@type\":\"WebPage\",\"@id\":\"https:\/\/www.valenciadomus.com\/en\/blog\/property\/piso-reforma-moderna-estrenar-alquiler-centro-valencia\/\",\"url\":\"https:\/\/www.valenciadomus.com\/en\/blog\/property\/piso-reforma-moderna-estrenar-alquiler-centro-valencia\/\",\"name\":\"Piso con reforma moderna en alquiler en centro de Valencia | Real Estate, Architecture, Interior Design and Photograhy\",\"isPartOf\":{\"@id\":\"https:\/\/www.valenciadomus.com\/en\/#website\"},\"primaryImageOfPage\":{\"@id\":\"https:\/\/www.valenciadomus.com\/en\/blog\/property\/piso-reforma-moderna-estrenar-alquiler-centro-valencia\/#primaryimage\"},\"image\":{\"@id\":\"https:\/\/www.valenciadomus.com\/en\/blog\/property\/piso-reforma-moderna-estrenar-alquiler-centro-valencia\/#primaryimage\"},\"thumbnailUrl\":\"https:\/\/www.valenciadomus.com\/en\/wp-content\/uploads\/2018\/02\/Valencia-Domus-V2751ALB-6.jpg\",\"datePublished\":\"2020-02-02T21:52:51+00:00\",\"dateModified\":\"2020-03-02T10:25:11+00:00\",\"breadcrumb\":{\"@id\":\"https:\/\/www.valenciadomus.com\/en\/blog\/property\/piso-reforma-moderna-estrenar-alquiler-centro-valencia\/#breadcrumb\"},\"inLanguage\":\"es\",\"potentialAction\":[{\"@type\":\"ReadAction\",\"target\":[\"https:\/\/www.valenciadomus.com\/en\/blog\/property\/piso-reforma-moderna-estrenar-alquiler-centro-valencia\/\"]}]},{\"@type\":\"ImageObject\",\"inLanguage\":\"es\",\"@id\":\"https:\/\/www.valenciadomus.com\/en\/blog\/property\/piso-reforma-moderna-estrenar-alquiler-centro-valencia\/#primaryimage\",\"url\":\"https:\/\/www.valenciadomus.com\/en\/wp-content\/uploads\/2018\/02\/Valencia-Domus-V2751ALB-6.jpg\",\"contentUrl\":\"https:\/\/www.valenciadomus.com\/en\/wp-content\/uploads\/2018\/02\/Valencia-Domus-V2751ALB-6.jpg\",\"width\":1000,\"height\":664,\"caption\":\"Piso impecable cerca de la Finca Roja\"},{\"@type\":\"BreadcrumbList\",\"@id\":\"https:\/\/www.valenciadomus.com\/en\/blog\/property\/piso-reforma-moderna-estrenar-alquiler-centro-valencia\/#breadcrumb\",\"itemListElement\":[{\"@type\":\"ListItem\",\"position\":1,\"name\":\"Home\",\"item\":\"https:\/\/www.valenciadomus.com\/en\/\"},{\"@type\":\"ListItem\",\"position\":2,\"name\":\"Properties\",\"item\":\"https:\/\/www.valenciadomus.com\/en\/es\/blog\/property\/\"},{\"@type\":\"ListItem\",\"position\":3,\"name\":\"SIN amueblar\",\"item\":\"https:\/\/www.valenciadomus.com\/en\/blog\/property-feature\/sin-amueblar\/\"},{\"@type\":\"ListItem\",\"position\":4,\"name\":\"Piso con reforma moderna en alquiler en centro de Valencia\"}]},{\"@type\":\"WebSite\",\"@id\":\"https:\/\/www.valenciadomus.com\/en\/#website\",\"url\":\"https:\/\/www.valenciadomus.com\/en\/\",\"name\":\"Real Estate, Architecture, Interior Design and Photograhy\",\"description\":\"Real Estate made easy for you. Find your new home: buy, sell, rent or build it with us!\",\"potentialAction\":[{\"@type\":\"SearchAction\",\"target\":{\"@type\":\"EntryPoint\",\"urlTemplate\":\"https:\/\/www.valenciadomus.com\/en\/?s={search_term_string}\"},\"query-input\":{\"@type\":\"PropertyValueSpecification\",\"valueRequired\":true,\"valueName\":\"search_term_string\"}}],\"inLanguage\":\"es\"}]}<\/script>\n<!-- \/ Yoast SEO plugin. -->","yoast_head_json":{"title":"Piso con reforma moderna en alquiler en centro de Valencia | Real Estate, Architecture, Interior Design and Photograhy","robots":{"index":"index","follow":"follow","max-snippet":"max-snippet:-1","max-image-preview":"max-image-preview:large","max-video-preview":"max-video-preview:-1"},"canonical":"https:\/\/www.valenciadomus.com\/en\/blog\/property\/piso-reforma-moderna-estrenar-alquiler-centro-valencia\/","og_locale":"es_ES","og_type":"article","og_title":"Piso con reforma moderna en alquiler en centro de Valencia | Real Estate, Architecture, Interior Design and Photograhy","og_description":"[vc_row][vc_column][vc_column_text]Este piso reformado en 2018 busca inquilinos! Si deseas vivir de alquiler a un paso del centro y en una vivienda con interiores a la \u00faltima, no lo dudes! Llama hoy para concertar una visita! La vivienda se compone de un amplio espacio abierto con fusi\u00f3n de sal\u00f3n, comedor y cocina de barra abierta, con...","og_url":"https:\/\/www.valenciadomus.com\/en\/blog\/property\/piso-reforma-moderna-estrenar-alquiler-centro-valencia\/","og_site_name":"Real Estate, Architecture, Interior Design and Photograhy","article_modified_time":"2020-03-02T10:25:11+00:00","og_image":[{"width":1000,"height":664,"url":"https:\/\/www.valenciadomus.com\/en\/wp-content\/uploads\/2018\/02\/Valencia-Domus-V2751ALB-6.jpg","type":"image\/jpeg"}],"twitter_card":"summary_large_image","twitter_misc":{"Tiempo de lectura":"1 minuto"},"schema":{"@context":"https:\/\/schema.org","@graph":[{"@type":"WebPage","@id":"https:\/\/www.valenciadomus.com\/en\/blog\/property\/piso-reforma-moderna-estrenar-alquiler-centro-valencia\/","url":"https:\/\/www.valenciadomus.com\/en\/blog\/property\/piso-reforma-moderna-estrenar-alquiler-centro-valencia\/","name":"Piso con reforma moderna en alquiler en centro de Valencia | Real Estate, Architecture, Interior Design and Photograhy","isPartOf":{"@id":"https:\/\/www.valenciadomus.com\/en\/#website"},"primaryImageOfPage":{"@id":"https:\/\/www.valenciadomus.com\/en\/blog\/property\/piso-reforma-moderna-estrenar-alquiler-centro-valencia\/#primaryimage"},"image":{"@id":"https:\/\/www.valenciadomus.com\/en\/blog\/property\/piso-reforma-moderna-estrenar-alquiler-centro-valencia\/#primaryimage"},"thumbnailUrl":"https:\/\/www.valenciadomus.com\/en\/wp-content\/uploads\/2018\/02\/Valencia-Domus-V2751ALB-6.jpg","datePublished":"2020-02-02T21:52:51+00:00","dateModified":"2020-03-02T10:25:11+00:00","breadcrumb":{"@id":"https:\/\/www.valenciadomus.com\/en\/blog\/property\/piso-reforma-moderna-estrenar-alquiler-centro-valencia\/#breadcrumb"},"inLanguage":"es","potentialAction":[{"@type":"ReadAction","target":["https:\/\/www.valenciadomus.com\/en\/blog\/property\/piso-reforma-moderna-estrenar-alquiler-centro-valencia\/"]}]},{"@type":"ImageObject","inLanguage":"es","@id":"https:\/\/www.valenciadomus.com\/en\/blog\/property\/piso-reforma-moderna-estrenar-alquiler-centro-valencia\/#primaryimage","url":"https:\/\/www.valenciadomus.com\/en\/wp-content\/uploads\/2018\/02\/Valencia-Domus-V2751ALB-6.jpg","contentUrl":"https:\/\/www.valenciadomus.com\/en\/wp-content\/uploads\/2018\/02\/Valencia-Domus-V2751ALB-6.jpg","width":1000,"height":664,"caption":"Piso impecable cerca de la Finca Roja"},{"@type":"BreadcrumbList","@id":"https:\/\/www.valenciadomus.com\/en\/blog\/property\/piso-reforma-moderna-estrenar-alquiler-centro-valencia\/#breadcrumb","itemListElement":[{"@type":"ListItem","position":1,"name":"Home","item":"https:\/\/www.valenciadomus.com\/en\/"},{"@type":"ListItem","position":2,"name":"Properties","item":"https:\/\/www.valenciadomus.com\/en\/es\/blog\/property\/"},{"@type":"ListItem","position":3,"name":"SIN amueblar","item":"https:\/\/www.valenciadomus.com\/en\/blog\/property-feature\/sin-amueblar\/"},{"@type":"ListItem","position":4,"name":"Piso con reforma moderna en alquiler en centro de Valencia"}]},{"@type":"WebSite","@id":"https:\/\/www.valenciadomus.com\/en\/#website","url":"https:\/\/www.valenciadomus.com\/en\/","name":"Real Estate, Architecture, Interior Design and Photograhy","description":"Real Estate made easy for you. Find your new home: buy, sell, rent or build it with us!","potentialAction":[{"@type":"SearchAction","target":{"@type":"EntryPoint","urlTemplate":"https:\/\/www.valenciadomus.com\/en\/?s={search_term_string}"},"query-input":{"@type":"PropertyValueSpecification","valueRequired":true,"valueName":"search_term_string"}}],"inLanguage":"es"}]}},"property_meta":{"REAL_HOMES_property_price":"","REAL_HOMES_property_old_price":"","REAL_HOMES_property_price_prefix":"","REAL_HOMES_property_price_postfix":"al mes","REAL_HOMES_property_size":"82","REAL_HOMES_property_size_postfix":"m\u00b2 ","REAL_HOMES_property_lot_size":"","REAL_HOMES_property_lot_size_postfix":"","REAL_HOMES_property_bedrooms":"2","REAL_HOMES_property_bathrooms":"1","REAL_HOMES_property_garage":"0","REAL_HOMES_property_id":"V2751ALB","REAL_HOMES_property_year_built":"","REAL_HOMES_featured":"0","REAL_HOMES_additional_details_list":[],"REAL_HOMES_property_location":{"latitude":"39.4640377","longitude":"-0.3831305999999586","zoom":"14"},"REAL_HOMES_property_address":"","REAL_HOMES_property_map":"1","REAL_HOMES_property_images":[{"width":150,"height":150,"file":"2018\/02\/Valencia-Domus-V2751ALB-13.jpg","sizes":{"thumbnail":{"file":"Valencia-Domus-V2751ALB-13-150x150.jpg","width":150,"height":150,"mime-type":"image\/jpeg","url":"https:\/\/www.valenciadomus.com\/en\/wp-content\/uploads\/2018\/02\/Valencia-Domus-V2751ALB-13-150x150.jpg"},"medium":{"file":"Valencia-Domus-V2751ALB-13-300x199.jpg","width":300,"height":199,"mime-type":"image\/jpeg","url":"https:\/\/www.valenciadomus.com\/en\/wp-content\/uploads\/2018\/02\/Valencia-Domus-V2751ALB-13-300x199.jpg"},"medium_large":{"file":"Valencia-Domus-V2751ALB-13-768x510.jpg","width":768,"height":510,"mime-type":"image\/jpeg","url":"https:\/\/www.valenciadomus.com\/en\/wp-content\/uploads\/2018\/02\/Valencia-Domus-V2751ALB-13-768x510.jpg"},"post-thumbnail":{"file":"Valencia-Domus-V2751ALB-13-150x100.jpg","width":150,"height":100,"mime-type":"image\/jpeg","url":"https:\/\/www.valenciadomus.com\/en\/wp-content\/uploads\/2018\/02\/Valencia-Domus-V2751ALB-13-150x100.jpg"},"property-thumb-image":{"file":"Valencia-Domus-V2751ALB-13-244x163.jpg","width":244,"height":163,"mime-type":"image\/jpeg","url":"https:\/\/www.valenciadomus.com\/en\/wp-content\/uploads\/2018\/02\/Valencia-Domus-V2751ALB-13-244x163.jpg"},"property-detail-video-image":{"file":"Valencia-Domus-V2751ALB-13-818x417.jpg","width":818,"height":417,"mime-type":"image\/jpeg","url":"https:\/\/www.valenciadomus.com\/en\/wp-content\/uploads\/2018\/02\/Valencia-Domus-V2751ALB-13-818x417.jpg"},"agent-image":{"file":"Valencia-Domus-V2751ALB-13-210x210.jpg","width":210,"height":210,"mime-type":"image\/jpeg","url":"https:\/\/www.valenciadomus.com\/en\/wp-content\/uploads\/2018\/02\/Valencia-Domus-V2751ALB-13-210x210.jpg"},"partners-logo":{"file":"Valencia-Domus-V2751ALB-13-200x664.jpg","width":200,"height":664,"mime-type":"image\/jpeg","url":"https:\/\/www.valenciadomus.com\/en\/wp-content\/uploads\/2018\/02\/Valencia-Domus-V2751ALB-13-200x664.jpg"},"post-featured-image":{"file":"Valencia-Domus-V2751ALB-13-830x323.jpg","width":830,"height":323,"mime-type":"image\/jpeg","url":"https:\/\/www.valenciadomus.com\/en\/wp-content\/uploads\/2018\/02\/Valencia-Domus-V2751ALB-13-830x323.jpg"},"gallery-two-column-image":{"file":"Valencia-Domus-V2751ALB-13-536x269.jpg","width":536,"height":269,"mime-type":"image\/jpeg","url":"https:\/\/www.valenciadomus.com\/en\/wp-content\/uploads\/2018\/02\/Valencia-Domus-V2751ALB-13-536x269.jpg"},"property-detail-slider-image":{"file":"Valencia-Domus-V2751ALB-13-770x386.jpg","width":770,"height":386,"mime-type":"image\/jpeg","url":"https:\/\/www.valenciadomus.com\/en\/wp-content\/uploads\/2018\/02\/Valencia-Domus-V2751ALB-13-770x386.jpg"},"property-detail-slider-image-two":{"file":"Valencia-Domus-V2751ALB-13-830x460.jpg","width":830,"height":460,"mime-type":"image\/jpeg","url":"https:\/\/www.valenciadomus.com\/en\/wp-content\/uploads\/2018\/02\/Valencia-Domus-V2751ALB-13-830x460.jpg"},"property-detail-slider-thumb":{"file":"Valencia-Domus-V2751ALB-13-82x60.jpg","width":82,"height":60,"mime-type":"image\/jpeg","url":"https:\/\/www.valenciadomus.com\/en\/wp-content\/uploads\/2018\/02\/Valencia-Domus-V2751ALB-13-82x60.jpg"},"grid-view-image":{"file":"Valencia-Domus-V2751ALB-13-246x162.jpg","width":246,"height":162,"mime-type":"image\/jpeg","url":"https:\/\/www.valenciadomus.com\/en\/wp-content\/uploads\/2018\/02\/Valencia-Domus-V2751ALB-13-246x162.jpg"}},"image_meta":{"aperture":"0","credit":"Silvia Gavila","camera":"","caption":"","created_timestamp":"1521968121","copyright":"\u00a92017-2018 Silvia Gavila","focal_length":"0","iso":"0","shutter_speed":"0","title":"","orientation":"0","keywords":["Albacete 13.3"]},"ID":"1397","name":"Valencia-Domus-V2751ALB-13.jpg","path":"\/home2\/valenci1\/public_html\/en\/wp-content\/uploads\/2018\/02\/Valencia-Domus-V2751ALB-13.jpg","url":"https:\/\/www.valenciadomus.com\/en\/wp-content\/uploads\/2018\/02\/Valencia-Domus-V2751ALB-13-150x150.jpg","full_url":"https:\/\/www.valenciadomus.com\/en\/wp-content\/uploads\/2018\/02\/Valencia-Domus-V2751ALB-13.jpg","title":"Valencia Domus V2751ALB-13","caption":"","description":"","alt":"","srcset":"https:\/\/www.valenciadomus.com\/en\/wp-content\/uploads\/2018\/02\/Valencia-Domus-V2751ALB-13-150x150.jpg 150w, https:\/\/www.valenciadomus.com\/en\/wp-content\/uploads\/2018\/02\/Valencia-Domus-V2751ALB-13-210x210.jpg 210w"},{"width":150,"height":150,"file":"2018\/02\/Valencia-Domus-V2751ALB-7.jpg","sizes":{"thumbnail":{"file":"Valencia-Domus-V2751ALB-7-150x150.jpg","width":150,"height":150,"mime-type":"image\/jpeg","url":"https:\/\/www.valenciadomus.com\/en\/wp-content\/uploads\/2018\/02\/Valencia-Domus-V2751ALB-7-150x150.jpg"},"medium":{"file":"Valencia-Domus-V2751ALB-7-300x199.jpg","width":300,"height":199,"mime-type":"image\/jpeg","url":"https:\/\/www.valenciadomus.com\/en\/wp-content\/uploads\/2018\/02\/Valencia-Domus-V2751ALB-7-300x199.jpg"},"medium_large":{"file":"Valencia-Domus-V2751ALB-7-768x510.jpg","width":768,"height":510,"mime-type":"image\/jpeg","url":"https:\/\/www.valenciadomus.com\/en\/wp-content\/uploads\/2018\/02\/Valencia-Domus-V2751ALB-7-768x510.jpg"},"post-thumbnail":{"file":"Valencia-Domus-V2751ALB-7-150x100.jpg","width":150,"height":100,"mime-type":"image\/jpeg","url":"https:\/\/www.valenciadomus.com\/en\/wp-content\/uploads\/2018\/02\/Valencia-Domus-V2751ALB-7-150x100.jpg"},"property-thumb-image":{"file":"Valencia-Domus-V2751ALB-7-244x163.jpg","width":244,"height":163,"mime-type":"image\/jpeg","url":"https:\/\/www.valenciadomus.com\/en\/wp-content\/uploads\/2018\/02\/Valencia-Domus-V2751ALB-7-244x163.jpg"},"property-detail-video-image":{"file":"Valencia-Domus-V2751ALB-7-818x417.jpg","width":818,"height":417,"mime-type":"image\/jpeg","url":"https:\/\/www.valenciadomus.com\/en\/wp-content\/uploads\/2018\/02\/Valencia-Domus-V2751ALB-7-818x417.jpg"},"agent-image":{"file":"Valencia-Domus-V2751ALB-7-210x210.jpg","width":210,"height":210,"mime-type":"image\/jpeg","url":"https:\/\/www.valenciadomus.com\/en\/wp-content\/uploads\/2018\/02\/Valencia-Domus-V2751ALB-7-210x210.jpg"},"partners-logo":{"file":"Valencia-Domus-V2751ALB-7-200x664.jpg","width":200,"height":664,"mime-type":"image\/jpeg","url":"https:\/\/www.valenciadomus.com\/en\/wp-content\/uploads\/2018\/02\/Valencia-Domus-V2751ALB-7-200x664.jpg"},"post-featured-image":{"file":"Valencia-Domus-V2751ALB-7-830x323.jpg","width":830,"height":323,"mime-type":"image\/jpeg","url":"https:\/\/www.valenciadomus.com\/en\/wp-content\/uploads\/2018\/02\/Valencia-Domus-V2751ALB-7-830x323.jpg"},"gallery-two-column-image":{"file":"Valencia-Domus-V2751ALB-7-536x269.jpg","width":536,"height":269,"mime-type":"image\/jpeg","url":"https:\/\/www.valenciadomus.com\/en\/wp-content\/uploads\/2018\/02\/Valencia-Domus-V2751ALB-7-536x269.jpg"},"property-detail-slider-image":{"file":"Valencia-Domus-V2751ALB-7-770x386.jpg","width":770,"height":386,"mime-type":"image\/jpeg","url":"https:\/\/www.valenciadomus.com\/en\/wp-content\/uploads\/2018\/02\/Valencia-Domus-V2751ALB-7-770x386.jpg"},"property-detail-slider-image-two":{"file":"Valencia-Domus-V2751ALB-7-830x460.jpg","width":830,"height":460,"mime-type":"image\/jpeg","url":"https:\/\/www.valenciadomus.com\/en\/wp-content\/uploads\/2018\/02\/Valencia-Domus-V2751ALB-7-830x460.jpg"},"property-detail-slider-thumb":{"file":"Valencia-Domus-V2751ALB-7-82x60.jpg","width":82,"height":60,"mime-type":"image\/jpeg","url":"https:\/\/www.valenciadomus.com\/en\/wp-content\/uploads\/2018\/02\/Valencia-Domus-V2751ALB-7-82x60.jpg"},"grid-view-image":{"file":"Valencia-Domus-V2751ALB-7-246x162.jpg","width":246,"height":162,"mime-type":"image\/jpeg","url":"https:\/\/www.valenciadomus.com\/en\/wp-content\/uploads\/2018\/02\/Valencia-Domus-V2751ALB-7-246x162.jpg"}},"image_meta":{"aperture":"0","credit":"","camera":"","caption":"","created_timestamp":"1519305353","copyright":"","focal_length":"0","iso":"0","shutter_speed":"0","title":"","orientation":"0","keywords":[]},"ID":"1383","name":"Valencia-Domus-V2751ALB-7.jpg","path":"\/home2\/valenci1\/public_html\/en\/wp-content\/uploads\/2018\/02\/Valencia-Domus-V2751ALB-7.jpg","url":"https:\/\/www.valenciadomus.com\/en\/wp-content\/uploads\/2018\/02\/Valencia-Domus-V2751ALB-7-150x150.jpg","full_url":"https:\/\/www.valenciadomus.com\/en\/wp-content\/uploads\/2018\/02\/Valencia-Domus-V2751ALB-7.jpg","title":"Valencia Domus V2751ALB-7","caption":"","description":"","alt":"","srcset":"https:\/\/www.valenciadomus.com\/en\/wp-content\/uploads\/2018\/02\/Valencia-Domus-V2751ALB-7-150x150.jpg 150w, https:\/\/www.valenciadomus.com\/en\/wp-content\/uploads\/2018\/02\/Valencia-Domus-V2751ALB-7-210x210.jpg 210w"},{"width":150,"height":150,"file":"2018\/02\/Valencia-Domus-V2751ALB-2.jpg","sizes":{"thumbnail":{"file":"Valencia-Domus-V2751ALB-2-150x150.jpg","width":150,"height":150,"mime-type":"image\/jpeg","url":"https:\/\/www.valenciadomus.com\/en\/wp-content\/uploads\/2018\/02\/Valencia-Domus-V2751ALB-2-150x150.jpg"},"medium":{"file":"Valencia-Domus-V2751ALB-2-300x209.jpg","width":300,"height":209,"mime-type":"image\/jpeg","url":"https:\/\/www.valenciadomus.com\/en\/wp-content\/uploads\/2018\/02\/Valencia-Domus-V2751ALB-2-300x209.jpg"},"medium_large":{"file":"Valencia-Domus-V2751ALB-2-768x535.jpg","width":768,"height":535,"mime-type":"image\/jpeg","url":"https:\/\/www.valenciadomus.com\/en\/wp-content\/uploads\/2018\/02\/Valencia-Domus-V2751ALB-2-768x535.jpg"},"post-thumbnail":{"file":"Valencia-Domus-V2751ALB-2-150x105.jpg","width":150,"height":105,"mime-type":"image\/jpeg","url":"https:\/\/www.valenciadomus.com\/en\/wp-content\/uploads\/2018\/02\/Valencia-Domus-V2751ALB-2-150x105.jpg"},"property-thumb-image":{"file":"Valencia-Domus-V2751ALB-2-244x163.jpg","width":244,"height":163,"mime-type":"image\/jpeg","url":"https:\/\/www.valenciadomus.com\/en\/wp-content\/uploads\/2018\/02\/Valencia-Domus-V2751ALB-2-244x163.jpg"},"property-detail-video-image":{"file":"Valencia-Domus-V2751ALB-2-818x417.jpg","width":818,"height":417,"mime-type":"image\/jpeg","url":"https:\/\/www.valenciadomus.com\/en\/wp-content\/uploads\/2018\/02\/Valencia-Domus-V2751ALB-2-818x417.jpg"},"agent-image":{"file":"Valencia-Domus-V2751ALB-2-210x210.jpg","width":210,"height":210,"mime-type":"image\/jpeg","url":"https:\/\/www.valenciadomus.com\/en\/wp-content\/uploads\/2018\/02\/Valencia-Domus-V2751ALB-2-210x210.jpg"},"partners-logo":{"file":"Valencia-Domus-V2751ALB-2-200x697.jpg","width":200,"height":697,"mime-type":"image\/jpeg","url":"https:\/\/www.valenciadomus.com\/en\/wp-content\/uploads\/2018\/02\/Valencia-Domus-V2751ALB-2-200x697.jpg"},"post-featured-image":{"file":"Valencia-Domus-V2751ALB-2-830x323.jpg","width":830,"height":323,"mime-type":"image\/jpeg","url":"https:\/\/www.valenciadomus.com\/en\/wp-content\/uploads\/2018\/02\/Valencia-Domus-V2751ALB-2-830x323.jpg"},"gallery-two-column-image":{"file":"Valencia-Domus-V2751ALB-2-536x269.jpg","width":536,"height":269,"mime-type":"image\/jpeg","url":"https:\/\/www.valenciadomus.com\/en\/wp-content\/uploads\/2018\/02\/Valencia-Domus-V2751ALB-2-536x269.jpg"},"property-detail-slider-image":{"file":"Valencia-Domus-V2751ALB-2-770x386.jpg","width":770,"height":386,"mime-type":"image\/jpeg","url":"https:\/\/www.valenciadomus.com\/en\/wp-content\/uploads\/2018\/02\/Valencia-Domus-V2751ALB-2-770x386.jpg"},"property-detail-slider-image-two":{"file":"Valencia-Domus-V2751ALB-2-830x460.jpg","width":830,"height":460,"mime-type":"image\/jpeg","url":"https:\/\/www.valenciadomus.com\/en\/wp-content\/uploads\/2018\/02\/Valencia-Domus-V2751ALB-2-830x460.jpg"},"property-detail-slider-thumb":{"file":"Valencia-Domus-V2751ALB-2-82x60.jpg","width":82,"height":60,"mime-type":"image\/jpeg","url":"https:\/\/www.valenciadomus.com\/en\/wp-content\/uploads\/2018\/02\/Valencia-Domus-V2751ALB-2-82x60.jpg"},"grid-view-image":{"file":"Valencia-Domus-V2751ALB-2-246x162.jpg","width":246,"height":162,"mime-type":"image\/jpeg","url":"https:\/\/www.valenciadomus.com\/en\/wp-content\/uploads\/2018\/02\/Valencia-Domus-V2751ALB-2-246x162.jpg"}},"image_meta":{"aperture":"0","credit":"","camera":"","caption":"","created_timestamp":"1519305080","copyright":"","focal_length":"0","iso":"0","shutter_speed":"0","title":"","orientation":"0","keywords":[]},"ID":"1378","name":"Valencia-Domus-V2751ALB-2.jpg","path":"\/home2\/valenci1\/public_html\/en\/wp-content\/uploads\/2018\/02\/Valencia-Domus-V2751ALB-2.jpg","url":"https:\/\/www.valenciadomus.com\/en\/wp-content\/uploads\/2018\/02\/Valencia-Domus-V2751ALB-2-150x150.jpg","full_url":"https:\/\/www.valenciadomus.com\/en\/wp-content\/uploads\/2018\/02\/Valencia-Domus-V2751ALB-2.jpg","title":"Valencia Domus V2751ALB-2","caption":"","description":"","alt":"","srcset":"https:\/\/www.valenciadomus.com\/en\/wp-content\/uploads\/2018\/02\/Valencia-Domus-V2751ALB-2-150x150.jpg 150w, https:\/\/www.valenciadomus.com\/en\/wp-content\/uploads\/2018\/02\/Valencia-Domus-V2751ALB-2-210x210.jpg 210w"},{"width":150,"height":150,"file":"2018\/02\/Valencia-Domus-V2751ALB-1.jpg","sizes":{"thumbnail":{"file":"Valencia-Domus-V2751ALB-1-150x150.jpg","width":150,"height":150,"mime-type":"image\/jpeg","url":"https:\/\/www.valenciadomus.com\/en\/wp-content\/uploads\/2018\/02\/Valencia-Domus-V2751ALB-1-150x150.jpg"},"medium":{"file":"Valencia-Domus-V2751ALB-1-300x200.jpg","width":300,"height":200,"mime-type":"image\/jpeg","url":"https:\/\/www.valenciadomus.com\/en\/wp-content\/uploads\/2018\/02\/Valencia-Domus-V2751ALB-1-300x200.jpg"},"medium_large":{"file":"Valencia-Domus-V2751ALB-1-768x511.jpg","width":768,"height":511,"mime-type":"image\/jpeg","url":"https:\/\/www.valenciadomus.com\/en\/wp-content\/uploads\/2018\/02\/Valencia-Domus-V2751ALB-1-768x511.jpg"},"post-thumbnail":{"file":"Valencia-Domus-V2751ALB-1-150x100.jpg","width":150,"height":100,"mime-type":"image\/jpeg","url":"https:\/\/www.valenciadomus.com\/en\/wp-content\/uploads\/2018\/02\/Valencia-Domus-V2751ALB-1-150x100.jpg"},"property-thumb-image":{"file":"Valencia-Domus-V2751ALB-1-244x163.jpg","width":244,"height":163,"mime-type":"image\/jpeg","url":"https:\/\/www.valenciadomus.com\/en\/wp-content\/uploads\/2018\/02\/Valencia-Domus-V2751ALB-1-244x163.jpg"},"property-detail-video-image":{"file":"Valencia-Domus-V2751ALB-1-818x417.jpg","width":818,"height":417,"mime-type":"image\/jpeg","url":"https:\/\/www.valenciadomus.com\/en\/wp-content\/uploads\/2018\/02\/Valencia-Domus-V2751ALB-1-818x417.jpg"},"agent-image":{"file":"Valencia-Domus-V2751ALB-1-210x210.jpg","width":210,"height":210,"mime-type":"image\/jpeg","url":"https:\/\/www.valenciadomus.com\/en\/wp-content\/uploads\/2018\/02\/Valencia-Domus-V2751ALB-1-210x210.jpg"},"partners-logo":{"file":"Valencia-Domus-V2751ALB-1-200x665.jpg","width":200,"height":665,"mime-type":"image\/jpeg","url":"https:\/\/www.valenciadomus.com\/en\/wp-content\/uploads\/2018\/02\/Valencia-Domus-V2751ALB-1-200x665.jpg"},"post-featured-image":{"file":"Valencia-Domus-V2751ALB-1-830x323.jpg","width":830,"height":323,"mime-type":"image\/jpeg","url":"https:\/\/www.valenciadomus.com\/en\/wp-content\/uploads\/2018\/02\/Valencia-Domus-V2751ALB-1-830x323.jpg"},"gallery-two-column-image":{"file":"Valencia-Domus-V2751ALB-1-536x269.jpg","width":536,"height":269,"mime-type":"image\/jpeg","url":"https:\/\/www.valenciadomus.com\/en\/wp-content\/uploads\/2018\/02\/Valencia-Domus-V2751ALB-1-536x269.jpg"},"property-detail-slider-image":{"file":"Valencia-Domus-V2751ALB-1-770x386.jpg","width":770,"height":386,"mime-type":"image\/jpeg","url":"https:\/\/www.valenciadomus.com\/en\/wp-content\/uploads\/2018\/02\/Valencia-Domus-V2751ALB-1-770x386.jpg"},"property-detail-slider-image-two":{"file":"Valencia-Domus-V2751ALB-1-830x460.jpg","width":830,"height":460,"mime-type":"image\/jpeg","url":"https:\/\/www.valenciadomus.com\/en\/wp-content\/uploads\/2018\/02\/Valencia-Domus-V2751ALB-1-830x460.jpg"},"property-detail-slider-thumb":{"file":"Valencia-Domus-V2751ALB-1-82x60.jpg","width":82,"height":60,"mime-type":"image\/jpeg","url":"https:\/\/www.valenciadomus.com\/en\/wp-content\/uploads\/2018\/02\/Valencia-Domus-V2751ALB-1-82x60.jpg"},"grid-view-image":{"file":"Valencia-Domus-V2751ALB-1-246x162.jpg","width":246,"height":162,"mime-type":"image\/jpeg","url":"https:\/\/www.valenciadomus.com\/en\/wp-content\/uploads\/2018\/02\/Valencia-Domus-V2751ALB-1-246x162.jpg"}},"image_meta":{"aperture":"0","credit":"Silvia Gavila","camera":"","caption":"","created_timestamp":"1519305038","copyright":"\u00a92017-2018 Silvia Gavila","focal_length":"0","iso":"0","shutter_speed":"0","title":"","orientation":"0","keywords":["Albacete 13.3"]},"ID":"1377","name":"Valencia-Domus-V2751ALB-1.jpg","path":"\/home2\/valenci1\/public_html\/en\/wp-content\/uploads\/2018\/02\/Valencia-Domus-V2751ALB-1.jpg","url":"https:\/\/www.valenciadomus.com\/en\/wp-content\/uploads\/2018\/02\/Valencia-Domus-V2751ALB-1-150x150.jpg","full_url":"https:\/\/www.valenciadomus.com\/en\/wp-content\/uploads\/2018\/02\/Valencia-Domus-V2751ALB-1.jpg","title":"Valencia Domus V2751ALB-1","caption":"","description":"","alt":"","srcset":"https:\/\/www.valenciadomus.com\/en\/wp-content\/uploads\/2018\/02\/Valencia-Domus-V2751ALB-1-150x150.jpg 150w, https:\/\/www.valenciadomus.com\/en\/wp-content\/uploads\/2018\/02\/Valencia-Domus-V2751ALB-1-210x210.jpg 210w"},{"width":150,"height":150,"file":"2018\/02\/Valencia-Domus-V2751ALB-8.jpg","sizes":{"thumbnail":{"file":"Valencia-Domus-V2751ALB-8-150x150.jpg","width":150,"height":150,"mime-type":"image\/jpeg","url":"https:\/\/www.valenciadomus.com\/en\/wp-content\/uploads\/2018\/02\/Valencia-Domus-V2751ALB-8-150x150.jpg"},"medium":{"file":"Valencia-Domus-V2751ALB-8-300x199.jpg","width":300,"height":199,"mime-type":"image\/jpeg","url":"https:\/\/www.valenciadomus.com\/en\/wp-content\/uploads\/2018\/02\/Valencia-Domus-V2751ALB-8-300x199.jpg"},"medium_large":{"file":"Valencia-Domus-V2751ALB-8-768x510.jpg","width":768,"height":510,"mime-type":"image\/jpeg","url":"https:\/\/www.valenciadomus.com\/en\/wp-content\/uploads\/2018\/02\/Valencia-Domus-V2751ALB-8-768x510.jpg"},"post-thumbnail":{"file":"Valencia-Domus-V2751ALB-8-150x100.jpg","width":150,"height":100,"mime-type":"image\/jpeg","url":"https:\/\/www.valenciadomus.com\/en\/wp-content\/uploads\/2018\/02\/Valencia-Domus-V2751ALB-8-150x100.jpg"},"property-thumb-image":{"file":"Valencia-Domus-V2751ALB-8-244x163.jpg","width":244,"height":163,"mime-type":"image\/jpeg","url":"https:\/\/www.valenciadomus.com\/en\/wp-content\/uploads\/2018\/02\/Valencia-Domus-V2751ALB-8-244x163.jpg"},"property-detail-video-image":{"file":"Valencia-Domus-V2751ALB-8-818x417.jpg","width":818,"height":417,"mime-type":"image\/jpeg","url":"https:\/\/www.valenciadomus.com\/en\/wp-content\/uploads\/2018\/02\/Valencia-Domus-V2751ALB-8-818x417.jpg"},"agent-image":{"file":"Valencia-Domus-V2751ALB-8-210x210.jpg","width":210,"height":210,"mime-type":"image\/jpeg","url":"https:\/\/www.valenciadomus.com\/en\/wp-content\/uploads\/2018\/02\/Valencia-Domus-V2751ALB-8-210x210.jpg"},"partners-logo":{"file":"Valencia-Domus-V2751ALB-8-200x664.jpg","width":200,"height":664,"mime-type":"image\/jpeg","url":"https:\/\/www.valenciadomus.com\/en\/wp-content\/uploads\/2018\/02\/Valencia-Domus-V2751ALB-8-200x664.jpg"},"post-featured-image":{"file":"Valencia-Domus-V2751ALB-8-830x323.jpg","width":830,"height":323,"mime-type":"image\/jpeg","url":"https:\/\/www.valenciadomus.com\/en\/wp-content\/uploads\/2018\/02\/Valencia-Domus-V2751ALB-8-830x323.jpg"},"gallery-two-column-image":{"file":"Valencia-Domus-V2751ALB-8-536x269.jpg","width":536,"height":269,"mime-type":"image\/jpeg","url":"https:\/\/www.valenciadomus.com\/en\/wp-content\/uploads\/2018\/02\/Valencia-Domus-V2751ALB-8-536x269.jpg"},"property-detail-slider-image":{"file":"Valencia-Domus-V2751ALB-8-770x386.jpg","width":770,"height":386,"mime-type":"image\/jpeg","url":"https:\/\/www.valenciadomus.com\/en\/wp-content\/uploads\/2018\/02\/Valencia-Domus-V2751ALB-8-770x386.jpg"},"property-detail-slider-image-two":{"file":"Valencia-Domus-V2751ALB-8-830x460.jpg","width":830,"height":460,"mime-type":"image\/jpeg","url":"https:\/\/www.valenciadomus.com\/en\/wp-content\/uploads\/2018\/02\/Valencia-Domus-V2751ALB-8-830x460.jpg"},"property-detail-slider-thumb":{"file":"Valencia-Domus-V2751ALB-8-82x60.jpg","width":82,"height":60,"mime-type":"image\/jpeg","url":"https:\/\/www.valenciadomus.com\/en\/wp-content\/uploads\/2018\/02\/Valencia-Domus-V2751ALB-8-82x60.jpg"},"grid-view-image":{"file":"Valencia-Domus-V2751ALB-8-246x162.jpg","width":246,"height":162,"mime-type":"image\/jpeg","url":"https:\/\/www.valenciadomus.com\/en\/wp-content\/uploads\/2018\/02\/Valencia-Domus-V2751ALB-8-246x162.jpg"}},"image_meta":{"aperture":"0","credit":"","camera":"","caption":"","created_timestamp":"1519305335","copyright":"","focal_length":"0","iso":"0","shutter_speed":"0","title":"","orientation":"0","keywords":[]},"ID":"1384","name":"Valencia-Domus-V2751ALB-8.jpg","path":"\/home2\/valenci1\/public_html\/en\/wp-content\/uploads\/2018\/02\/Valencia-Domus-V2751ALB-8.jpg","url":"https:\/\/www.valenciadomus.com\/en\/wp-content\/uploads\/2018\/02\/Valencia-Domus-V2751ALB-8-150x150.jpg","full_url":"https:\/\/www.valenciadomus.com\/en\/wp-content\/uploads\/2018\/02\/Valencia-Domus-V2751ALB-8.jpg","title":"Valencia Domus V2751ALB-8","caption":"","description":"","alt":"","srcset":"https:\/\/www.valenciadomus.com\/en\/wp-content\/uploads\/2018\/02\/Valencia-Domus-V2751ALB-8-150x150.jpg 150w, https:\/\/www.valenciadomus.com\/en\/wp-content\/uploads\/2018\/02\/Valencia-Domus-V2751ALB-8-210x210.jpg 210w"},{"width":150,"height":150,"file":"2018\/02\/Valencia-Domus-V2751ALB-14.jpg","sizes":{"thumbnail":{"file":"Valencia-Domus-V2751ALB-14-150x150.jpg","width":150,"height":150,"mime-type":"image\/jpeg","url":"https:\/\/www.valenciadomus.com\/en\/wp-content\/uploads\/2018\/02\/Valencia-Domus-V2751ALB-14-150x150.jpg"},"medium":{"file":"Valencia-Domus-V2751ALB-14-300x203.jpg","width":300,"height":203,"mime-type":"image\/jpeg","url":"https:\/\/www.valenciadomus.com\/en\/wp-content\/uploads\/2018\/02\/Valencia-Domus-V2751ALB-14-300x203.jpg"},"medium_large":{"file":"Valencia-Domus-V2751ALB-14-768x521.jpg","width":768,"height":521,"mime-type":"image\/jpeg","url":"https:\/\/www.valenciadomus.com\/en\/wp-content\/uploads\/2018\/02\/Valencia-Domus-V2751ALB-14-768x521.jpg"},"post-thumbnail":{"file":"Valencia-Domus-V2751ALB-14-150x102.jpg","width":150,"height":102,"mime-type":"image\/jpeg","url":"https:\/\/www.valenciadomus.com\/en\/wp-content\/uploads\/2018\/02\/Valencia-Domus-V2751ALB-14-150x102.jpg"},"property-thumb-image":{"file":"Valencia-Domus-V2751ALB-14-244x163.jpg","width":244,"height":163,"mime-type":"image\/jpeg","url":"https:\/\/www.valenciadomus.com\/en\/wp-content\/uploads\/2018\/02\/Valencia-Domus-V2751ALB-14-244x163.jpg"},"property-detail-video-image":{"file":"Valencia-Domus-V2751ALB-14-818x417.jpg","width":818,"height":417,"mime-type":"image\/jpeg","url":"https:\/\/www.valenciadomus.com\/en\/wp-content\/uploads\/2018\/02\/Valencia-Domus-V2751ALB-14-818x417.jpg"},"agent-image":{"file":"Valencia-Domus-V2751ALB-14-210x210.jpg","width":210,"height":210,"mime-type":"image\/jpeg","url":"https:\/\/www.valenciadomus.com\/en\/wp-content\/uploads\/2018\/02\/Valencia-Domus-V2751ALB-14-210x210.jpg"},"partners-logo":{"file":"Valencia-Domus-V2751ALB-14-200x678.jpg","width":200,"height":678,"mime-type":"image\/jpeg","url":"https:\/\/www.valenciadomus.com\/en\/wp-content\/uploads\/2018\/02\/Valencia-Domus-V2751ALB-14-200x678.jpg"},"post-featured-image":{"file":"Valencia-Domus-V2751ALB-14-830x323.jpg","width":830,"height":323,"mime-type":"image\/jpeg","url":"https:\/\/www.valenciadomus.com\/en\/wp-content\/uploads\/2018\/02\/Valencia-Domus-V2751ALB-14-830x323.jpg"},"gallery-two-column-image":{"file":"Valencia-Domus-V2751ALB-14-536x269.jpg","width":536,"height":269,"mime-type":"image\/jpeg","url":"https:\/\/www.valenciadomus.com\/en\/wp-content\/uploads\/2018\/02\/Valencia-Domus-V2751ALB-14-536x269.jpg"},"property-detail-slider-image":{"file":"Valencia-Domus-V2751ALB-14-770x386.jpg","width":770,"height":386,"mime-type":"image\/jpeg","url":"https:\/\/www.valenciadomus.com\/en\/wp-content\/uploads\/2018\/02\/Valencia-Domus-V2751ALB-14-770x386.jpg"},"property-detail-slider-image-two":{"file":"Valencia-Domus-V2751ALB-14-830x460.jpg","width":830,"height":460,"mime-type":"image\/jpeg","url":"https:\/\/www.valenciadomus.com\/en\/wp-content\/uploads\/2018\/02\/Valencia-Domus-V2751ALB-14-830x460.jpg"},"property-detail-slider-thumb":{"file":"Valencia-Domus-V2751ALB-14-82x60.jpg","width":82,"height":60,"mime-type":"image\/jpeg","url":"https:\/\/www.valenciadomus.com\/en\/wp-content\/uploads\/2018\/02\/Valencia-Domus-V2751ALB-14-82x60.jpg"},"grid-view-image":{"file":"Valencia-Domus-V2751ALB-14-246x162.jpg","width":246,"height":162,"mime-type":"image\/jpeg","url":"https:\/\/www.valenciadomus.com\/en\/wp-content\/uploads\/2018\/02\/Valencia-Domus-V2751ALB-14-246x162.jpg"}},"image_meta":{"aperture":"0","credit":"Silvia Gavila","camera":"","caption":"","created_timestamp":"1521968164","copyright":"\u00a92017-2018 Silvia Gavila","focal_length":"0","iso":"0","shutter_speed":"0","title":"","orientation":"0","keywords":["Albacete 13.3"]},"ID":"1398","name":"Valencia-Domus-V2751ALB-14.jpg","path":"\/home2\/valenci1\/public_html\/en\/wp-content\/uploads\/2018\/02\/Valencia-Domus-V2751ALB-14.jpg","url":"https:\/\/www.valenciadomus.com\/en\/wp-content\/uploads\/2018\/02\/Valencia-Domus-V2751ALB-14-150x150.jpg","full_url":"https:\/\/www.valenciadomus.com\/en\/wp-content\/uploads\/2018\/02\/Valencia-Domus-V2751ALB-14.jpg","title":"Valencia Domus V2751ALB-14","caption":"","description":"","alt":"","srcset":"https:\/\/www.valenciadomus.com\/en\/wp-content\/uploads\/2018\/02\/Valencia-Domus-V2751ALB-14-150x150.jpg 150w, https:\/\/www.valenciadomus.com\/en\/wp-content\/uploads\/2018\/02\/Valencia-Domus-V2751ALB-14-210x210.jpg 210w"},{"width":150,"height":150,"file":"2018\/02\/Valencia-Domus-V2751ALB-15.jpg","sizes":{"thumbnail":{"file":"Valencia-Domus-V2751ALB-15-150x150.jpg","width":150,"height":150,"mime-type":"image\/jpeg","url":"https:\/\/www.valenciadomus.com\/en\/wp-content\/uploads\/2018\/02\/Valencia-Domus-V2751ALB-15-150x150.jpg"},"medium":{"file":"Valencia-Domus-V2751ALB-15-300x199.jpg","width":300,"height":199,"mime-type":"image\/jpeg","url":"https:\/\/www.valenciadomus.com\/en\/wp-content\/uploads\/2018\/02\/Valencia-Domus-V2751ALB-15-300x199.jpg"},"medium_large":{"file":"Valencia-Domus-V2751ALB-15-768x510.jpg","width":768,"height":510,"mime-type":"image\/jpeg","url":"https:\/\/www.valenciadomus.com\/en\/wp-content\/uploads\/2018\/02\/Valencia-Domus-V2751ALB-15-768x510.jpg"},"post-thumbnail":{"file":"Valencia-Domus-V2751ALB-15-150x100.jpg","width":150,"height":100,"mime-type":"image\/jpeg","url":"https:\/\/www.valenciadomus.com\/en\/wp-content\/uploads\/2018\/02\/Valencia-Domus-V2751ALB-15-150x100.jpg"},"property-thumb-image":{"file":"Valencia-Domus-V2751ALB-15-244x163.jpg","width":244,"height":163,"mime-type":"image\/jpeg","url":"https:\/\/www.valenciadomus.com\/en\/wp-content\/uploads\/2018\/02\/Valencia-Domus-V2751ALB-15-244x163.jpg"},"property-detail-video-image":{"file":"Valencia-Domus-V2751ALB-15-818x417.jpg","width":818,"height":417,"mime-type":"image\/jpeg","url":"https:\/\/www.valenciadomus.com\/en\/wp-content\/uploads\/2018\/02\/Valencia-Domus-V2751ALB-15-818x417.jpg"},"agent-image":{"file":"Valencia-Domus-V2751ALB-15-210x210.jpg","width":210,"height":210,"mime-type":"image\/jpeg","url":"https:\/\/www.valenciadomus.com\/en\/wp-content\/uploads\/2018\/02\/Valencia-Domus-V2751ALB-15-210x210.jpg"},"partners-logo":{"file":"Valencia-Domus-V2751ALB-15-200x664.jpg","width":200,"height":664,"mime-type":"image\/jpeg","url":"https:\/\/www.valenciadomus.com\/en\/wp-content\/uploads\/2018\/02\/Valencia-Domus-V2751ALB-15-200x664.jpg"},"post-featured-image":{"file":"Valencia-Domus-V2751ALB-15-830x323.jpg","width":830,"height":323,"mime-type":"image\/jpeg","url":"https:\/\/www.valenciadomus.com\/en\/wp-content\/uploads\/2018\/02\/Valencia-Domus-V2751ALB-15-830x323.jpg"},"gallery-two-column-image":{"file":"Valencia-Domus-V2751ALB-15-536x269.jpg","width":536,"height":269,"mime-type":"image\/jpeg","url":"https:\/\/www.valenciadomus.com\/en\/wp-content\/uploads\/2018\/02\/Valencia-Domus-V2751ALB-15-536x269.jpg"},"property-detail-slider-image":{"file":"Valencia-Domus-V2751ALB-15-770x386.jpg","width":770,"height":386,"mime-type":"image\/jpeg","url":"https:\/\/www.valenciadomus.com\/en\/wp-content\/uploads\/2018\/02\/Valencia-Domus-V2751ALB-15-770x386.jpg"},"property-detail-slider-image-two":{"file":"Valencia-Domus-V2751ALB-15-830x460.jpg","width":830,"height":460,"mime-type":"image\/jpeg","url":"https:\/\/www.valenciadomus.com\/en\/wp-content\/uploads\/2018\/02\/Valencia-Domus-V2751ALB-15-830x460.jpg"},"property-detail-slider-thumb":{"file":"Valencia-Domus-V2751ALB-15-82x60.jpg","width":82,"height":60,"mime-type":"image\/jpeg","url":"https:\/\/www.valenciadomus.com\/en\/wp-content\/uploads\/2018\/02\/Valencia-Domus-V2751ALB-15-82x60.jpg"},"grid-view-image":{"file":"Valencia-Domus-V2751ALB-15-246x162.jpg","width":246,"height":162,"mime-type":"image\/jpeg","url":"https:\/\/www.valenciadomus.com\/en\/wp-content\/uploads\/2018\/02\/Valencia-Domus-V2751ALB-15-246x162.jpg"}},"image_meta":{"aperture":"0","credit":"Silvia Gavila","camera":"","caption":"","created_timestamp":"1521968176","copyright":"\u00a92017-2018 Silvia Gavila","focal_length":"0","iso":"0","shutter_speed":"0","title":"","orientation":"0","keywords":["Albacete 13.3"]},"ID":"1399","name":"Valencia-Domus-V2751ALB-15.jpg","path":"\/home2\/valenci1\/public_html\/en\/wp-content\/uploads\/2018\/02\/Valencia-Domus-V2751ALB-15.jpg","url":"https:\/\/www.valenciadomus.com\/en\/wp-content\/uploads\/2018\/02\/Valencia-Domus-V2751ALB-15-150x150.jpg","full_url":"https:\/\/www.valenciadomus.com\/en\/wp-content\/uploads\/2018\/02\/Valencia-Domus-V2751ALB-15.jpg","title":"Valencia Domus V2751ALB-15","caption":"","description":"","alt":"","srcset":"https:\/\/www.valenciadomus.com\/en\/wp-content\/uploads\/2018\/02\/Valencia-Domus-V2751ALB-15-150x150.jpg 150w, https:\/\/www.valenciadomus.com\/en\/wp-content\/uploads\/2018\/02\/Valencia-Domus-V2751ALB-15-210x210.jpg 210w"},{"width":150,"height":150,"file":"2018\/02\/Valencia-Domus-V2751ALB-4.jpg","sizes":{"thumbnail":{"file":"Valencia-Domus-V2751ALB-4-150x150.jpg","width":150,"height":150,"mime-type":"image\/jpeg","url":"https:\/\/www.valenciadomus.com\/en\/wp-content\/uploads\/2018\/02\/Valencia-Domus-V2751ALB-4-150x150.jpg"},"medium":{"file":"Valencia-Domus-V2751ALB-4-300x200.jpg","width":300,"height":200,"mime-type":"image\/jpeg","url":"https:\/\/www.valenciadomus.com\/en\/wp-content\/uploads\/2018\/02\/Valencia-Domus-V2751ALB-4-300x200.jpg"},"medium_large":{"file":"Valencia-Domus-V2751ALB-4-768x511.jpg","width":768,"height":511,"mime-type":"image\/jpeg","url":"https:\/\/www.valenciadomus.com\/en\/wp-content\/uploads\/2018\/02\/Valencia-Domus-V2751ALB-4-768x511.jpg"},"post-thumbnail":{"file":"Valencia-Domus-V2751ALB-4-150x100.jpg","width":150,"height":100,"mime-type":"image\/jpeg","url":"https:\/\/www.valenciadomus.com\/en\/wp-content\/uploads\/2018\/02\/Valencia-Domus-V2751ALB-4-150x100.jpg"},"property-thumb-image":{"file":"Valencia-Domus-V2751ALB-4-244x163.jpg","width":244,"height":163,"mime-type":"image\/jpeg","url":"https:\/\/www.valenciadomus.com\/en\/wp-content\/uploads\/2018\/02\/Valencia-Domus-V2751ALB-4-244x163.jpg"},"property-detail-video-image":{"file":"Valencia-Domus-V2751ALB-4-818x417.jpg","width":818,"height":417,"mime-type":"image\/jpeg","url":"https:\/\/www.valenciadomus.com\/en\/wp-content\/uploads\/2018\/02\/Valencia-Domus-V2751ALB-4-818x417.jpg"},"agent-image":{"file":"Valencia-Domus-V2751ALB-4-210x210.jpg","width":210,"height":210,"mime-type":"image\/jpeg","url":"https:\/\/www.valenciadomus.com\/en\/wp-content\/uploads\/2018\/02\/Valencia-Domus-V2751ALB-4-210x210.jpg"},"partners-logo":{"file":"Valencia-Domus-V2751ALB-4-200x665.jpg","width":200,"height":665,"mime-type":"image\/jpeg","url":"https:\/\/www.valenciadomus.com\/en\/wp-content\/uploads\/2018\/02\/Valencia-Domus-V2751ALB-4-200x665.jpg"},"post-featured-image":{"file":"Valencia-Domus-V2751ALB-4-830x323.jpg","width":830,"height":323,"mime-type":"image\/jpeg","url":"https:\/\/www.valenciadomus.com\/en\/wp-content\/uploads\/2018\/02\/Valencia-Domus-V2751ALB-4-830x323.jpg"},"gallery-two-column-image":{"file":"Valencia-Domus-V2751ALB-4-536x269.jpg","width":536,"height":269,"mime-type":"image\/jpeg","url":"https:\/\/www.valenciadomus.com\/en\/wp-content\/uploads\/2018\/02\/Valencia-Domus-V2751ALB-4-536x269.jpg"},"property-detail-slider-image":{"file":"Valencia-Domus-V2751ALB-4-770x386.jpg","width":770,"height":386,"mime-type":"image\/jpeg","url":"https:\/\/www.valenciadomus.com\/en\/wp-content\/uploads\/2018\/02\/Valencia-Domus-V2751ALB-4-770x386.jpg"},"property-detail-slider-image-two":{"file":"Valencia-Domus-V2751ALB-4-830x460.jpg","width":830,"height":460,"mime-type":"image\/jpeg","url":"https:\/\/www.valenciadomus.com\/en\/wp-content\/uploads\/2018\/02\/Valencia-Domus-V2751ALB-4-830x460.jpg"},"property-detail-slider-thumb":{"file":"Valencia-Domus-V2751ALB-4-82x60.jpg","width":82,"height":60,"mime-type":"image\/jpeg","url":"https:\/\/www.valenciadomus.com\/en\/wp-content\/uploads\/2018\/02\/Valencia-Domus-V2751ALB-4-82x60.jpg"},"grid-view-image":{"file":"Valencia-Domus-V2751ALB-4-246x162.jpg","width":246,"height":162,"mime-type":"image\/jpeg","url":"https:\/\/www.valenciadomus.com\/en\/wp-content\/uploads\/2018\/02\/Valencia-Domus-V2751ALB-4-246x162.jpg"}},"image_meta":{"aperture":"0","credit":"","camera":"","caption":"","created_timestamp":"1519305221","copyright":"","focal_length":"0","iso":"0","shutter_speed":"0","title":"","orientation":"0","keywords":[]},"ID":"1380","name":"Valencia-Domus-V2751ALB-4.jpg","path":"\/home2\/valenci1\/public_html\/en\/wp-content\/uploads\/2018\/02\/Valencia-Domus-V2751ALB-4.jpg","url":"https:\/\/www.valenciadomus.com\/en\/wp-content\/uploads\/2018\/02\/Valencia-Domus-V2751ALB-4-150x150.jpg","full_url":"https:\/\/www.valenciadomus.com\/en\/wp-content\/uploads\/2018\/02\/Valencia-Domus-V2751ALB-4.jpg","title":"Valencia Domus V2751ALB-4","caption":"","description":"","alt":"","srcset":"https:\/\/www.valenciadomus.com\/en\/wp-content\/uploads\/2018\/02\/Valencia-Domus-V2751ALB-4-150x150.jpg 150w, https:\/\/www.valenciadomus.com\/en\/wp-content\/uploads\/2018\/02\/Valencia-Domus-V2751ALB-4-210x210.jpg 210w"},{"width":150,"height":150,"file":"2018\/02\/Valencia-Domus-V2751ALB-6.jpg","sizes":{"thumbnail":{"file":"Valencia-Domus-V2751ALB-6-150x150.jpg","width":150,"height":150,"mime-type":"image\/jpeg","url":"https:\/\/www.valenciadomus.com\/en\/wp-content\/uploads\/2018\/02\/Valencia-Domus-V2751ALB-6-150x150.jpg"},"medium":{"file":"Valencia-Domus-V2751ALB-6-300x199.jpg","width":300,"height":199,"mime-type":"image\/jpeg","url":"https:\/\/www.valenciadomus.com\/en\/wp-content\/uploads\/2018\/02\/Valencia-Domus-V2751ALB-6-300x199.jpg"},"medium_large":{"file":"Valencia-Domus-V2751ALB-6-768x510.jpg","width":768,"height":510,"mime-type":"image\/jpeg","url":"https:\/\/www.valenciadomus.com\/en\/wp-content\/uploads\/2018\/02\/Valencia-Domus-V2751ALB-6-768x510.jpg"},"post-thumbnail":{"file":"Valencia-Domus-V2751ALB-6-150x100.jpg","width":150,"height":100,"mime-type":"image\/jpeg","url":"https:\/\/www.valenciadomus.com\/en\/wp-content\/uploads\/2018\/02\/Valencia-Domus-V2751ALB-6-150x100.jpg"},"property-thumb-image":{"file":"Valencia-Domus-V2751ALB-6-244x163.jpg","width":244,"height":163,"mime-type":"image\/jpeg","url":"https:\/\/www.valenciadomus.com\/en\/wp-content\/uploads\/2018\/02\/Valencia-Domus-V2751ALB-6-244x163.jpg"},"property-detail-video-image":{"file":"Valencia-Domus-V2751ALB-6-818x417.jpg","width":818,"height":417,"mime-type":"image\/jpeg","url":"https:\/\/www.valenciadomus.com\/en\/wp-content\/uploads\/2018\/02\/Valencia-Domus-V2751ALB-6-818x417.jpg"},"agent-image":{"file":"Valencia-Domus-V2751ALB-6-210x210.jpg","width":210,"height":210,"mime-type":"image\/jpeg","url":"https:\/\/www.valenciadomus.com\/en\/wp-content\/uploads\/2018\/02\/Valencia-Domus-V2751ALB-6-210x210.jpg"},"partners-logo":{"file":"Valencia-Domus-V2751ALB-6-200x664.jpg","width":200,"height":664,"mime-type":"image\/jpeg","url":"https:\/\/www.valenciadomus.com\/en\/wp-content\/uploads\/2018\/02\/Valencia-Domus-V2751ALB-6-200x664.jpg"},"post-featured-image":{"file":"Valencia-Domus-V2751ALB-6-830x323.jpg","width":830,"height":323,"mime-type":"image\/jpeg","url":"https:\/\/www.valenciadomus.com\/en\/wp-content\/uploads\/2018\/02\/Valencia-Domus-V2751ALB-6-830x323.jpg"},"gallery-two-column-image":{"file":"Valencia-Domus-V2751ALB-6-536x269.jpg","width":536,"height":269,"mime-type":"image\/jpeg","url":"https:\/\/www.valenciadomus.com\/en\/wp-content\/uploads\/2018\/02\/Valencia-Domus-V2751ALB-6-536x269.jpg"},"property-detail-slider-image":{"file":"Valencia-Domus-V2751ALB-6-770x386.jpg","width":770,"height":386,"mime-type":"image\/jpeg","url":"https:\/\/www.valenciadomus.com\/en\/wp-content\/uploads\/2018\/02\/Valencia-Domus-V2751ALB-6-770x386.jpg"},"property-detail-slider-image-two":{"file":"Valencia-Domus-V2751ALB-6-830x460.jpg","width":830,"height":460,"mime-type":"image\/jpeg","url":"https:\/\/www.valenciadomus.com\/en\/wp-content\/uploads\/2018\/02\/Valencia-Domus-V2751ALB-6-830x460.jpg"},"property-detail-slider-thumb":{"file":"Valencia-Domus-V2751ALB-6-82x60.jpg","width":82,"height":60,"mime-type":"image\/jpeg","url":"https:\/\/www.valenciadomus.com\/en\/wp-content\/uploads\/2018\/02\/Valencia-Domus-V2751ALB-6-82x60.jpg"},"grid-view-image":{"file":"Valencia-Domus-V2751ALB-6-246x162.jpg","width":246,"height":162,"mime-type":"image\/jpeg","url":"https:\/\/www.valenciadomus.com\/en\/wp-content\/uploads\/2018\/02\/Valencia-Domus-V2751ALB-6-246x162.jpg"}},"image_meta":{"aperture":"0","credit":"","camera":"","caption":"","created_timestamp":"1519305381","copyright":"","focal_length":"0","iso":"0","shutter_speed":"0","title":"","orientation":"0","keywords":[]},"ID":"1382","name":"Valencia-Domus-V2751ALB-6.jpg","path":"\/home2\/valenci1\/public_html\/en\/wp-content\/uploads\/2018\/02\/Valencia-Domus-V2751ALB-6.jpg","url":"https:\/\/www.valenciadomus.com\/en\/wp-content\/uploads\/2018\/02\/Valencia-Domus-V2751ALB-6-150x150.jpg","full_url":"https:\/\/www.valenciadomus.com\/en\/wp-content\/uploads\/2018\/02\/Valencia-Domus-V2751ALB-6.jpg","title":"Valencia Domus V2751ALB-6","caption":"","description":"","alt":"Piso impecable cerca de la Finca Roja","srcset":"https:\/\/www.valenciadomus.com\/en\/wp-content\/uploads\/2018\/02\/Valencia-Domus-V2751ALB-6-150x150.jpg 150w, https:\/\/www.valenciadomus.com\/en\/wp-content\/uploads\/2018\/02\/Valencia-Domus-V2751ALB-6-210x210.jpg 210w"},{"width":150,"height":150,"file":"2018\/02\/Valencia-Domus-V2751ALB-3.jpg","sizes":{"thumbnail":{"file":"Valencia-Domus-V2751ALB-3-150x150.jpg","width":150,"height":150,"mime-type":"image\/jpeg","url":"https:\/\/www.valenciadomus.com\/en\/wp-content\/uploads\/2018\/02\/Valencia-Domus-V2751ALB-3-150x150.jpg"},"medium":{"file":"Valencia-Domus-V2751ALB-3-300x205.jpg","width":300,"height":205,"mime-type":"image\/jpeg","url":"https:\/\/www.valenciadomus.com\/en\/wp-content\/uploads\/2018\/02\/Valencia-Domus-V2751ALB-3-300x205.jpg"},"medium_large":{"file":"Valencia-Domus-V2751ALB-3-768x524.jpg","width":768,"height":524,"mime-type":"image\/jpeg","url":"https:\/\/www.valenciadomus.com\/en\/wp-content\/uploads\/2018\/02\/Valencia-Domus-V2751ALB-3-768x524.jpg"},"post-thumbnail":{"file":"Valencia-Domus-V2751ALB-3-150x102.jpg","width":150,"height":102,"mime-type":"image\/jpeg","url":"https:\/\/www.valenciadomus.com\/en\/wp-content\/uploads\/2018\/02\/Valencia-Domus-V2751ALB-3-150x102.jpg"},"property-thumb-image":{"file":"Valencia-Domus-V2751ALB-3-244x163.jpg","width":244,"height":163,"mime-type":"image\/jpeg","url":"https:\/\/www.valenciadomus.com\/en\/wp-content\/uploads\/2018\/02\/Valencia-Domus-V2751ALB-3-244x163.jpg"},"property-detail-video-image":{"file":"Valencia-Domus-V2751ALB-3-818x417.jpg","width":818,"height":417,"mime-type":"image\/jpeg","url":"https:\/\/www.valenciadomus.com\/en\/wp-content\/uploads\/2018\/02\/Valencia-Domus-V2751ALB-3-818x417.jpg"},"agent-image":{"file":"Valencia-Domus-V2751ALB-3-210x210.jpg","width":210,"height":210,"mime-type":"image\/jpeg","url":"https:\/\/www.valenciadomus.com\/en\/wp-content\/uploads\/2018\/02\/Valencia-Domus-V2751ALB-3-210x210.jpg"},"partners-logo":{"file":"Valencia-Domus-V2751ALB-3-200x682.jpg","width":200,"height":682,"mime-type":"image\/jpeg","url":"https:\/\/www.valenciadomus.com\/en\/wp-content\/uploads\/2018\/02\/Valencia-Domus-V2751ALB-3-200x682.jpg"},"post-featured-image":{"file":"Valencia-Domus-V2751ALB-3-830x323.jpg","width":830,"height":323,"mime-type":"image\/jpeg","url":"https:\/\/www.valenciadomus.com\/en\/wp-content\/uploads\/2018\/02\/Valencia-Domus-V2751ALB-3-830x323.jpg"},"gallery-two-column-image":{"file":"Valencia-Domus-V2751ALB-3-536x269.jpg","width":536,"height":269,"mime-type":"image\/jpeg","url":"https:\/\/www.valenciadomus.com\/en\/wp-content\/uploads\/2018\/02\/Valencia-Domus-V2751ALB-3-536x269.jpg"},"property-detail-slider-image":{"file":"Valencia-Domus-V2751ALB-3-770x386.jpg","width":770,"height":386,"mime-type":"image\/jpeg","url":"https:\/\/www.valenciadomus.com\/en\/wp-content\/uploads\/2018\/02\/Valencia-Domus-V2751ALB-3-770x386.jpg"},"property-detail-slider-image-two":{"file":"Valencia-Domus-V2751ALB-3-830x460.jpg","width":830,"height":460,"mime-type":"image\/jpeg","url":"https:\/\/www.valenciadomus.com\/en\/wp-content\/uploads\/2018\/02\/Valencia-Domus-V2751ALB-3-830x460.jpg"},"property-detail-slider-thumb":{"file":"Valencia-Domus-V2751ALB-3-82x60.jpg","width":82,"height":60,"mime-type":"image\/jpeg","url":"https:\/\/www.valenciadomus.com\/en\/wp-content\/uploads\/2018\/02\/Valencia-Domus-V2751ALB-3-82x60.jpg"},"grid-view-image":{"file":"Valencia-Domus-V2751ALB-3-246x162.jpg","width":246,"height":162,"mime-type":"image\/jpeg","url":"https:\/\/www.valenciadomus.com\/en\/wp-content\/uploads\/2018\/02\/Valencia-Domus-V2751ALB-3-246x162.jpg"}},"image_meta":{"aperture":"0","credit":"","camera":"","caption":"","created_timestamp":"1519305108","copyright":"","focal_length":"0","iso":"0","shutter_speed":"0","title":"","orientation":"0","keywords":[]},"ID":"1379","name":"Valencia-Domus-V2751ALB-3.jpg","path":"\/home2\/valenci1\/public_html\/en\/wp-content\/uploads\/2018\/02\/Valencia-Domus-V2751ALB-3.jpg","url":"https:\/\/www.valenciadomus.com\/en\/wp-content\/uploads\/2018\/02\/Valencia-Domus-V2751ALB-3-150x150.jpg","full_url":"https:\/\/www.valenciadomus.com\/en\/wp-content\/uploads\/2018\/02\/Valencia-Domus-V2751ALB-3.jpg","title":"Valencia Domus V2751ALB-3","caption":"","description":"","alt":"","srcset":"https:\/\/www.valenciadomus.com\/en\/wp-content\/uploads\/2018\/02\/Valencia-Domus-V2751ALB-3-150x150.jpg 150w, https:\/\/www.valenciadomus.com\/en\/wp-content\/uploads\/2018\/02\/Valencia-Domus-V2751ALB-3-210x210.jpg 210w"},{"width":150,"height":150,"file":"2018\/02\/Valencia-Domus-V2751ALB-5.jpg","sizes":{"thumbnail":{"file":"Valencia-Domus-V2751ALB-5-150x150.jpg","width":150,"height":150,"mime-type":"image\/jpeg","url":"https:\/\/www.valenciadomus.com\/en\/wp-content\/uploads\/2018\/02\/Valencia-Domus-V2751ALB-5-150x150.jpg"},"medium":{"file":"Valencia-Domus-V2751ALB-5-300x199.jpg","width":300,"height":199,"mime-type":"image\/jpeg","url":"https:\/\/www.valenciadomus.com\/en\/wp-content\/uploads\/2018\/02\/Valencia-Domus-V2751ALB-5-300x199.jpg"},"medium_large":{"file":"Valencia-Domus-V2751ALB-5-768x510.jpg","width":768,"height":510,"mime-type":"image\/jpeg","url":"https:\/\/www.valenciadomus.com\/en\/wp-content\/uploads\/2018\/02\/Valencia-Domus-V2751ALB-5-768x510.jpg"},"post-thumbnail":{"file":"Valencia-Domus-V2751ALB-5-150x100.jpg","width":150,"height":100,"mime-type":"image\/jpeg","url":"https:\/\/www.valenciadomus.com\/en\/wp-content\/uploads\/2018\/02\/Valencia-Domus-V2751ALB-5-150x100.jpg"},"property-thumb-image":{"file":"Valencia-Domus-V2751ALB-5-244x163.jpg","width":244,"height":163,"mime-type":"image\/jpeg","url":"https:\/\/www.valenciadomus.com\/en\/wp-content\/uploads\/2018\/02\/Valencia-Domus-V2751ALB-5-244x163.jpg"},"property-detail-video-image":{"file":"Valencia-Domus-V2751ALB-5-818x417.jpg","width":818,"height":417,"mime-type":"image\/jpeg","url":"https:\/\/www.valenciadomus.com\/en\/wp-content\/uploads\/2018\/02\/Valencia-Domus-V2751ALB-5-818x417.jpg"},"agent-image":{"file":"Valencia-Domus-V2751ALB-5-210x210.jpg","width":210,"height":210,"mime-type":"image\/jpeg","url":"https:\/\/www.valenciadomus.com\/en\/wp-content\/uploads\/2018\/02\/Valencia-Domus-V2751ALB-5-210x210.jpg"},"partners-logo":{"file":"Valencia-Domus-V2751ALB-5-200x664.jpg","width":200,"height":664,"mime-type":"image\/jpeg","url":"https:\/\/www.valenciadomus.com\/en\/wp-content\/uploads\/2018\/02\/Valencia-Domus-V2751ALB-5-200x664.jpg"},"post-featured-image":{"file":"Valencia-Domus-V2751ALB-5-830x323.jpg","width":830,"height":323,"mime-type":"image\/jpeg","url":"https:\/\/www.valenciadomus.com\/en\/wp-content\/uploads\/2018\/02\/Valencia-Domus-V2751ALB-5-830x323.jpg"},"gallery-two-column-image":{"file":"Valencia-Domus-V2751ALB-5-536x269.jpg","width":536,"height":269,"mime-type":"image\/jpeg","url":"https:\/\/www.valenciadomus.com\/en\/wp-content\/uploads\/2018\/02\/Valencia-Domus-V2751ALB-5-536x269.jpg"},"property-detail-slider-image":{"file":"Valencia-Domus-V2751ALB-5-770x386.jpg","width":770,"height":386,"mime-type":"image\/jpeg","url":"https:\/\/www.valenciadomus.com\/en\/wp-content\/uploads\/2018\/02\/Valencia-Domus-V2751ALB-5-770x386.jpg"},"property-detail-slider-image-two":{"file":"Valencia-Domus-V2751ALB-5-830x460.jpg","width":830,"height":460,"mime-type":"image\/jpeg","url":"https:\/\/www.valenciadomus.com\/en\/wp-content\/uploads\/2018\/02\/Valencia-Domus-V2751ALB-5-830x460.jpg"},"property-detail-slider-thumb":{"file":"Valencia-Domus-V2751ALB-5-82x60.jpg","width":82,"height":60,"mime-type":"image\/jpeg","url":"https:\/\/www.valenciadomus.com\/en\/wp-content\/uploads\/2018\/02\/Valencia-Domus-V2751ALB-5-82x60.jpg"},"grid-view-image":{"file":"Valencia-Domus-V2751ALB-5-246x162.jpg","width":246,"height":162,"mime-type":"image\/jpeg","url":"https:\/\/www.valenciadomus.com\/en\/wp-content\/uploads\/2018\/02\/Valencia-Domus-V2751ALB-5-246x162.jpg"}},"image_meta":{"aperture":"0","credit":"","camera":"","caption":"","created_timestamp":"1519306064","copyright":"","focal_length":"0","iso":"0","shutter_speed":"0","title":"","orientation":"0","keywords":[]},"ID":"1381","name":"Valencia-Domus-V2751ALB-5.jpg","path":"\/home2\/valenci1\/public_html\/en\/wp-content\/uploads\/2018\/02\/Valencia-Domus-V2751ALB-5.jpg","url":"https:\/\/www.valenciadomus.com\/en\/wp-content\/uploads\/2018\/02\/Valencia-Domus-V2751ALB-5-150x150.jpg","full_url":"https:\/\/www.valenciadomus.com\/en\/wp-content\/uploads\/2018\/02\/Valencia-Domus-V2751ALB-5.jpg","title":"Valencia Domus V2751ALB-5","caption":"","description":"","alt":"","srcset":"https:\/\/www.valenciadomus.com\/en\/wp-content\/uploads\/2018\/02\/Valencia-Domus-V2751ALB-5-150x150.jpg 150w, https:\/\/www.valenciadomus.com\/en\/wp-content\/uploads\/2018\/02\/Valencia-Domus-V2751ALB-5-210x210.jpg 210w"}],"REAL_HOMES_change_gallery_slider_type":"","REAL_HOMES_gallery_slider_type":"thumb-on-right","inspiry_floor_plans":[],"inspiry_video_group":[],"REAL_HOMES_360_virtual_tour":"","REAL_HOMES_agent_display_option":"none","REAL_HOMES_agents":[],"REAL_HOMES_energy_class":"","REAL_HOMES_energy_performance":"","REAL_HOMES_epc_current_rating":"","REAL_HOMES_epc_potential_rating":"","ere_property_schedule_tour":"","ere_property_schedule_time_slots":"","ere_property_schedule_description":"","REAL_HOMES_sticky":"0","inspiry_property_label":"Alquilado!","inspiry_property_label_color":"","inspiry_property_tax":"","inspiry_additional_fee":"","REAL_HOMES_attachments":[],"inspiry_property_owner_name":"JR","inspiry_property_owner_contact":"","inspiry_property_owner_address":"","REAL_HOMES_property_private_note":"alquilado en abril 2018 a pablo por 680, bajada a 750 desde precio inicial de 800\r\ndisponible marzo 2020 - anunciado a 850, oferta de 800 y 750. alquilado por 750 a lucia y borja","inspiry_message_to_reviewer":"","REAL_HOMES_add_in_slider":"yes","REAL_HOMES_slider_image":[{"width":150,"height":150,"file":"2018\/02\/Valencia-Domus-V2751ALB-HPS-1.jpg","sizes":{"thumbnail":{"file":"Valencia-Domus-V2751ALB-HPS-1-150x150.jpg","width":150,"height":150,"mime-type":"image\/jpeg","url":"https:\/\/www.valenciadomus.com\/en\/wp-content\/uploads\/2018\/02\/Valencia-Domus-V2751ALB-HPS-1-150x150.jpg"},"medium":{"file":"Valencia-Domus-V2751ALB-HPS-1-300x105.jpg","width":300,"height":105,"mime-type":"image\/jpeg","url":"https:\/\/www.valenciadomus.com\/en\/wp-content\/uploads\/2018\/02\/Valencia-Domus-V2751ALB-HPS-1-300x105.jpg"},"medium_large":{"file":"Valencia-Domus-V2751ALB-HPS-1-768x269.jpg","width":768,"height":269,"mime-type":"image\/jpeg","url":"https:\/\/www.valenciadomus.com\/en\/wp-content\/uploads\/2018\/02\/Valencia-Domus-V2751ALB-HPS-1-768x269.jpg"},"post-thumbnail":{"file":"Valencia-Domus-V2751ALB-HPS-1-150x53.jpg","width":150,"height":53,"mime-type":"image\/jpeg","url":"https:\/\/www.valenciadomus.com\/en\/wp-content\/uploads\/2018\/02\/Valencia-Domus-V2751ALB-HPS-1-150x53.jpg"},"property-thumb-image":{"file":"Valencia-Domus-V2751ALB-HPS-1-244x163.jpg","width":244,"height":163,"mime-type":"image\/jpeg","url":"https:\/\/www.valenciadomus.com\/en\/wp-content\/uploads\/2018\/02\/Valencia-Domus-V2751ALB-HPS-1-244x163.jpg"},"property-detail-video-image":{"file":"Valencia-Domus-V2751ALB-HPS-1-818x350.jpg","width":818,"height":350,"mime-type":"image\/jpeg","url":"https:\/\/www.valenciadomus.com\/en\/wp-content\/uploads\/2018\/02\/Valencia-Domus-V2751ALB-HPS-1-818x350.jpg"},"agent-image":{"file":"Valencia-Domus-V2751ALB-HPS-1-210x210.jpg","width":210,"height":210,"mime-type":"image\/jpeg","url":"https:\/\/www.valenciadomus.com\/en\/wp-content\/uploads\/2018\/02\/Valencia-Domus-V2751ALB-HPS-1-210x210.jpg"},"partners-logo":{"file":"Valencia-Domus-V2751ALB-HPS-1-200x350.jpg","width":200,"height":350,"mime-type":"image\/jpeg","url":"https:\/\/www.valenciadomus.com\/en\/wp-content\/uploads\/2018\/02\/Valencia-Domus-V2751ALB-HPS-1-200x350.jpg"},"post-featured-image":{"file":"Valencia-Domus-V2751ALB-HPS-1-830x323.jpg","width":830,"height":323,"mime-type":"image\/jpeg","url":"https:\/\/www.valenciadomus.com\/en\/wp-content\/uploads\/2018\/02\/Valencia-Domus-V2751ALB-HPS-1-830x323.jpg"},"gallery-two-column-image":{"file":"Valencia-Domus-V2751ALB-HPS-1-536x269.jpg","width":536,"height":269,"mime-type":"image\/jpeg","url":"https:\/\/www.valenciadomus.com\/en\/wp-content\/uploads\/2018\/02\/Valencia-Domus-V2751ALB-HPS-1-536x269.jpg"},"property-detail-slider-image":{"file":"Valencia-Domus-V2751ALB-HPS-1-770x350.jpg","width":770,"height":350,"mime-type":"image\/jpeg","url":"https:\/\/www.valenciadomus.com\/en\/wp-content\/uploads\/2018\/02\/Valencia-Domus-V2751ALB-HPS-1-770x350.jpg"},"property-detail-slider-image-two":{"file":"Valencia-Domus-V2751ALB-HPS-1-830x350.jpg","width":830,"height":350,"mime-type":"image\/jpeg","url":"https:\/\/www.valenciadomus.com\/en\/wp-content\/uploads\/2018\/02\/Valencia-Domus-V2751ALB-HPS-1-830x350.jpg"},"property-detail-slider-thumb":{"file":"Valencia-Domus-V2751ALB-HPS-1-82x60.jpg","width":82,"height":60,"mime-type":"image\/jpeg","url":"https:\/\/www.valenciadomus.com\/en\/wp-content\/uploads\/2018\/02\/Valencia-Domus-V2751ALB-HPS-1-82x60.jpg"},"grid-view-image":{"file":"Valencia-Domus-V2751ALB-HPS-1-246x162.jpg","width":246,"height":162,"mime-type":"image\/jpeg","url":"https:\/\/www.valenciadomus.com\/en\/wp-content\/uploads\/2018\/02\/Valencia-Domus-V2751ALB-HPS-1-246x162.jpg"}},"image_meta":{"aperture":"0","credit":"","camera":"","caption":"","created_timestamp":"1519305381","copyright":"","focal_length":"0","iso":"0","shutter_speed":"0","title":"","orientation":"0","keywords":[]},"ID":"1386","name":"Valencia-Domus-V2751ALB-HPS-1.jpg","path":"\/home2\/valenci1\/public_html\/en\/wp-content\/uploads\/2018\/02\/Valencia-Domus-V2751ALB-HPS-1.jpg","url":"https:\/\/www.valenciadomus.com\/en\/wp-content\/uploads\/2018\/02\/Valencia-Domus-V2751ALB-HPS-1-150x150.jpg","full_url":"https:\/\/www.valenciadomus.com\/en\/wp-content\/uploads\/2018\/02\/Valencia-Domus-V2751ALB-HPS-1.jpg","title":"Valencia Domus V2751ALB-HPS-1","caption":"","description":"","alt":"","srcset":"https:\/\/www.valenciadomus.com\/en\/wp-content\/uploads\/2018\/02\/Valencia-Domus-V2751ALB-HPS-1-150x150.jpg 150w, https:\/\/www.valenciadomus.com\/en\/wp-content\/uploads\/2018\/02\/Valencia-Domus-V2751ALB-HPS-1-210x210.jpg 210w"}],"REAL_HOMES_page_banner_image":[{"width":150,"height":115,"file":"2018\/02\/Valencia-Domus-V2751ALB-TB-1.jpg","sizes":{"thumbnail":{"file":"Valencia-Domus-V2751ALB-TB-1-150x115.jpg","width":150,"height":115,"mime-type":"image\/jpeg","url":"https:\/\/www.valenciadomus.com\/en\/wp-content\/uploads\/2018\/02\/Valencia-Domus-V2751ALB-TB-1-150x115.jpg"},"medium":{"file":"Valencia-Domus-V2751ALB-TB-1-300x35.jpg","width":300,"height":35,"mime-type":"image\/jpeg","url":"https:\/\/www.valenciadomus.com\/en\/wp-content\/uploads\/2018\/02\/Valencia-Domus-V2751ALB-TB-1-300x35.jpg"},"medium_large":{"file":"Valencia-Domus-V2751ALB-TB-1-768x88.jpg","width":768,"height":88,"mime-type":"image\/jpeg","url":"https:\/\/www.valenciadomus.com\/en\/wp-content\/uploads\/2018\/02\/Valencia-Domus-V2751ALB-TB-1-768x88.jpg"},"post-thumbnail":{"file":"Valencia-Domus-V2751ALB-TB-1-150x17.jpg","width":150,"height":17,"mime-type":"image\/jpeg","url":"https:\/\/www.valenciadomus.com\/en\/wp-content\/uploads\/2018\/02\/Valencia-Domus-V2751ALB-TB-1-150x17.jpg"},"property-thumb-image":{"file":"Valencia-Domus-V2751ALB-TB-1-244x115.jpg","width":244,"height":115,"mime-type":"image\/jpeg","url":"https:\/\/www.valenciadomus.com\/en\/wp-content\/uploads\/2018\/02\/Valencia-Domus-V2751ALB-TB-1-244x115.jpg"},"property-detail-video-image":{"file":"Valencia-Domus-V2751ALB-TB-1-818x115.jpg","width":818,"height":115,"mime-type":"image\/jpeg","url":"https:\/\/www.valenciadomus.com\/en\/wp-content\/uploads\/2018\/02\/Valencia-Domus-V2751ALB-TB-1-818x115.jpg"},"agent-image":{"file":"Valencia-Domus-V2751ALB-TB-1-210x115.jpg","width":210,"height":115,"mime-type":"image\/jpeg","url":"https:\/\/www.valenciadomus.com\/en\/wp-content\/uploads\/2018\/02\/Valencia-Domus-V2751ALB-TB-1-210x115.jpg"},"partners-logo":{"file":"Valencia-Domus-V2751ALB-TB-1-200x115.jpg","width":200,"height":115,"mime-type":"image\/jpeg","url":"https:\/\/www.valenciadomus.com\/en\/wp-content\/uploads\/2018\/02\/Valencia-Domus-V2751ALB-TB-1-200x115.jpg"},"post-featured-image":{"file":"Valencia-Domus-V2751ALB-TB-1-830x115.jpg","width":830,"height":115,"mime-type":"image\/jpeg","url":"https:\/\/www.valenciadomus.com\/en\/wp-content\/uploads\/2018\/02\/Valencia-Domus-V2751ALB-TB-1-830x115.jpg"},"gallery-two-column-image":{"file":"Valencia-Domus-V2751ALB-TB-1-536x115.jpg","width":536,"height":115,"mime-type":"image\/jpeg","url":"https:\/\/www.valenciadomus.com\/en\/wp-content\/uploads\/2018\/02\/Valencia-Domus-V2751ALB-TB-1-536x115.jpg"},"property-detail-slider-image":{"file":"Valencia-Domus-V2751ALB-TB-1-770x115.jpg","width":770,"height":115,"mime-type":"image\/jpeg","url":"https:\/\/www.valenciadomus.com\/en\/wp-content\/uploads\/2018\/02\/Valencia-Domus-V2751ALB-TB-1-770x115.jpg"},"property-detail-slider-image-two":{"file":"Valencia-Domus-V2751ALB-TB-1-830x115.jpg","width":830,"height":115,"mime-type":"image\/jpeg","url":"https:\/\/www.valenciadomus.com\/en\/wp-content\/uploads\/2018\/02\/Valencia-Domus-V2751ALB-TB-1-830x115.jpg"},"property-detail-slider-thumb":{"file":"Valencia-Domus-V2751ALB-TB-1-82x60.jpg","width":82,"height":60,"mime-type":"image\/jpeg","url":"https:\/\/www.valenciadomus.com\/en\/wp-content\/uploads\/2018\/02\/Valencia-Domus-V2751ALB-TB-1-82x60.jpg"},"grid-view-image":{"file":"Valencia-Domus-V2751ALB-TB-1-246x115.jpg","width":246,"height":115,"mime-type":"image\/jpeg","url":"https:\/\/www.valenciadomus.com\/en\/wp-content\/uploads\/2018\/02\/Valencia-Domus-V2751ALB-TB-1-246x115.jpg"}},"image_meta":{"aperture":"0","credit":"","camera":"","caption":"","created_timestamp":"1519306064","copyright":"","focal_length":"0","iso":"0","shutter_speed":"0","title":"","orientation":"0","keywords":[]},"ID":"1387","name":"Valencia-Domus-V2751ALB-TB-1.jpg","path":"\/home2\/valenci1\/public_html\/en\/wp-content\/uploads\/2018\/02\/Valencia-Domus-V2751ALB-TB-1.jpg","url":"https:\/\/www.valenciadomus.com\/en\/wp-content\/uploads\/2018\/02\/Valencia-Domus-V2751ALB-TB-1-150x115.jpg","full_url":"https:\/\/www.valenciadomus.com\/en\/wp-content\/uploads\/2018\/02\/Valencia-Domus-V2751ALB-TB-1.jpg","title":"Valencia Domus V2751ALB-TB-1","caption":"","description":"","alt":"","srcset":false}],"REAL_HOMES_hide_property_advance_search":"","REAL_HOMES_hide_advance_search":"","REAL_HOMES_custom_search_form":"","REAL_HOMES_search_form_margin_top":"","REAL_HOMES_search_form_margin_bottom":""},"_links":{"self":[{"href":"https:\/\/www.valenciadomus.com\/en\/wp-json\/wp\/v2\/property\/1376"}],"collection":[{"href":"https:\/\/www.valenciadomus.com\/en\/wp-json\/wp\/v2\/property"}],"about":[{"href":"https:\/\/www.valenciadomus.com\/en\/wp-json\/wp\/v2\/types\/property"}],"author":[{"embeddable":true,"href":"https:\/\/www.valenciadomus.com\/en\/wp-json\/wp\/v2\/users\/1"}],"replies":[{"embeddable":true,"href":"https:\/\/www.valenciadomus.com\/en\/wp-json\/wp\/v2\/comments?post=1376"}],"version-history":[{"count":8,"href":"https:\/\/www.valenciadomus.com\/en\/wp-json\/wp\/v2\/property\/1376\/revisions"}],"predecessor-version":[{"id":1795,"href":"https:\/\/www.valenciadomus.com\/en\/wp-json\/wp\/v2\/property\/1376\/revisions\/1795"}],"wp:featuredmedia":[{"embeddable":true,"href":"https:\/\/www.valenciadomus.com\/en\/wp-json\/wp\/v2\/media\/1382"}],"wp:attachment":[{"href":"https:\/\/www.valenciadomus.com\/en\/wp-json\/wp\/v2\/media?parent=1376"}],"wp:term":[{"taxonomy":"property-feature","embeddable":true,"href":"https:\/\/www.valenciadomus.com\/en\/wp-json\/wp\/v2\/property-feature?post=1376"},{"taxonomy":"property-type","embeddable":true,"href":"https:\/\/www.valenciadomus.com\/en\/wp-json\/wp\/v2\/property-type?post=1376"},{"taxonomy":"property-city","embeddable":true,"href":"https:\/\/www.valenciadomus.com\/en\/wp-json\/wp\/v2\/property-city?post=1376"},{"taxonomy":"property-status","embeddable":true,"href":"https:\/\/www.valenciadomus.com\/en\/wp-json\/wp\/v2\/property-status?post=1376"}],"curies":[{"name":"wp","href":"https:\/\/api.w.org\/{rel}","templated":true}]}}