{"id":1146,"date":"2017-08-22T08:33:05","date_gmt":"2017-08-22T08:33:05","guid":{"rendered":"https:\/\/www.valenciadomus.com\/en\/?post_type=property&#038;p=1146"},"modified":"2019-02-16T00:40:03","modified_gmt":"2019-02-16T00:40:03","slug":"casa-unifamiliar-reformada-piscina-alquiler-nueva-santa-barbara","status":"publish","type":"property","link":"https:\/\/www.valenciadomus.com\/en\/blog\/property\/casa-unifamiliar-reformada-piscina-alquiler-nueva-santa-barbara\/","title":{"rendered":"Casa unifamiliar reformada y con piscina en alquiler en Nueva Santa Barbara"},"content":{"rendered":"<p>[vc_row 0=&#8221;&#8221;][vc_column 0=&#8221;&#8221;][vc_column_text 0=&#8221;&#8221;]Buscas un hogar nuevo o vas a trasladarte a Valencia? Te gustar\u00eda disfrutar de la ciudad (a tan s\u00f3lo unos minutos en coche), relajarte en tu propia piscina y jard\u00edn, cerca de uno de los mejores Clubs de Campo de Valencia? Quieres que tus hijos atiendan uno de los colegios m\u00e1s prestigiosos de Valencia sin tenir que ir en autob\u00fas por hores? S\u00ed. S\u00ed. S\u00ed! \u00a1Tienes que ver esta casa en Nueva Santa Barbara! Con jard\u00edn, piscina y jacuzzi al aire libre (mantenimiento INCLUIDO), s\u00f3lo tendr\u00e1s que preocuparte por llegar a casa para relajarte y disfrutar de tu tiempo libre.<\/p>\n<p>&nbsp;<\/p>\n<p>Esta unifamiliar en alquiler (SIN MUEBLES), en Godella cumple las caracter\u00edsticas de un cuidado dise\u00f1o de interiores con electrodom\u00e9sticos y acabados de alto est\u00e1ndar. La casa forma parte de un grupo de tres que comparten una calle privada para acceder a la propiedad. En el acceso por planta baja nos recibe un gran espacio abierto con ventanas panor\u00e1micas que vuelcan al jard\u00edn y la piscina. La cocina abierta y en isla con taburetes altos permite cocinar al mismo tiempo que se disfruta de la compa\u00f1\u00eda de amigos o familiares. La cocina est\u00e1 equipada con todos los servicios necesarios: nevera, horno, lavavajillas &#8230; Incluso puedes guardar tu selecci\u00f3n de vinos en una peque\u00f1a vinoteca disponible. Hay espacio para una mesa con asientos para 6 y un sof\u00e1 amplio quedar\u00e1 fant\u00e1stico frente a la chimenea de la marca Antrax IT. En esta planta hay un dormitorio de servicio con su propio cuarto de ba\u00f1o con ducha y un aseo de invitados. La planta superior dispone del dormitorio principal de dimensiones muy amplias con un ba\u00f1o espectacular equipado con lavabo doble, ba\u00f1era exenta, ducha lluvia, dos dormitorios dobles cada uno con su ba\u00f1o con ducha en-suite y un estudio. Todos los dormitorios vuelcan al jard\u00edn y disfrutan de una luz magn\u00edfica. El semi-s\u00f3tano de 85m\u00b2 (915sqft) cuenta con un \u00e1rea de lavander\u00eda y suficiente espacio para dos coches.<\/p>\n<p>&nbsp;<\/p>\n<p>La parcela de la propiedad es de aproximadamente 600m\u00b2 (6.458sqft) y su espacio al aire libre es muy agradable, con una gran piscina con cascada para nadar de mayo a octubre y un jacuzzi al aire libre para relajarse disfrutando del agradable clima mediterr\u00e1neo.<\/p>\n<p>&nbsp;<\/p>\n<p>Nueva Santa B\u00e1rbara es un \u00a0peque\u00f1o grupo de viviendas de alta calidad justo al lado de la prestigiosa escuela de <a href=\"http:\/\/www.cambridgehouse.es\">Cambridge House Community College<\/a>, el <a href=\"http:\/\/santabarbaraclubdecampo.com\">Club de Santa Barbara<\/a> y el <a href=\"http:\/\/www.cettenis.com\/\">Club de Tenis Espa\u00f1ol.<\/a>\u00a0No muy lejos podemos encontrar otras escuelas como la <a href=\"http:\/\/www.los-olivos.es\/es\/\">Escuela Inglesa Los Olivos<\/a>, \u00a0el <a href=\"https:\/\/www.lfval.net\/es\/\">Lyc\u00e9e Fran\u00e7ais<\/a>\u00a0 o la escuela privada biling\u00fce y cat\u00f3lica <a href=\"http:\/\/www.cumbresschool.es\/\">Cumbres<\/a> . El centro de la ciudad est\u00e1 a 10 minutos en coche y tambi\u00e9n el aeropuerto de Valencia. Al <a href=\"http:\/\/clubescorpion.com\/\">Club de Golf Escorpi\u00f3n<\/a> \u00a0se puede llegar en 15 minutos, as\u00ed como a las grandes playas que Valencia tiene para ofrecer.<\/p>\n<p>Si est\u00e1s buscando vivienda en Valencia, no dudes en ponerte en contacto con nosotros! \u00a1Nuestro equipo estar\u00e1 encantado de asistirte en la b\u00fasqueda de tu nuevo hogar!<\/p>\n<p>* Honorarios a inquilino aplican. Ponte en contacto con nosotros para m\u00e1s detalles.[\/vc_column_text][\/vc_column][\/vc_row]<\/p>\n","protected":false},"excerpt":{"rendered":"<p>[vc_row 0=&#8221;&#8221;][vc_column 0=&#8221;&#8221;][vc_column_text 0=&#8221;&#8221;]Buscas un hogar nuevo o vas a trasladarte a Valencia? Te gustar\u00eda disfrutar de la ciudad (a tan s\u00f3lo unos minutos en coche), relajarte en tu propia piscina y jard\u00edn, cerca de uno de los mejores Clubs de Campo de Valencia? Quieres que tus hijos atiendan uno de los colegios m\u00e1s prestigiosos&#8230;<\/p>\n","protected":false},"author":1,"featured_media":1138,"parent":0,"menu_order":0,"comment_status":"closed","ping_status":"closed","template":"","property-feature":[292,151,298,294,273,290,147,165,161,296],"property-type":[267,277],"property-city":[263,265,175],"property-status":[305],"yoast_head":"<!-- This site is optimized with the Yoast SEO plugin v23.8 - https:\/\/yoast.com\/wordpress\/plugins\/seo\/ -->\n<title>Casa unifamiliar reformada y con piscina en alquiler en Nueva Santa Barbara | Real Estate, Architecture, Interior Design and Photograhy<\/title>\n<meta name=\"description\" content=\"Unifamiliar con reforma espectacular en alquiler (Valencia), piscina privada y jacuzzi exterior! Al lado del Cambridge y el Club de Santa B\u00e1rbara.\" \/>\n<meta name=\"robots\" content=\"index, follow, max-snippet:-1, max-image-preview:large, max-video-preview:-1\" \/>\n<link rel=\"canonical\" href=\"https:\/\/www.valenciadomus.com\/en\/blog\/property\/casa-unifamiliar-reformada-piscina-alquiler-nueva-santa-barbara\/\" \/>\n<meta property=\"og:locale\" content=\"es_ES\" \/>\n<meta property=\"og:type\" content=\"article\" \/>\n<meta property=\"og:title\" content=\"Casa unifamiliar reformada y con piscina en alquiler en Nueva Santa Barbara | Real Estate, Architecture, Interior Design and Photograhy\" \/>\n<meta property=\"og:description\" content=\"Unifamiliar con reforma espectacular en alquiler (Valencia), piscina privada y jacuzzi exterior! Al lado del Cambridge y el Club de Santa B\u00e1rbara.\" \/>\n<meta property=\"og:url\" content=\"https:\/\/www.valenciadomus.com\/en\/blog\/property\/casa-unifamiliar-reformada-piscina-alquiler-nueva-santa-barbara\/\" \/>\n<meta property=\"og:site_name\" content=\"Real Estate, Architecture, Interior Design and Photograhy\" \/>\n<meta property=\"article:modified_time\" content=\"2019-02-16T00:40:03+00:00\" \/>\n<meta property=\"og:image\" content=\"https:\/\/www.valenciadomus.com\/en\/wp-content\/uploads\/2017\/08\/Valencia-Domus-G14002-15.jpg\" \/>\n\t<meta property=\"og:image:width\" content=\"1000\" \/>\n\t<meta property=\"og:image:height\" content=\"664\" \/>\n\t<meta property=\"og:image:type\" content=\"image\/jpeg\" \/>\n<meta name=\"twitter:card\" content=\"summary_large_image\" \/>\n<meta name=\"twitter:label1\" content=\"Tiempo de lectura\" \/>\n\t<meta name=\"twitter:data1\" content=\"3 minutos\" \/>\n<script type=\"application\/ld+json\" class=\"yoast-schema-graph\">{\"@context\":\"https:\/\/schema.org\",\"@graph\":[{\"@type\":\"WebPage\",\"@id\":\"https:\/\/www.valenciadomus.com\/en\/blog\/property\/casa-unifamiliar-reformada-piscina-alquiler-nueva-santa-barbara\/\",\"url\":\"https:\/\/www.valenciadomus.com\/en\/blog\/property\/casa-unifamiliar-reformada-piscina-alquiler-nueva-santa-barbara\/\",\"name\":\"Casa unifamiliar reformada y con piscina en alquiler en Nueva Santa Barbara | Real Estate, Architecture, Interior Design and Photograhy\",\"isPartOf\":{\"@id\":\"https:\/\/www.valenciadomus.com\/en\/#website\"},\"primaryImageOfPage\":{\"@id\":\"https:\/\/www.valenciadomus.com\/en\/blog\/property\/casa-unifamiliar-reformada-piscina-alquiler-nueva-santa-barbara\/#primaryimage\"},\"image\":{\"@id\":\"https:\/\/www.valenciadomus.com\/en\/blog\/property\/casa-unifamiliar-reformada-piscina-alquiler-nueva-santa-barbara\/#primaryimage\"},\"thumbnailUrl\":\"https:\/\/www.valenciadomus.com\/en\/wp-content\/uploads\/2017\/08\/Valencia-Domus-G14002-15.jpg\",\"datePublished\":\"2017-08-22T08:33:05+00:00\",\"dateModified\":\"2019-02-16T00:40:03+00:00\",\"description\":\"Unifamiliar con reforma espectacular en alquiler (Valencia), piscina privada y jacuzzi exterior! Al lado del Cambridge y el Club de Santa B\u00e1rbara.\",\"breadcrumb\":{\"@id\":\"https:\/\/www.valenciadomus.com\/en\/blog\/property\/casa-unifamiliar-reformada-piscina-alquiler-nueva-santa-barbara\/#breadcrumb\"},\"inLanguage\":\"es\",\"potentialAction\":[{\"@type\":\"ReadAction\",\"target\":[\"https:\/\/www.valenciadomus.com\/en\/blog\/property\/casa-unifamiliar-reformada-piscina-alquiler-nueva-santa-barbara\/\"]}]},{\"@type\":\"ImageObject\",\"inLanguage\":\"es\",\"@id\":\"https:\/\/www.valenciadomus.com\/en\/blog\/property\/casa-unifamiliar-reformada-piscina-alquiler-nueva-santa-barbara\/#primaryimage\",\"url\":\"https:\/\/www.valenciadomus.com\/en\/wp-content\/uploads\/2017\/08\/Valencia-Domus-G14002-15.jpg\",\"contentUrl\":\"https:\/\/www.valenciadomus.com\/en\/wp-content\/uploads\/2017\/08\/Valencia-Domus-G14002-15.jpg\",\"width\":1000,\"height\":664,\"caption\":\"Living room and stairs to upper floor with Antrax chimney\"},{\"@type\":\"BreadcrumbList\",\"@id\":\"https:\/\/www.valenciadomus.com\/en\/blog\/property\/casa-unifamiliar-reformada-piscina-alquiler-nueva-santa-barbara\/#breadcrumb\",\"itemListElement\":[{\"@type\":\"ListItem\",\"position\":1,\"name\":\"Home\",\"item\":\"https:\/\/www.valenciadomus.com\/en\/\"},{\"@type\":\"ListItem\",\"position\":2,\"name\":\"Properties\",\"item\":\"https:\/\/www.valenciadomus.com\/en\/es\/blog\/property\/\"},{\"@type\":\"ListItem\",\"position\":3,\"name\":\"S\u00f3tano\",\"item\":\"https:\/\/www.valenciadomus.com\/en\/blog\/property-feature\/sotano\/\"},{\"@type\":\"ListItem\",\"position\":4,\"name\":\"Casa unifamiliar reformada y con piscina en alquiler en Nueva Santa Barbara\"}]},{\"@type\":\"WebSite\",\"@id\":\"https:\/\/www.valenciadomus.com\/en\/#website\",\"url\":\"https:\/\/www.valenciadomus.com\/en\/\",\"name\":\"Real Estate, Architecture, Interior Design and Photograhy\",\"description\":\"Real Estate made easy for you. Find your new home: buy, sell, rent or build it with us!\",\"potentialAction\":[{\"@type\":\"SearchAction\",\"target\":{\"@type\":\"EntryPoint\",\"urlTemplate\":\"https:\/\/www.valenciadomus.com\/en\/?s={search_term_string}\"},\"query-input\":{\"@type\":\"PropertyValueSpecification\",\"valueRequired\":true,\"valueName\":\"search_term_string\"}}],\"inLanguage\":\"es\"}]}<\/script>\n<!-- \/ Yoast SEO plugin. -->","yoast_head_json":{"title":"Casa unifamiliar reformada y con piscina en alquiler en Nueva Santa Barbara | Real Estate, Architecture, Interior Design and Photograhy","description":"Unifamiliar con reforma espectacular en alquiler (Valencia), piscina privada y jacuzzi exterior! Al lado del Cambridge y el Club de Santa B\u00e1rbara.","robots":{"index":"index","follow":"follow","max-snippet":"max-snippet:-1","max-image-preview":"max-image-preview:large","max-video-preview":"max-video-preview:-1"},"canonical":"https:\/\/www.valenciadomus.com\/en\/blog\/property\/casa-unifamiliar-reformada-piscina-alquiler-nueva-santa-barbara\/","og_locale":"es_ES","og_type":"article","og_title":"Casa unifamiliar reformada y con piscina en alquiler en Nueva Santa Barbara | Real Estate, Architecture, Interior Design and Photograhy","og_description":"Unifamiliar con reforma espectacular en alquiler (Valencia), piscina privada y jacuzzi exterior! Al lado del Cambridge y el Club de Santa B\u00e1rbara.","og_url":"https:\/\/www.valenciadomus.com\/en\/blog\/property\/casa-unifamiliar-reformada-piscina-alquiler-nueva-santa-barbara\/","og_site_name":"Real Estate, Architecture, Interior Design and Photograhy","article_modified_time":"2019-02-16T00:40:03+00:00","og_image":[{"width":1000,"height":664,"url":"https:\/\/www.valenciadomus.com\/en\/wp-content\/uploads\/2017\/08\/Valencia-Domus-G14002-15.jpg","type":"image\/jpeg"}],"twitter_card":"summary_large_image","twitter_misc":{"Tiempo de lectura":"3 minutos"},"schema":{"@context":"https:\/\/schema.org","@graph":[{"@type":"WebPage","@id":"https:\/\/www.valenciadomus.com\/en\/blog\/property\/casa-unifamiliar-reformada-piscina-alquiler-nueva-santa-barbara\/","url":"https:\/\/www.valenciadomus.com\/en\/blog\/property\/casa-unifamiliar-reformada-piscina-alquiler-nueva-santa-barbara\/","name":"Casa unifamiliar reformada y con piscina en alquiler en Nueva Santa Barbara | Real Estate, Architecture, Interior Design and Photograhy","isPartOf":{"@id":"https:\/\/www.valenciadomus.com\/en\/#website"},"primaryImageOfPage":{"@id":"https:\/\/www.valenciadomus.com\/en\/blog\/property\/casa-unifamiliar-reformada-piscina-alquiler-nueva-santa-barbara\/#primaryimage"},"image":{"@id":"https:\/\/www.valenciadomus.com\/en\/blog\/property\/casa-unifamiliar-reformada-piscina-alquiler-nueva-santa-barbara\/#primaryimage"},"thumbnailUrl":"https:\/\/www.valenciadomus.com\/en\/wp-content\/uploads\/2017\/08\/Valencia-Domus-G14002-15.jpg","datePublished":"2017-08-22T08:33:05+00:00","dateModified":"2019-02-16T00:40:03+00:00","description":"Unifamiliar con reforma espectacular en alquiler (Valencia), piscina privada y jacuzzi exterior! Al lado del Cambridge y el Club de Santa B\u00e1rbara.","breadcrumb":{"@id":"https:\/\/www.valenciadomus.com\/en\/blog\/property\/casa-unifamiliar-reformada-piscina-alquiler-nueva-santa-barbara\/#breadcrumb"},"inLanguage":"es","potentialAction":[{"@type":"ReadAction","target":["https:\/\/www.valenciadomus.com\/en\/blog\/property\/casa-unifamiliar-reformada-piscina-alquiler-nueva-santa-barbara\/"]}]},{"@type":"ImageObject","inLanguage":"es","@id":"https:\/\/www.valenciadomus.com\/en\/blog\/property\/casa-unifamiliar-reformada-piscina-alquiler-nueva-santa-barbara\/#primaryimage","url":"https:\/\/www.valenciadomus.com\/en\/wp-content\/uploads\/2017\/08\/Valencia-Domus-G14002-15.jpg","contentUrl":"https:\/\/www.valenciadomus.com\/en\/wp-content\/uploads\/2017\/08\/Valencia-Domus-G14002-15.jpg","width":1000,"height":664,"caption":"Living room and stairs to upper floor with Antrax chimney"},{"@type":"BreadcrumbList","@id":"https:\/\/www.valenciadomus.com\/en\/blog\/property\/casa-unifamiliar-reformada-piscina-alquiler-nueva-santa-barbara\/#breadcrumb","itemListElement":[{"@type":"ListItem","position":1,"name":"Home","item":"https:\/\/www.valenciadomus.com\/en\/"},{"@type":"ListItem","position":2,"name":"Properties","item":"https:\/\/www.valenciadomus.com\/en\/es\/blog\/property\/"},{"@type":"ListItem","position":3,"name":"S\u00f3tano","item":"https:\/\/www.valenciadomus.com\/en\/blog\/property-feature\/sotano\/"},{"@type":"ListItem","position":4,"name":"Casa unifamiliar reformada y con piscina en alquiler en Nueva Santa Barbara"}]},{"@type":"WebSite","@id":"https:\/\/www.valenciadomus.com\/en\/#website","url":"https:\/\/www.valenciadomus.com\/en\/","name":"Real Estate, Architecture, Interior Design and Photograhy","description":"Real Estate made easy for you. Find your new home: buy, sell, rent or build it with us!","potentialAction":[{"@type":"SearchAction","target":{"@type":"EntryPoint","urlTemplate":"https:\/\/www.valenciadomus.com\/en\/?s={search_term_string}"},"query-input":{"@type":"PropertyValueSpecification","valueRequired":true,"valueName":"search_term_string"}}],"inLanguage":"es"}]}},"property_meta":{"REAL_HOMES_property_price":"","REAL_HOMES_property_old_price":"","REAL_HOMES_property_price_prefix":"","REAL_HOMES_property_price_postfix":"al mes","REAL_HOMES_property_size":"382","REAL_HOMES_property_size_postfix":"m\u00b2","REAL_HOMES_property_lot_size":"","REAL_HOMES_property_lot_size_postfix":"","REAL_HOMES_property_bedrooms":"5","REAL_HOMES_property_bathrooms":"5","REAL_HOMES_property_garage":"2","REAL_HOMES_property_id":"G14002","REAL_HOMES_property_year_built":"","REAL_HOMES_featured":"0","REAL_HOMES_additional_details_list":[],"REAL_HOMES_property_location":{"latitude":"39.54227938173393","longitude":"-0.42599380016326904","zoom":"16"},"REAL_HOMES_property_address":"Carrer S\u00e8quia de Mestalla, 11, 46110 Godella, Valencia, Espa\u00f1a","REAL_HOMES_property_map":"1","REAL_HOMES_property_images":[{"width":150,"height":150,"file":"2017\/08\/Valencia-Domus-G14002-15-1.jpg","sizes":{"thumbnail":{"file":"Valencia-Domus-G14002-15-1-150x150.jpg","width":150,"height":150,"mime-type":"image\/jpeg","url":"https:\/\/www.valenciadomus.com\/en\/wp-content\/uploads\/2017\/08\/Valencia-Domus-G14002-15-1-150x150.jpg"},"medium":{"file":"Valencia-Domus-G14002-15-1-300x199.jpg","width":300,"height":199,"mime-type":"image\/jpeg","url":"https:\/\/www.valenciadomus.com\/en\/wp-content\/uploads\/2017\/08\/Valencia-Domus-G14002-15-1-300x199.jpg"},"medium_large":{"file":"Valencia-Domus-G14002-15-1-768x510.jpg","width":768,"height":510,"mime-type":"image\/jpeg","url":"https:\/\/www.valenciadomus.com\/en\/wp-content\/uploads\/2017\/08\/Valencia-Domus-G14002-15-1-768x510.jpg"},"post-thumbnail":{"file":"Valencia-Domus-G14002-15-1-150x100.jpg","width":150,"height":100,"mime-type":"image\/jpeg","url":"https:\/\/www.valenciadomus.com\/en\/wp-content\/uploads\/2017\/08\/Valencia-Domus-G14002-15-1-150x100.jpg"},"property-thumb-image":{"file":"Valencia-Domus-G14002-15-1-244x163.jpg","width":244,"height":163,"mime-type":"image\/jpeg","url":"https:\/\/www.valenciadomus.com\/en\/wp-content\/uploads\/2017\/08\/Valencia-Domus-G14002-15-1-244x163.jpg"},"property-detail-video-image":{"file":"Valencia-Domus-G14002-15-1-818x417.jpg","width":818,"height":417,"mime-type":"image\/jpeg","url":"https:\/\/www.valenciadomus.com\/en\/wp-content\/uploads\/2017\/08\/Valencia-Domus-G14002-15-1-818x417.jpg"},"agent-image":{"file":"Valencia-Domus-G14002-15-1-210x210.jpg","width":210,"height":210,"mime-type":"image\/jpeg","url":"https:\/\/www.valenciadomus.com\/en\/wp-content\/uploads\/2017\/08\/Valencia-Domus-G14002-15-1-210x210.jpg"},"partners-logo":{"file":"Valencia-Domus-G14002-15-1-200x664.jpg","width":200,"height":664,"mime-type":"image\/jpeg","url":"https:\/\/www.valenciadomus.com\/en\/wp-content\/uploads\/2017\/08\/Valencia-Domus-G14002-15-1-200x664.jpg"},"post-featured-image":{"file":"Valencia-Domus-G14002-15-1-830x323.jpg","width":830,"height":323,"mime-type":"image\/jpeg","url":"https:\/\/www.valenciadomus.com\/en\/wp-content\/uploads\/2017\/08\/Valencia-Domus-G14002-15-1-830x323.jpg"},"gallery-two-column-image":{"file":"Valencia-Domus-G14002-15-1-536x269.jpg","width":536,"height":269,"mime-type":"image\/jpeg","url":"https:\/\/www.valenciadomus.com\/en\/wp-content\/uploads\/2017\/08\/Valencia-Domus-G14002-15-1-536x269.jpg"},"property-detail-slider-image":{"file":"Valencia-Domus-G14002-15-1-770x386.jpg","width":770,"height":386,"mime-type":"image\/jpeg","url":"https:\/\/www.valenciadomus.com\/en\/wp-content\/uploads\/2017\/08\/Valencia-Domus-G14002-15-1-770x386.jpg"},"property-detail-slider-image-two":{"file":"Valencia-Domus-G14002-15-1-830x460.jpg","width":830,"height":460,"mime-type":"image\/jpeg","url":"https:\/\/www.valenciadomus.com\/en\/wp-content\/uploads\/2017\/08\/Valencia-Domus-G14002-15-1-830x460.jpg"},"property-detail-slider-thumb":{"file":"Valencia-Domus-G14002-15-1-82x60.jpg","width":82,"height":60,"mime-type":"image\/jpeg","url":"https:\/\/www.valenciadomus.com\/en\/wp-content\/uploads\/2017\/08\/Valencia-Domus-G14002-15-1-82x60.jpg"},"grid-view-image":{"file":"Valencia-Domus-G14002-15-1-246x162.jpg","width":246,"height":162,"mime-type":"image\/jpeg","url":"https:\/\/www.valenciadomus.com\/en\/wp-content\/uploads\/2017\/08\/Valencia-Domus-G14002-15-1-246x162.jpg"}},"image_meta":{"aperture":"0","credit":"Silvia Gavila","camera":"","caption":"","created_timestamp":"1502884929","copyright":"\u00a92017 Silvia Gavila","focal_length":"0","iso":"0","shutter_speed":"0","title":"","orientation":"0","keywords":[]},"ID":"1168","name":"Valencia-Domus-G14002-15-1.jpg","path":"\/home2\/valenci1\/public_html\/en\/wp-content\/uploads\/2017\/08\/Valencia-Domus-G14002-15-1.jpg","url":"https:\/\/www.valenciadomus.com\/en\/wp-content\/uploads\/2017\/08\/Valencia-Domus-G14002-15-1-150x150.jpg","full_url":"https:\/\/www.valenciadomus.com\/en\/wp-content\/uploads\/2017\/08\/Valencia-Domus-G14002-15-1.jpg","title":"Valencia Domus G14002-15","caption":"","description":"","alt":"Sal\u00f3n de estar con chimenea y proyector","srcset":"https:\/\/www.valenciadomus.com\/en\/wp-content\/uploads\/2017\/08\/Valencia-Domus-G14002-15-1-150x150.jpg 150w, https:\/\/www.valenciadomus.com\/en\/wp-content\/uploads\/2017\/08\/Valencia-Domus-G14002-15-1-210x210.jpg 210w"},{"width":150,"height":150,"file":"2017\/08\/Valencia-Domus-G14002-38-1.jpg","sizes":{"thumbnail":{"file":"Valencia-Domus-G14002-38-1-150x150.jpg","width":150,"height":150,"mime-type":"image\/jpeg","url":"https:\/\/www.valenciadomus.com\/en\/wp-content\/uploads\/2017\/08\/Valencia-Domus-G14002-38-1-150x150.jpg"},"medium":{"file":"Valencia-Domus-G14002-38-1-300x199.jpg","width":300,"height":199,"mime-type":"image\/jpeg","url":"https:\/\/www.valenciadomus.com\/en\/wp-content\/uploads\/2017\/08\/Valencia-Domus-G14002-38-1-300x199.jpg"},"medium_large":{"file":"Valencia-Domus-G14002-38-1-768x510.jpg","width":768,"height":510,"mime-type":"image\/jpeg","url":"https:\/\/www.valenciadomus.com\/en\/wp-content\/uploads\/2017\/08\/Valencia-Domus-G14002-38-1-768x510.jpg"},"post-thumbnail":{"file":"Valencia-Domus-G14002-38-1-150x100.jpg","width":150,"height":100,"mime-type":"image\/jpeg","url":"https:\/\/www.valenciadomus.com\/en\/wp-content\/uploads\/2017\/08\/Valencia-Domus-G14002-38-1-150x100.jpg"},"property-thumb-image":{"file":"Valencia-Domus-G14002-38-1-244x163.jpg","width":244,"height":163,"mime-type":"image\/jpeg","url":"https:\/\/www.valenciadomus.com\/en\/wp-content\/uploads\/2017\/08\/Valencia-Domus-G14002-38-1-244x163.jpg"},"property-detail-video-image":{"file":"Valencia-Domus-G14002-38-1-818x417.jpg","width":818,"height":417,"mime-type":"image\/jpeg","url":"https:\/\/www.valenciadomus.com\/en\/wp-content\/uploads\/2017\/08\/Valencia-Domus-G14002-38-1-818x417.jpg"},"agent-image":{"file":"Valencia-Domus-G14002-38-1-210x210.jpg","width":210,"height":210,"mime-type":"image\/jpeg","url":"https:\/\/www.valenciadomus.com\/en\/wp-content\/uploads\/2017\/08\/Valencia-Domus-G14002-38-1-210x210.jpg"},"partners-logo":{"file":"Valencia-Domus-G14002-38-1-200x664.jpg","width":200,"height":664,"mime-type":"image\/jpeg","url":"https:\/\/www.valenciadomus.com\/en\/wp-content\/uploads\/2017\/08\/Valencia-Domus-G14002-38-1-200x664.jpg"},"post-featured-image":{"file":"Valencia-Domus-G14002-38-1-830x323.jpg","width":830,"height":323,"mime-type":"image\/jpeg","url":"https:\/\/www.valenciadomus.com\/en\/wp-content\/uploads\/2017\/08\/Valencia-Domus-G14002-38-1-830x323.jpg"},"gallery-two-column-image":{"file":"Valencia-Domus-G14002-38-1-536x269.jpg","width":536,"height":269,"mime-type":"image\/jpeg","url":"https:\/\/www.valenciadomus.com\/en\/wp-content\/uploads\/2017\/08\/Valencia-Domus-G14002-38-1-536x269.jpg"},"property-detail-slider-image":{"file":"Valencia-Domus-G14002-38-1-770x386.jpg","width":770,"height":386,"mime-type":"image\/jpeg","url":"https:\/\/www.valenciadomus.com\/en\/wp-content\/uploads\/2017\/08\/Valencia-Domus-G14002-38-1-770x386.jpg"},"property-detail-slider-image-two":{"file":"Valencia-Domus-G14002-38-1-830x460.jpg","width":830,"height":460,"mime-type":"image\/jpeg","url":"https:\/\/www.valenciadomus.com\/en\/wp-content\/uploads\/2017\/08\/Valencia-Domus-G14002-38-1-830x460.jpg"},"property-detail-slider-thumb":{"file":"Valencia-Domus-G14002-38-1-82x60.jpg","width":82,"height":60,"mime-type":"image\/jpeg","url":"https:\/\/www.valenciadomus.com\/en\/wp-content\/uploads\/2017\/08\/Valencia-Domus-G14002-38-1-82x60.jpg"},"grid-view-image":{"file":"Valencia-Domus-G14002-38-1-246x162.jpg","width":246,"height":162,"mime-type":"image\/jpeg","url":"https:\/\/www.valenciadomus.com\/en\/wp-content\/uploads\/2017\/08\/Valencia-Domus-G14002-38-1-246x162.jpg"}},"image_meta":{"aperture":"0","credit":"Silvia Gavila","camera":"","caption":"","created_timestamp":"1436873170","copyright":"\u00a92017 Silvia Gavila","focal_length":"0","iso":"0","shutter_speed":"0","title":"","orientation":"0","keywords":[]},"ID":"1171","name":"Valencia-Domus-G14002-38-1.jpg","path":"\/home2\/valenci1\/public_html\/en\/wp-content\/uploads\/2017\/08\/Valencia-Domus-G14002-38-1.jpg","url":"https:\/\/www.valenciadomus.com\/en\/wp-content\/uploads\/2017\/08\/Valencia-Domus-G14002-38-1-150x150.jpg","full_url":"https:\/\/www.valenciadomus.com\/en\/wp-content\/uploads\/2017\/08\/Valencia-Domus-G14002-38-1.jpg","title":"Valencia Domus G14002-38","caption":"","description":"","alt":"Vista exterior","srcset":"https:\/\/www.valenciadomus.com\/en\/wp-content\/uploads\/2017\/08\/Valencia-Domus-G14002-38-1-150x150.jpg 150w, https:\/\/www.valenciadomus.com\/en\/wp-content\/uploads\/2017\/08\/Valencia-Domus-G14002-38-1-210x210.jpg 210w"},{"width":150,"height":150,"file":"2017\/08\/Valencia-Domus-G14002-37-1.jpg","sizes":{"thumbnail":{"file":"Valencia-Domus-G14002-37-1-150x150.jpg","width":150,"height":150,"mime-type":"image\/jpeg","url":"https:\/\/www.valenciadomus.com\/en\/wp-content\/uploads\/2017\/08\/Valencia-Domus-G14002-37-1-150x150.jpg"},"medium":{"file":"Valencia-Domus-G14002-37-1-300x199.jpg","width":300,"height":199,"mime-type":"image\/jpeg","url":"https:\/\/www.valenciadomus.com\/en\/wp-content\/uploads\/2017\/08\/Valencia-Domus-G14002-37-1-300x199.jpg"},"medium_large":{"file":"Valencia-Domus-G14002-37-1-768x510.jpg","width":768,"height":510,"mime-type":"image\/jpeg","url":"https:\/\/www.valenciadomus.com\/en\/wp-content\/uploads\/2017\/08\/Valencia-Domus-G14002-37-1-768x510.jpg"},"post-thumbnail":{"file":"Valencia-Domus-G14002-37-1-150x100.jpg","width":150,"height":100,"mime-type":"image\/jpeg","url":"https:\/\/www.valenciadomus.com\/en\/wp-content\/uploads\/2017\/08\/Valencia-Domus-G14002-37-1-150x100.jpg"},"property-thumb-image":{"file":"Valencia-Domus-G14002-37-1-244x163.jpg","width":244,"height":163,"mime-type":"image\/jpeg","url":"https:\/\/www.valenciadomus.com\/en\/wp-content\/uploads\/2017\/08\/Valencia-Domus-G14002-37-1-244x163.jpg"},"property-detail-video-image":{"file":"Valencia-Domus-G14002-37-1-818x417.jpg","width":818,"height":417,"mime-type":"image\/jpeg","url":"https:\/\/www.valenciadomus.com\/en\/wp-content\/uploads\/2017\/08\/Valencia-Domus-G14002-37-1-818x417.jpg"},"agent-image":{"file":"Valencia-Domus-G14002-37-1-210x210.jpg","width":210,"height":210,"mime-type":"image\/jpeg","url":"https:\/\/www.valenciadomus.com\/en\/wp-content\/uploads\/2017\/08\/Valencia-Domus-G14002-37-1-210x210.jpg"},"partners-logo":{"file":"Valencia-Domus-G14002-37-1-200x664.jpg","width":200,"height":664,"mime-type":"image\/jpeg","url":"https:\/\/www.valenciadomus.com\/en\/wp-content\/uploads\/2017\/08\/Valencia-Domus-G14002-37-1-200x664.jpg"},"post-featured-image":{"file":"Valencia-Domus-G14002-37-1-830x323.jpg","width":830,"height":323,"mime-type":"image\/jpeg","url":"https:\/\/www.valenciadomus.com\/en\/wp-content\/uploads\/2017\/08\/Valencia-Domus-G14002-37-1-830x323.jpg"},"gallery-two-column-image":{"file":"Valencia-Domus-G14002-37-1-536x269.jpg","width":536,"height":269,"mime-type":"image\/jpeg","url":"https:\/\/www.valenciadomus.com\/en\/wp-content\/uploads\/2017\/08\/Valencia-Domus-G14002-37-1-536x269.jpg"},"property-detail-slider-image":{"file":"Valencia-Domus-G14002-37-1-770x386.jpg","width":770,"height":386,"mime-type":"image\/jpeg","url":"https:\/\/www.valenciadomus.com\/en\/wp-content\/uploads\/2017\/08\/Valencia-Domus-G14002-37-1-770x386.jpg"},"property-detail-slider-image-two":{"file":"Valencia-Domus-G14002-37-1-830x460.jpg","width":830,"height":460,"mime-type":"image\/jpeg","url":"https:\/\/www.valenciadomus.com\/en\/wp-content\/uploads\/2017\/08\/Valencia-Domus-G14002-37-1-830x460.jpg"},"property-detail-slider-thumb":{"file":"Valencia-Domus-G14002-37-1-82x60.jpg","width":82,"height":60,"mime-type":"image\/jpeg","url":"https:\/\/www.valenciadomus.com\/en\/wp-content\/uploads\/2017\/08\/Valencia-Domus-G14002-37-1-82x60.jpg"},"grid-view-image":{"file":"Valencia-Domus-G14002-37-1-246x162.jpg","width":246,"height":162,"mime-type":"image\/jpeg","url":"https:\/\/www.valenciadomus.com\/en\/wp-content\/uploads\/2017\/08\/Valencia-Domus-G14002-37-1-246x162.jpg"}},"image_meta":{"aperture":"0","credit":"Silvia Gavila","camera":"","caption":"","created_timestamp":"1436873060","copyright":"\u00a92017 Silvia Gavila","focal_length":"0","iso":"0","shutter_speed":"0","title":"","orientation":"0","keywords":[]},"ID":"1170","name":"Valencia-Domus-G14002-37-1.jpg","path":"\/home2\/valenci1\/public_html\/en\/wp-content\/uploads\/2017\/08\/Valencia-Domus-G14002-37-1.jpg","url":"https:\/\/www.valenciadomus.com\/en\/wp-content\/uploads\/2017\/08\/Valencia-Domus-G14002-37-1-150x150.jpg","full_url":"https:\/\/www.valenciadomus.com\/en\/wp-content\/uploads\/2017\/08\/Valencia-Domus-G14002-37-1.jpg","title":"Valencia Domus G14002-37","caption":"","description":"","alt":"Sal\u00f3n de estar","srcset":"https:\/\/www.valenciadomus.com\/en\/wp-content\/uploads\/2017\/08\/Valencia-Domus-G14002-37-1-150x150.jpg 150w, https:\/\/www.valenciadomus.com\/en\/wp-content\/uploads\/2017\/08\/Valencia-Domus-G14002-37-1-210x210.jpg 210w"},{"width":150,"height":150,"file":"2017\/08\/Valencia-Domus-G14002-13-1.jpg","sizes":{"thumbnail":{"file":"Valencia-Domus-G14002-13-1-150x150.jpg","width":150,"height":150,"mime-type":"image\/jpeg","url":"https:\/\/www.valenciadomus.com\/en\/wp-content\/uploads\/2017\/08\/Valencia-Domus-G14002-13-1-150x150.jpg"},"medium":{"file":"Valencia-Domus-G14002-13-1-300x199.jpg","width":300,"height":199,"mime-type":"image\/jpeg","url":"https:\/\/www.valenciadomus.com\/en\/wp-content\/uploads\/2017\/08\/Valencia-Domus-G14002-13-1-300x199.jpg"},"medium_large":{"file":"Valencia-Domus-G14002-13-1-768x510.jpg","width":768,"height":510,"mime-type":"image\/jpeg","url":"https:\/\/www.valenciadomus.com\/en\/wp-content\/uploads\/2017\/08\/Valencia-Domus-G14002-13-1-768x510.jpg"},"post-thumbnail":{"file":"Valencia-Domus-G14002-13-1-150x100.jpg","width":150,"height":100,"mime-type":"image\/jpeg","url":"https:\/\/www.valenciadomus.com\/en\/wp-content\/uploads\/2017\/08\/Valencia-Domus-G14002-13-1-150x100.jpg"},"property-thumb-image":{"file":"Valencia-Domus-G14002-13-1-244x163.jpg","width":244,"height":163,"mime-type":"image\/jpeg","url":"https:\/\/www.valenciadomus.com\/en\/wp-content\/uploads\/2017\/08\/Valencia-Domus-G14002-13-1-244x163.jpg"},"property-detail-video-image":{"file":"Valencia-Domus-G14002-13-1-818x417.jpg","width":818,"height":417,"mime-type":"image\/jpeg","url":"https:\/\/www.valenciadomus.com\/en\/wp-content\/uploads\/2017\/08\/Valencia-Domus-G14002-13-1-818x417.jpg"},"agent-image":{"file":"Valencia-Domus-G14002-13-1-210x210.jpg","width":210,"height":210,"mime-type":"image\/jpeg","url":"https:\/\/www.valenciadomus.com\/en\/wp-content\/uploads\/2017\/08\/Valencia-Domus-G14002-13-1-210x210.jpg"},"partners-logo":{"file":"Valencia-Domus-G14002-13-1-200x664.jpg","width":200,"height":664,"mime-type":"image\/jpeg","url":"https:\/\/www.valenciadomus.com\/en\/wp-content\/uploads\/2017\/08\/Valencia-Domus-G14002-13-1-200x664.jpg"},"post-featured-image":{"file":"Valencia-Domus-G14002-13-1-830x323.jpg","width":830,"height":323,"mime-type":"image\/jpeg","url":"https:\/\/www.valenciadomus.com\/en\/wp-content\/uploads\/2017\/08\/Valencia-Domus-G14002-13-1-830x323.jpg"},"gallery-two-column-image":{"file":"Valencia-Domus-G14002-13-1-536x269.jpg","width":536,"height":269,"mime-type":"image\/jpeg","url":"https:\/\/www.valenciadomus.com\/en\/wp-content\/uploads\/2017\/08\/Valencia-Domus-G14002-13-1-536x269.jpg"},"property-detail-slider-image":{"file":"Valencia-Domus-G14002-13-1-770x386.jpg","width":770,"height":386,"mime-type":"image\/jpeg","url":"https:\/\/www.valenciadomus.com\/en\/wp-content\/uploads\/2017\/08\/Valencia-Domus-G14002-13-1-770x386.jpg"},"property-detail-slider-image-two":{"file":"Valencia-Domus-G14002-13-1-830x460.jpg","width":830,"height":460,"mime-type":"image\/jpeg","url":"https:\/\/www.valenciadomus.com\/en\/wp-content\/uploads\/2017\/08\/Valencia-Domus-G14002-13-1-830x460.jpg"},"property-detail-slider-thumb":{"file":"Valencia-Domus-G14002-13-1-82x60.jpg","width":82,"height":60,"mime-type":"image\/jpeg","url":"https:\/\/www.valenciadomus.com\/en\/wp-content\/uploads\/2017\/08\/Valencia-Domus-G14002-13-1-82x60.jpg"},"grid-view-image":{"file":"Valencia-Domus-G14002-13-1-246x162.jpg","width":246,"height":162,"mime-type":"image\/jpeg","url":"https:\/\/www.valenciadomus.com\/en\/wp-content\/uploads\/2017\/08\/Valencia-Domus-G14002-13-1-246x162.jpg"}},"image_meta":{"aperture":"0","credit":"Silvia Gavila","camera":"","caption":"","created_timestamp":"1502885518","copyright":"\u00a92017 Silvia Gavila","focal_length":"0","iso":"0","shutter_speed":"0","title":"","orientation":"0","keywords":[]},"ID":"1166","name":"Valencia-Domus-G14002-13-1.jpg","path":"\/home2\/valenci1\/public_html\/en\/wp-content\/uploads\/2017\/08\/Valencia-Domus-G14002-13-1.jpg","url":"https:\/\/www.valenciadomus.com\/en\/wp-content\/uploads\/2017\/08\/Valencia-Domus-G14002-13-1-150x150.jpg","full_url":"https:\/\/www.valenciadomus.com\/en\/wp-content\/uploads\/2017\/08\/Valencia-Domus-G14002-13-1.jpg","title":"Valencia Domus G14002-13","caption":"","description":"","alt":"Jacuzzi y piscina","srcset":"https:\/\/www.valenciadomus.com\/en\/wp-content\/uploads\/2017\/08\/Valencia-Domus-G14002-13-1-150x150.jpg 150w, https:\/\/www.valenciadomus.com\/en\/wp-content\/uploads\/2017\/08\/Valencia-Domus-G14002-13-1-210x210.jpg 210w"},{"width":150,"height":150,"file":"2017\/08\/Valencia-Domus-G14002-10-1.jpg","sizes":{"thumbnail":{"file":"Valencia-Domus-G14002-10-1-150x150.jpg","width":150,"height":150,"mime-type":"image\/jpeg","url":"https:\/\/www.valenciadomus.com\/en\/wp-content\/uploads\/2017\/08\/Valencia-Domus-G14002-10-1-150x150.jpg"},"medium":{"file":"Valencia-Domus-G14002-10-1-300x199.jpg","width":300,"height":199,"mime-type":"image\/jpeg","url":"https:\/\/www.valenciadomus.com\/en\/wp-content\/uploads\/2017\/08\/Valencia-Domus-G14002-10-1-300x199.jpg"},"medium_large":{"file":"Valencia-Domus-G14002-10-1-768x510.jpg","width":768,"height":510,"mime-type":"image\/jpeg","url":"https:\/\/www.valenciadomus.com\/en\/wp-content\/uploads\/2017\/08\/Valencia-Domus-G14002-10-1-768x510.jpg"},"post-thumbnail":{"file":"Valencia-Domus-G14002-10-1-150x100.jpg","width":150,"height":100,"mime-type":"image\/jpeg","url":"https:\/\/www.valenciadomus.com\/en\/wp-content\/uploads\/2017\/08\/Valencia-Domus-G14002-10-1-150x100.jpg"},"property-thumb-image":{"file":"Valencia-Domus-G14002-10-1-244x163.jpg","width":244,"height":163,"mime-type":"image\/jpeg","url":"https:\/\/www.valenciadomus.com\/en\/wp-content\/uploads\/2017\/08\/Valencia-Domus-G14002-10-1-244x163.jpg"},"property-detail-video-image":{"file":"Valencia-Domus-G14002-10-1-818x417.jpg","width":818,"height":417,"mime-type":"image\/jpeg","url":"https:\/\/www.valenciadomus.com\/en\/wp-content\/uploads\/2017\/08\/Valencia-Domus-G14002-10-1-818x417.jpg"},"agent-image":{"file":"Valencia-Domus-G14002-10-1-210x210.jpg","width":210,"height":210,"mime-type":"image\/jpeg","url":"https:\/\/www.valenciadomus.com\/en\/wp-content\/uploads\/2017\/08\/Valencia-Domus-G14002-10-1-210x210.jpg"},"partners-logo":{"file":"Valencia-Domus-G14002-10-1-200x664.jpg","width":200,"height":664,"mime-type":"image\/jpeg","url":"https:\/\/www.valenciadomus.com\/en\/wp-content\/uploads\/2017\/08\/Valencia-Domus-G14002-10-1-200x664.jpg"},"post-featured-image":{"file":"Valencia-Domus-G14002-10-1-830x323.jpg","width":830,"height":323,"mime-type":"image\/jpeg","url":"https:\/\/www.valenciadomus.com\/en\/wp-content\/uploads\/2017\/08\/Valencia-Domus-G14002-10-1-830x323.jpg"},"gallery-two-column-image":{"file":"Valencia-Domus-G14002-10-1-536x269.jpg","width":536,"height":269,"mime-type":"image\/jpeg","url":"https:\/\/www.valenciadomus.com\/en\/wp-content\/uploads\/2017\/08\/Valencia-Domus-G14002-10-1-536x269.jpg"},"property-detail-slider-image":{"file":"Valencia-Domus-G14002-10-1-770x386.jpg","width":770,"height":386,"mime-type":"image\/jpeg","url":"https:\/\/www.valenciadomus.com\/en\/wp-content\/uploads\/2017\/08\/Valencia-Domus-G14002-10-1-770x386.jpg"},"property-detail-slider-image-two":{"file":"Valencia-Domus-G14002-10-1-830x460.jpg","width":830,"height":460,"mime-type":"image\/jpeg","url":"https:\/\/www.valenciadomus.com\/en\/wp-content\/uploads\/2017\/08\/Valencia-Domus-G14002-10-1-830x460.jpg"},"property-detail-slider-thumb":{"file":"Valencia-Domus-G14002-10-1-82x60.jpg","width":82,"height":60,"mime-type":"image\/jpeg","url":"https:\/\/www.valenciadomus.com\/en\/wp-content\/uploads\/2017\/08\/Valencia-Domus-G14002-10-1-82x60.jpg"},"grid-view-image":{"file":"Valencia-Domus-G14002-10-1-246x162.jpg","width":246,"height":162,"mime-type":"image\/jpeg","url":"https:\/\/www.valenciadomus.com\/en\/wp-content\/uploads\/2017\/08\/Valencia-Domus-G14002-10-1-246x162.jpg"}},"image_meta":{"aperture":"0","credit":"Silvia Gavila","camera":"","caption":"","created_timestamp":"1502884821","copyright":"\u00a92017 Silvia Gavila","focal_length":"0","iso":"0","shutter_speed":"0","title":"","orientation":"0","keywords":[]},"ID":"1163","name":"Valencia-Domus-G14002-10-1.jpg","path":"\/home2\/valenci1\/public_html\/en\/wp-content\/uploads\/2017\/08\/Valencia-Domus-G14002-10-1.jpg","url":"https:\/\/www.valenciadomus.com\/en\/wp-content\/uploads\/2017\/08\/Valencia-Domus-G14002-10-1-150x150.jpg","full_url":"https:\/\/www.valenciadomus.com\/en\/wp-content\/uploads\/2017\/08\/Valencia-Domus-G14002-10-1.jpg","title":"Valencia Domus G14002-10","caption":"","description":"","alt":"Cocina en isla y ventanas panor\u00e1micas","srcset":"https:\/\/www.valenciadomus.com\/en\/wp-content\/uploads\/2017\/08\/Valencia-Domus-G14002-10-1-150x150.jpg 150w, https:\/\/www.valenciadomus.com\/en\/wp-content\/uploads\/2017\/08\/Valencia-Domus-G14002-10-1-210x210.jpg 210w"},{"width":150,"height":150,"file":"2017\/08\/Valencia-Domus-G14002-11-1.jpg","sizes":{"thumbnail":{"file":"Valencia-Domus-G14002-11-1-150x150.jpg","width":150,"height":150,"mime-type":"image\/jpeg","url":"https:\/\/www.valenciadomus.com\/en\/wp-content\/uploads\/2017\/08\/Valencia-Domus-G14002-11-1-150x150.jpg"},"medium":{"file":"Valencia-Domus-G14002-11-1-300x199.jpg","width":300,"height":199,"mime-type":"image\/jpeg","url":"https:\/\/www.valenciadomus.com\/en\/wp-content\/uploads\/2017\/08\/Valencia-Domus-G14002-11-1-300x199.jpg"},"medium_large":{"file":"Valencia-Domus-G14002-11-1-768x510.jpg","width":768,"height":510,"mime-type":"image\/jpeg","url":"https:\/\/www.valenciadomus.com\/en\/wp-content\/uploads\/2017\/08\/Valencia-Domus-G14002-11-1-768x510.jpg"},"post-thumbnail":{"file":"Valencia-Domus-G14002-11-1-150x100.jpg","width":150,"height":100,"mime-type":"image\/jpeg","url":"https:\/\/www.valenciadomus.com\/en\/wp-content\/uploads\/2017\/08\/Valencia-Domus-G14002-11-1-150x100.jpg"},"property-thumb-image":{"file":"Valencia-Domus-G14002-11-1-244x163.jpg","width":244,"height":163,"mime-type":"image\/jpeg","url":"https:\/\/www.valenciadomus.com\/en\/wp-content\/uploads\/2017\/08\/Valencia-Domus-G14002-11-1-244x163.jpg"},"property-detail-video-image":{"file":"Valencia-Domus-G14002-11-1-818x417.jpg","width":818,"height":417,"mime-type":"image\/jpeg","url":"https:\/\/www.valenciadomus.com\/en\/wp-content\/uploads\/2017\/08\/Valencia-Domus-G14002-11-1-818x417.jpg"},"agent-image":{"file":"Valencia-Domus-G14002-11-1-210x210.jpg","width":210,"height":210,"mime-type":"image\/jpeg","url":"https:\/\/www.valenciadomus.com\/en\/wp-content\/uploads\/2017\/08\/Valencia-Domus-G14002-11-1-210x210.jpg"},"partners-logo":{"file":"Valencia-Domus-G14002-11-1-200x664.jpg","width":200,"height":664,"mime-type":"image\/jpeg","url":"https:\/\/www.valenciadomus.com\/en\/wp-content\/uploads\/2017\/08\/Valencia-Domus-G14002-11-1-200x664.jpg"},"post-featured-image":{"file":"Valencia-Domus-G14002-11-1-830x323.jpg","width":830,"height":323,"mime-type":"image\/jpeg","url":"https:\/\/www.valenciadomus.com\/en\/wp-content\/uploads\/2017\/08\/Valencia-Domus-G14002-11-1-830x323.jpg"},"gallery-two-column-image":{"file":"Valencia-Domus-G14002-11-1-536x269.jpg","width":536,"height":269,"mime-type":"image\/jpeg","url":"https:\/\/www.valenciadomus.com\/en\/wp-content\/uploads\/2017\/08\/Valencia-Domus-G14002-11-1-536x269.jpg"},"property-detail-slider-image":{"file":"Valencia-Domus-G14002-11-1-770x386.jpg","width":770,"height":386,"mime-type":"image\/jpeg","url":"https:\/\/www.valenciadomus.com\/en\/wp-content\/uploads\/2017\/08\/Valencia-Domus-G14002-11-1-770x386.jpg"},"property-detail-slider-image-two":{"file":"Valencia-Domus-G14002-11-1-830x460.jpg","width":830,"height":460,"mime-type":"image\/jpeg","url":"https:\/\/www.valenciadomus.com\/en\/wp-content\/uploads\/2017\/08\/Valencia-Domus-G14002-11-1-830x460.jpg"},"property-detail-slider-thumb":{"file":"Valencia-Domus-G14002-11-1-82x60.jpg","width":82,"height":60,"mime-type":"image\/jpeg","url":"https:\/\/www.valenciadomus.com\/en\/wp-content\/uploads\/2017\/08\/Valencia-Domus-G14002-11-1-82x60.jpg"},"grid-view-image":{"file":"Valencia-Domus-G14002-11-1-246x162.jpg","width":246,"height":162,"mime-type":"image\/jpeg","url":"https:\/\/www.valenciadomus.com\/en\/wp-content\/uploads\/2017\/08\/Valencia-Domus-G14002-11-1-246x162.jpg"}},"image_meta":{"aperture":"0","credit":"Silvia Gavila","camera":"","caption":"","created_timestamp":"1502884985","copyright":"\u00a92017 Silvia Gavila","focal_length":"0","iso":"0","shutter_speed":"0","title":"","orientation":"0","keywords":[]},"ID":"1164","name":"Valencia-Domus-G14002-11-1.jpg","path":"\/home2\/valenci1\/public_html\/en\/wp-content\/uploads\/2017\/08\/Valencia-Domus-G14002-11-1.jpg","url":"https:\/\/www.valenciadomus.com\/en\/wp-content\/uploads\/2017\/08\/Valencia-Domus-G14002-11-1-150x150.jpg","full_url":"https:\/\/www.valenciadomus.com\/en\/wp-content\/uploads\/2017\/08\/Valencia-Domus-G14002-11-1.jpg","title":"Valencia Domus G14002-11","caption":"","description":"","alt":"Aseo de invitados","srcset":"https:\/\/www.valenciadomus.com\/en\/wp-content\/uploads\/2017\/08\/Valencia-Domus-G14002-11-1-150x150.jpg 150w, https:\/\/www.valenciadomus.com\/en\/wp-content\/uploads\/2017\/08\/Valencia-Domus-G14002-11-1-210x210.jpg 210w"},{"width":150,"height":150,"file":"2017\/08\/Valencia-Domus-G14002-7-1.jpg","sizes":{"thumbnail":{"file":"Valencia-Domus-G14002-7-1-150x150.jpg","width":150,"height":150,"mime-type":"image\/jpeg","url":"https:\/\/www.valenciadomus.com\/en\/wp-content\/uploads\/2017\/08\/Valencia-Domus-G14002-7-1-150x150.jpg"},"medium":{"file":"Valencia-Domus-G14002-7-1-300x199.jpg","width":300,"height":199,"mime-type":"image\/jpeg","url":"https:\/\/www.valenciadomus.com\/en\/wp-content\/uploads\/2017\/08\/Valencia-Domus-G14002-7-1-300x199.jpg"},"medium_large":{"file":"Valencia-Domus-G14002-7-1-768x510.jpg","width":768,"height":510,"mime-type":"image\/jpeg","url":"https:\/\/www.valenciadomus.com\/en\/wp-content\/uploads\/2017\/08\/Valencia-Domus-G14002-7-1-768x510.jpg"},"post-thumbnail":{"file":"Valencia-Domus-G14002-7-1-150x100.jpg","width":150,"height":100,"mime-type":"image\/jpeg","url":"https:\/\/www.valenciadomus.com\/en\/wp-content\/uploads\/2017\/08\/Valencia-Domus-G14002-7-1-150x100.jpg"},"property-thumb-image":{"file":"Valencia-Domus-G14002-7-1-244x163.jpg","width":244,"height":163,"mime-type":"image\/jpeg","url":"https:\/\/www.valenciadomus.com\/en\/wp-content\/uploads\/2017\/08\/Valencia-Domus-G14002-7-1-244x163.jpg"},"property-detail-video-image":{"file":"Valencia-Domus-G14002-7-1-818x417.jpg","width":818,"height":417,"mime-type":"image\/jpeg","url":"https:\/\/www.valenciadomus.com\/en\/wp-content\/uploads\/2017\/08\/Valencia-Domus-G14002-7-1-818x417.jpg"},"agent-image":{"file":"Valencia-Domus-G14002-7-1-210x210.jpg","width":210,"height":210,"mime-type":"image\/jpeg","url":"https:\/\/www.valenciadomus.com\/en\/wp-content\/uploads\/2017\/08\/Valencia-Domus-G14002-7-1-210x210.jpg"},"partners-logo":{"file":"Valencia-Domus-G14002-7-1-200x664.jpg","width":200,"height":664,"mime-type":"image\/jpeg","url":"https:\/\/www.valenciadomus.com\/en\/wp-content\/uploads\/2017\/08\/Valencia-Domus-G14002-7-1-200x664.jpg"},"post-featured-image":{"file":"Valencia-Domus-G14002-7-1-830x323.jpg","width":830,"height":323,"mime-type":"image\/jpeg","url":"https:\/\/www.valenciadomus.com\/en\/wp-content\/uploads\/2017\/08\/Valencia-Domus-G14002-7-1-830x323.jpg"},"gallery-two-column-image":{"file":"Valencia-Domus-G14002-7-1-536x269.jpg","width":536,"height":269,"mime-type":"image\/jpeg","url":"https:\/\/www.valenciadomus.com\/en\/wp-content\/uploads\/2017\/08\/Valencia-Domus-G14002-7-1-536x269.jpg"},"property-detail-slider-image":{"file":"Valencia-Domus-G14002-7-1-770x386.jpg","width":770,"height":386,"mime-type":"image\/jpeg","url":"https:\/\/www.valenciadomus.com\/en\/wp-content\/uploads\/2017\/08\/Valencia-Domus-G14002-7-1-770x386.jpg"},"property-detail-slider-image-two":{"file":"Valencia-Domus-G14002-7-1-830x460.jpg","width":830,"height":460,"mime-type":"image\/jpeg","url":"https:\/\/www.valenciadomus.com\/en\/wp-content\/uploads\/2017\/08\/Valencia-Domus-G14002-7-1-830x460.jpg"},"property-detail-slider-thumb":{"file":"Valencia-Domus-G14002-7-1-82x60.jpg","width":82,"height":60,"mime-type":"image\/jpeg","url":"https:\/\/www.valenciadomus.com\/en\/wp-content\/uploads\/2017\/08\/Valencia-Domus-G14002-7-1-82x60.jpg"},"grid-view-image":{"file":"Valencia-Domus-G14002-7-1-246x162.jpg","width":246,"height":162,"mime-type":"image\/jpeg","url":"https:\/\/www.valenciadomus.com\/en\/wp-content\/uploads\/2017\/08\/Valencia-Domus-G14002-7-1-246x162.jpg"}},"image_meta":{"aperture":"0","credit":"Silvia Gavila","camera":"","caption":"","created_timestamp":"1502884137","copyright":"\u00a92017 Silvia Gavila","focal_length":"0","iso":"0","shutter_speed":"0","title":"","orientation":"0","keywords":[]},"ID":"1160","name":"Valencia-Domus-G14002-7-1.jpg","path":"\/home2\/valenci1\/public_html\/en\/wp-content\/uploads\/2017\/08\/Valencia-Domus-G14002-7-1.jpg","url":"https:\/\/www.valenciadomus.com\/en\/wp-content\/uploads\/2017\/08\/Valencia-Domus-G14002-7-1-150x150.jpg","full_url":"https:\/\/www.valenciadomus.com\/en\/wp-content\/uploads\/2017\/08\/Valencia-Domus-G14002-7-1.jpg","title":"Valencia Domus G14002-7","caption":"","description":"","alt":"Dormitorio principal","srcset":"https:\/\/www.valenciadomus.com\/en\/wp-content\/uploads\/2017\/08\/Valencia-Domus-G14002-7-1-150x150.jpg 150w, https:\/\/www.valenciadomus.com\/en\/wp-content\/uploads\/2017\/08\/Valencia-Domus-G14002-7-1-210x210.jpg 210w"},{"width":150,"height":150,"file":"2017\/08\/Valencia-Domus-G14002-8-1.jpg","sizes":{"thumbnail":{"file":"Valencia-Domus-G14002-8-1-150x150.jpg","width":150,"height":150,"mime-type":"image\/jpeg","url":"https:\/\/www.valenciadomus.com\/en\/wp-content\/uploads\/2017\/08\/Valencia-Domus-G14002-8-1-150x150.jpg"},"medium":{"file":"Valencia-Domus-G14002-8-1-300x199.jpg","width":300,"height":199,"mime-type":"image\/jpeg","url":"https:\/\/www.valenciadomus.com\/en\/wp-content\/uploads\/2017\/08\/Valencia-Domus-G14002-8-1-300x199.jpg"},"medium_large":{"file":"Valencia-Domus-G14002-8-1-768x510.jpg","width":768,"height":510,"mime-type":"image\/jpeg","url":"https:\/\/www.valenciadomus.com\/en\/wp-content\/uploads\/2017\/08\/Valencia-Domus-G14002-8-1-768x510.jpg"},"post-thumbnail":{"file":"Valencia-Domus-G14002-8-1-150x100.jpg","width":150,"height":100,"mime-type":"image\/jpeg","url":"https:\/\/www.valenciadomus.com\/en\/wp-content\/uploads\/2017\/08\/Valencia-Domus-G14002-8-1-150x100.jpg"},"property-thumb-image":{"file":"Valencia-Domus-G14002-8-1-244x163.jpg","width":244,"height":163,"mime-type":"image\/jpeg","url":"https:\/\/www.valenciadomus.com\/en\/wp-content\/uploads\/2017\/08\/Valencia-Domus-G14002-8-1-244x163.jpg"},"property-detail-video-image":{"file":"Valencia-Domus-G14002-8-1-818x417.jpg","width":818,"height":417,"mime-type":"image\/jpeg","url":"https:\/\/www.valenciadomus.com\/en\/wp-content\/uploads\/2017\/08\/Valencia-Domus-G14002-8-1-818x417.jpg"},"agent-image":{"file":"Valencia-Domus-G14002-8-1-210x210.jpg","width":210,"height":210,"mime-type":"image\/jpeg","url":"https:\/\/www.valenciadomus.com\/en\/wp-content\/uploads\/2017\/08\/Valencia-Domus-G14002-8-1-210x210.jpg"},"partners-logo":{"file":"Valencia-Domus-G14002-8-1-200x664.jpg","width":200,"height":664,"mime-type":"image\/jpeg","url":"https:\/\/www.valenciadomus.com\/en\/wp-content\/uploads\/2017\/08\/Valencia-Domus-G14002-8-1-200x664.jpg"},"post-featured-image":{"file":"Valencia-Domus-G14002-8-1-830x323.jpg","width":830,"height":323,"mime-type":"image\/jpeg","url":"https:\/\/www.valenciadomus.com\/en\/wp-content\/uploads\/2017\/08\/Valencia-Domus-G14002-8-1-830x323.jpg"},"gallery-two-column-image":{"file":"Valencia-Domus-G14002-8-1-536x269.jpg","width":536,"height":269,"mime-type":"image\/jpeg","url":"https:\/\/www.valenciadomus.com\/en\/wp-content\/uploads\/2017\/08\/Valencia-Domus-G14002-8-1-536x269.jpg"},"property-detail-slider-image":{"file":"Valencia-Domus-G14002-8-1-770x386.jpg","width":770,"height":386,"mime-type":"image\/jpeg","url":"https:\/\/www.valenciadomus.com\/en\/wp-content\/uploads\/2017\/08\/Valencia-Domus-G14002-8-1-770x386.jpg"},"property-detail-slider-image-two":{"file":"Valencia-Domus-G14002-8-1-830x460.jpg","width":830,"height":460,"mime-type":"image\/jpeg","url":"https:\/\/www.valenciadomus.com\/en\/wp-content\/uploads\/2017\/08\/Valencia-Domus-G14002-8-1-830x460.jpg"},"property-detail-slider-thumb":{"file":"Valencia-Domus-G14002-8-1-82x60.jpg","width":82,"height":60,"mime-type":"image\/jpeg","url":"https:\/\/www.valenciadomus.com\/en\/wp-content\/uploads\/2017\/08\/Valencia-Domus-G14002-8-1-82x60.jpg"},"grid-view-image":{"file":"Valencia-Domus-G14002-8-1-246x162.jpg","width":246,"height":162,"mime-type":"image\/jpeg","url":"https:\/\/www.valenciadomus.com\/en\/wp-content\/uploads\/2017\/08\/Valencia-Domus-G14002-8-1-246x162.jpg"}},"image_meta":{"aperture":"0","credit":"Silvia Gavila","camera":"","caption":"","created_timestamp":"1502884256","copyright":"\u00a92017 Silvia Gavila","focal_length":"0","iso":"0","shutter_speed":"0","title":"","orientation":"0","keywords":[]},"ID":"1161","name":"Valencia-Domus-G14002-8-1.jpg","path":"\/home2\/valenci1\/public_html\/en\/wp-content\/uploads\/2017\/08\/Valencia-Domus-G14002-8-1.jpg","url":"https:\/\/www.valenciadomus.com\/en\/wp-content\/uploads\/2017\/08\/Valencia-Domus-G14002-8-1-150x150.jpg","full_url":"https:\/\/www.valenciadomus.com\/en\/wp-content\/uploads\/2017\/08\/Valencia-Domus-G14002-8-1.jpg","title":"Valencia Domus G14002-8","caption":"","description":"","alt":"","srcset":"https:\/\/www.valenciadomus.com\/en\/wp-content\/uploads\/2017\/08\/Valencia-Domus-G14002-8-1-150x150.jpg 150w, https:\/\/www.valenciadomus.com\/en\/wp-content\/uploads\/2017\/08\/Valencia-Domus-G14002-8-1-210x210.jpg 210w"},{"width":150,"height":150,"file":"2017\/08\/Valencia-Domus-G14002-6-1.jpg","sizes":{"thumbnail":{"file":"Valencia-Domus-G14002-6-1-150x150.jpg","width":150,"height":150,"mime-type":"image\/jpeg","url":"https:\/\/www.valenciadomus.com\/en\/wp-content\/uploads\/2017\/08\/Valencia-Domus-G14002-6-1-150x150.jpg"},"medium":{"file":"Valencia-Domus-G14002-6-1-300x199.jpg","width":300,"height":199,"mime-type":"image\/jpeg","url":"https:\/\/www.valenciadomus.com\/en\/wp-content\/uploads\/2017\/08\/Valencia-Domus-G14002-6-1-300x199.jpg"},"medium_large":{"file":"Valencia-Domus-G14002-6-1-768x510.jpg","width":768,"height":510,"mime-type":"image\/jpeg","url":"https:\/\/www.valenciadomus.com\/en\/wp-content\/uploads\/2017\/08\/Valencia-Domus-G14002-6-1-768x510.jpg"},"post-thumbnail":{"file":"Valencia-Domus-G14002-6-1-150x100.jpg","width":150,"height":100,"mime-type":"image\/jpeg","url":"https:\/\/www.valenciadomus.com\/en\/wp-content\/uploads\/2017\/08\/Valencia-Domus-G14002-6-1-150x100.jpg"},"property-thumb-image":{"file":"Valencia-Domus-G14002-6-1-244x163.jpg","width":244,"height":163,"mime-type":"image\/jpeg","url":"https:\/\/www.valenciadomus.com\/en\/wp-content\/uploads\/2017\/08\/Valencia-Domus-G14002-6-1-244x163.jpg"},"property-detail-video-image":{"file":"Valencia-Domus-G14002-6-1-818x417.jpg","width":818,"height":417,"mime-type":"image\/jpeg","url":"https:\/\/www.valenciadomus.com\/en\/wp-content\/uploads\/2017\/08\/Valencia-Domus-G14002-6-1-818x417.jpg"},"agent-image":{"file":"Valencia-Domus-G14002-6-1-210x210.jpg","width":210,"height":210,"mime-type":"image\/jpeg","url":"https:\/\/www.valenciadomus.com\/en\/wp-content\/uploads\/2017\/08\/Valencia-Domus-G14002-6-1-210x210.jpg"},"partners-logo":{"file":"Valencia-Domus-G14002-6-1-200x664.jpg","width":200,"height":664,"mime-type":"image\/jpeg","url":"https:\/\/www.valenciadomus.com\/en\/wp-content\/uploads\/2017\/08\/Valencia-Domus-G14002-6-1-200x664.jpg"},"post-featured-image":{"file":"Valencia-Domus-G14002-6-1-830x323.jpg","width":830,"height":323,"mime-type":"image\/jpeg","url":"https:\/\/www.valenciadomus.com\/en\/wp-content\/uploads\/2017\/08\/Valencia-Domus-G14002-6-1-830x323.jpg"},"gallery-two-column-image":{"file":"Valencia-Domus-G14002-6-1-536x269.jpg","width":536,"height":269,"mime-type":"image\/jpeg","url":"https:\/\/www.valenciadomus.com\/en\/wp-content\/uploads\/2017\/08\/Valencia-Domus-G14002-6-1-536x269.jpg"},"property-detail-slider-image":{"file":"Valencia-Domus-G14002-6-1-770x386.jpg","width":770,"height":386,"mime-type":"image\/jpeg","url":"https:\/\/www.valenciadomus.com\/en\/wp-content\/uploads\/2017\/08\/Valencia-Domus-G14002-6-1-770x386.jpg"},"property-detail-slider-image-two":{"file":"Valencia-Domus-G14002-6-1-830x460.jpg","width":830,"height":460,"mime-type":"image\/jpeg","url":"https:\/\/www.valenciadomus.com\/en\/wp-content\/uploads\/2017\/08\/Valencia-Domus-G14002-6-1-830x460.jpg"},"property-detail-slider-thumb":{"file":"Valencia-Domus-G14002-6-1-82x60.jpg","width":82,"height":60,"mime-type":"image\/jpeg","url":"https:\/\/www.valenciadomus.com\/en\/wp-content\/uploads\/2017\/08\/Valencia-Domus-G14002-6-1-82x60.jpg"},"grid-view-image":{"file":"Valencia-Domus-G14002-6-1-246x162.jpg","width":246,"height":162,"mime-type":"image\/jpeg","url":"https:\/\/www.valenciadomus.com\/en\/wp-content\/uploads\/2017\/08\/Valencia-Domus-G14002-6-1-246x162.jpg"}},"image_meta":{"aperture":"0","credit":"Silvia Gavila","camera":"","caption":"","created_timestamp":"1502884114","copyright":"\u00a92017 Silvia Gavila","focal_length":"0","iso":"0","shutter_speed":"0","title":"","orientation":"0","keywords":[]},"ID":"1159","name":"Valencia-Domus-G14002-6-1.jpg","path":"\/home2\/valenci1\/public_html\/en\/wp-content\/uploads\/2017\/08\/Valencia-Domus-G14002-6-1.jpg","url":"https:\/\/www.valenciadomus.com\/en\/wp-content\/uploads\/2017\/08\/Valencia-Domus-G14002-6-1-150x150.jpg","full_url":"https:\/\/www.valenciadomus.com\/en\/wp-content\/uploads\/2017\/08\/Valencia-Domus-G14002-6-1.jpg","title":"Valencia Domus G14002-6","caption":"","description":"","alt":"","srcset":"https:\/\/www.valenciadomus.com\/en\/wp-content\/uploads\/2017\/08\/Valencia-Domus-G14002-6-1-150x150.jpg 150w, https:\/\/www.valenciadomus.com\/en\/wp-content\/uploads\/2017\/08\/Valencia-Domus-G14002-6-1-210x210.jpg 210w"},{"width":150,"height":150,"file":"2017\/08\/Valencia-Domus-G14002-9-1.jpg","sizes":{"thumbnail":{"file":"Valencia-Domus-G14002-9-1-150x150.jpg","width":150,"height":150,"mime-type":"image\/jpeg","url":"https:\/\/www.valenciadomus.com\/en\/wp-content\/uploads\/2017\/08\/Valencia-Domus-G14002-9-1-150x150.jpg"},"medium":{"file":"Valencia-Domus-G14002-9-1-300x199.jpg","width":300,"height":199,"mime-type":"image\/jpeg","url":"https:\/\/www.valenciadomus.com\/en\/wp-content\/uploads\/2017\/08\/Valencia-Domus-G14002-9-1-300x199.jpg"},"medium_large":{"file":"Valencia-Domus-G14002-9-1-768x510.jpg","width":768,"height":510,"mime-type":"image\/jpeg","url":"https:\/\/www.valenciadomus.com\/en\/wp-content\/uploads\/2017\/08\/Valencia-Domus-G14002-9-1-768x510.jpg"},"post-thumbnail":{"file":"Valencia-Domus-G14002-9-1-150x100.jpg","width":150,"height":100,"mime-type":"image\/jpeg","url":"https:\/\/www.valenciadomus.com\/en\/wp-content\/uploads\/2017\/08\/Valencia-Domus-G14002-9-1-150x100.jpg"},"property-thumb-image":{"file":"Valencia-Domus-G14002-9-1-244x163.jpg","width":244,"height":163,"mime-type":"image\/jpeg","url":"https:\/\/www.valenciadomus.com\/en\/wp-content\/uploads\/2017\/08\/Valencia-Domus-G14002-9-1-244x163.jpg"},"property-detail-video-image":{"file":"Valencia-Domus-G14002-9-1-818x417.jpg","width":818,"height":417,"mime-type":"image\/jpeg","url":"https:\/\/www.valenciadomus.com\/en\/wp-content\/uploads\/2017\/08\/Valencia-Domus-G14002-9-1-818x417.jpg"},"agent-image":{"file":"Valencia-Domus-G14002-9-1-210x210.jpg","width":210,"height":210,"mime-type":"image\/jpeg","url":"https:\/\/www.valenciadomus.com\/en\/wp-content\/uploads\/2017\/08\/Valencia-Domus-G14002-9-1-210x210.jpg"},"partners-logo":{"file":"Valencia-Domus-G14002-9-1-200x664.jpg","width":200,"height":664,"mime-type":"image\/jpeg","url":"https:\/\/www.valenciadomus.com\/en\/wp-content\/uploads\/2017\/08\/Valencia-Domus-G14002-9-1-200x664.jpg"},"post-featured-image":{"file":"Valencia-Domus-G14002-9-1-830x323.jpg","width":830,"height":323,"mime-type":"image\/jpeg","url":"https:\/\/www.valenciadomus.com\/en\/wp-content\/uploads\/2017\/08\/Valencia-Domus-G14002-9-1-830x323.jpg"},"gallery-two-column-image":{"file":"Valencia-Domus-G14002-9-1-536x269.jpg","width":536,"height":269,"mime-type":"image\/jpeg","url":"https:\/\/www.valenciadomus.com\/en\/wp-content\/uploads\/2017\/08\/Valencia-Domus-G14002-9-1-536x269.jpg"},"property-detail-slider-image":{"file":"Valencia-Domus-G14002-9-1-770x386.jpg","width":770,"height":386,"mime-type":"image\/jpeg","url":"https:\/\/www.valenciadomus.com\/en\/wp-content\/uploads\/2017\/08\/Valencia-Domus-G14002-9-1-770x386.jpg"},"property-detail-slider-image-two":{"file":"Valencia-Domus-G14002-9-1-830x460.jpg","width":830,"height":460,"mime-type":"image\/jpeg","url":"https:\/\/www.valenciadomus.com\/en\/wp-content\/uploads\/2017\/08\/Valencia-Domus-G14002-9-1-830x460.jpg"},"property-detail-slider-thumb":{"file":"Valencia-Domus-G14002-9-1-82x60.jpg","width":82,"height":60,"mime-type":"image\/jpeg","url":"https:\/\/www.valenciadomus.com\/en\/wp-content\/uploads\/2017\/08\/Valencia-Domus-G14002-9-1-82x60.jpg"},"grid-view-image":{"file":"Valencia-Domus-G14002-9-1-246x162.jpg","width":246,"height":162,"mime-type":"image\/jpeg","url":"https:\/\/www.valenciadomus.com\/en\/wp-content\/uploads\/2017\/08\/Valencia-Domus-G14002-9-1-246x162.jpg"}},"image_meta":{"aperture":"0","credit":"Silvia Gavila","camera":"","caption":"","created_timestamp":"1502884483","copyright":"\u00a92017 Silvia Gavila","focal_length":"0","iso":"0","shutter_speed":"0","title":"","orientation":"0","keywords":[]},"ID":"1162","name":"Valencia-Domus-G14002-9-1.jpg","path":"\/home2\/valenci1\/public_html\/en\/wp-content\/uploads\/2017\/08\/Valencia-Domus-G14002-9-1.jpg","url":"https:\/\/www.valenciadomus.com\/en\/wp-content\/uploads\/2017\/08\/Valencia-Domus-G14002-9-1-150x150.jpg","full_url":"https:\/\/www.valenciadomus.com\/en\/wp-content\/uploads\/2017\/08\/Valencia-Domus-G14002-9-1.jpg","title":"Valencia Domus G14002-9","caption":"","description":"","alt":"Ba\u00f1era exenta y ducha lluvia","srcset":"https:\/\/www.valenciadomus.com\/en\/wp-content\/uploads\/2017\/08\/Valencia-Domus-G14002-9-1-150x150.jpg 150w, https:\/\/www.valenciadomus.com\/en\/wp-content\/uploads\/2017\/08\/Valencia-Domus-G14002-9-1-210x210.jpg 210w"},{"width":150,"height":150,"file":"2017\/08\/Valencia-Domus-G14002-4-1.jpg","sizes":{"thumbnail":{"file":"Valencia-Domus-G14002-4-1-150x150.jpg","width":150,"height":150,"mime-type":"image\/jpeg","url":"https:\/\/www.valenciadomus.com\/en\/wp-content\/uploads\/2017\/08\/Valencia-Domus-G14002-4-1-150x150.jpg"},"medium":{"file":"Valencia-Domus-G14002-4-1-300x199.jpg","width":300,"height":199,"mime-type":"image\/jpeg","url":"https:\/\/www.valenciadomus.com\/en\/wp-content\/uploads\/2017\/08\/Valencia-Domus-G14002-4-1-300x199.jpg"},"medium_large":{"file":"Valencia-Domus-G14002-4-1-768x510.jpg","width":768,"height":510,"mime-type":"image\/jpeg","url":"https:\/\/www.valenciadomus.com\/en\/wp-content\/uploads\/2017\/08\/Valencia-Domus-G14002-4-1-768x510.jpg"},"post-thumbnail":{"file":"Valencia-Domus-G14002-4-1-150x100.jpg","width":150,"height":100,"mime-type":"image\/jpeg","url":"https:\/\/www.valenciadomus.com\/en\/wp-content\/uploads\/2017\/08\/Valencia-Domus-G14002-4-1-150x100.jpg"},"property-thumb-image":{"file":"Valencia-Domus-G14002-4-1-244x163.jpg","width":244,"height":163,"mime-type":"image\/jpeg","url":"https:\/\/www.valenciadomus.com\/en\/wp-content\/uploads\/2017\/08\/Valencia-Domus-G14002-4-1-244x163.jpg"},"property-detail-video-image":{"file":"Valencia-Domus-G14002-4-1-818x417.jpg","width":818,"height":417,"mime-type":"image\/jpeg","url":"https:\/\/www.valenciadomus.com\/en\/wp-content\/uploads\/2017\/08\/Valencia-Domus-G14002-4-1-818x417.jpg"},"agent-image":{"file":"Valencia-Domus-G14002-4-1-210x210.jpg","width":210,"height":210,"mime-type":"image\/jpeg","url":"https:\/\/www.valenciadomus.com\/en\/wp-content\/uploads\/2017\/08\/Valencia-Domus-G14002-4-1-210x210.jpg"},"partners-logo":{"file":"Valencia-Domus-G14002-4-1-200x664.jpg","width":200,"height":664,"mime-type":"image\/jpeg","url":"https:\/\/www.valenciadomus.com\/en\/wp-content\/uploads\/2017\/08\/Valencia-Domus-G14002-4-1-200x664.jpg"},"post-featured-image":{"file":"Valencia-Domus-G14002-4-1-830x323.jpg","width":830,"height":323,"mime-type":"image\/jpeg","url":"https:\/\/www.valenciadomus.com\/en\/wp-content\/uploads\/2017\/08\/Valencia-Domus-G14002-4-1-830x323.jpg"},"gallery-two-column-image":{"file":"Valencia-Domus-G14002-4-1-536x269.jpg","width":536,"height":269,"mime-type":"image\/jpeg","url":"https:\/\/www.valenciadomus.com\/en\/wp-content\/uploads\/2017\/08\/Valencia-Domus-G14002-4-1-536x269.jpg"},"property-detail-slider-image":{"file":"Valencia-Domus-G14002-4-1-770x386.jpg","width":770,"height":386,"mime-type":"image\/jpeg","url":"https:\/\/www.valenciadomus.com\/en\/wp-content\/uploads\/2017\/08\/Valencia-Domus-G14002-4-1-770x386.jpg"},"property-detail-slider-image-two":{"file":"Valencia-Domus-G14002-4-1-830x460.jpg","width":830,"height":460,"mime-type":"image\/jpeg","url":"https:\/\/www.valenciadomus.com\/en\/wp-content\/uploads\/2017\/08\/Valencia-Domus-G14002-4-1-830x460.jpg"},"property-detail-slider-thumb":{"file":"Valencia-Domus-G14002-4-1-82x60.jpg","width":82,"height":60,"mime-type":"image\/jpeg","url":"https:\/\/www.valenciadomus.com\/en\/wp-content\/uploads\/2017\/08\/Valencia-Domus-G14002-4-1-82x60.jpg"},"grid-view-image":{"file":"Valencia-Domus-G14002-4-1-246x162.jpg","width":246,"height":162,"mime-type":"image\/jpeg","url":"https:\/\/www.valenciadomus.com\/en\/wp-content\/uploads\/2017\/08\/Valencia-Domus-G14002-4-1-246x162.jpg"}},"image_meta":{"aperture":"0","credit":"Silvia Gavila","camera":"","caption":"","created_timestamp":"1502883749","copyright":"\u00a92017 Silvia Gavila","focal_length":"0","iso":"0","shutter_speed":"0","title":"","orientation":"0","keywords":[]},"ID":"1157","name":"Valencia-Domus-G14002-4-1.jpg","path":"\/home2\/valenci1\/public_html\/en\/wp-content\/uploads\/2017\/08\/Valencia-Domus-G14002-4-1.jpg","url":"https:\/\/www.valenciadomus.com\/en\/wp-content\/uploads\/2017\/08\/Valencia-Domus-G14002-4-1-150x150.jpg","full_url":"https:\/\/www.valenciadomus.com\/en\/wp-content\/uploads\/2017\/08\/Valencia-Domus-G14002-4-1.jpg","title":"Valencia Domus G14002-4","caption":"","description":"","alt":"Dormitorio doble 1","srcset":"https:\/\/www.valenciadomus.com\/en\/wp-content\/uploads\/2017\/08\/Valencia-Domus-G14002-4-1-150x150.jpg 150w, https:\/\/www.valenciadomus.com\/en\/wp-content\/uploads\/2017\/08\/Valencia-Domus-G14002-4-1-210x210.jpg 210w"},{"width":150,"height":150,"file":"2017\/08\/Valencia-Domus-G14002-1-1.jpg","sizes":{"thumbnail":{"file":"Valencia-Domus-G14002-1-1-150x150.jpg","width":150,"height":150,"mime-type":"image\/jpeg","url":"https:\/\/www.valenciadomus.com\/en\/wp-content\/uploads\/2017\/08\/Valencia-Domus-G14002-1-1-150x150.jpg"},"medium":{"file":"Valencia-Domus-G14002-1-1-300x204.jpg","width":300,"height":204,"mime-type":"image\/jpeg","url":"https:\/\/www.valenciadomus.com\/en\/wp-content\/uploads\/2017\/08\/Valencia-Domus-G14002-1-1-300x204.jpg"},"medium_large":{"file":"Valencia-Domus-G14002-1-1-768x521.jpg","width":768,"height":521,"mime-type":"image\/jpeg","url":"https:\/\/www.valenciadomus.com\/en\/wp-content\/uploads\/2017\/08\/Valencia-Domus-G14002-1-1-768x521.jpg"},"post-thumbnail":{"file":"Valencia-Domus-G14002-1-1-150x102.jpg","width":150,"height":102,"mime-type":"image\/jpeg","url":"https:\/\/www.valenciadomus.com\/en\/wp-content\/uploads\/2017\/08\/Valencia-Domus-G14002-1-1-150x102.jpg"},"property-thumb-image":{"file":"Valencia-Domus-G14002-1-1-244x163.jpg","width":244,"height":163,"mime-type":"image\/jpeg","url":"https:\/\/www.valenciadomus.com\/en\/wp-content\/uploads\/2017\/08\/Valencia-Domus-G14002-1-1-244x163.jpg"},"property-detail-video-image":{"file":"Valencia-Domus-G14002-1-1-818x417.jpg","width":818,"height":417,"mime-type":"image\/jpeg","url":"https:\/\/www.valenciadomus.com\/en\/wp-content\/uploads\/2017\/08\/Valencia-Domus-G14002-1-1-818x417.jpg"},"agent-image":{"file":"Valencia-Domus-G14002-1-1-210x210.jpg","width":210,"height":210,"mime-type":"image\/jpeg","url":"https:\/\/www.valenciadomus.com\/en\/wp-content\/uploads\/2017\/08\/Valencia-Domus-G14002-1-1-210x210.jpg"},"partners-logo":{"file":"Valencia-Domus-G14002-1-1-200x679.jpg","width":200,"height":679,"mime-type":"image\/jpeg","url":"https:\/\/www.valenciadomus.com\/en\/wp-content\/uploads\/2017\/08\/Valencia-Domus-G14002-1-1-200x679.jpg"},"post-featured-image":{"file":"Valencia-Domus-G14002-1-1-830x323.jpg","width":830,"height":323,"mime-type":"image\/jpeg","url":"https:\/\/www.valenciadomus.com\/en\/wp-content\/uploads\/2017\/08\/Valencia-Domus-G14002-1-1-830x323.jpg"},"gallery-two-column-image":{"file":"Valencia-Domus-G14002-1-1-536x269.jpg","width":536,"height":269,"mime-type":"image\/jpeg","url":"https:\/\/www.valenciadomus.com\/en\/wp-content\/uploads\/2017\/08\/Valencia-Domus-G14002-1-1-536x269.jpg"},"property-detail-slider-image":{"file":"Valencia-Domus-G14002-1-1-770x386.jpg","width":770,"height":386,"mime-type":"image\/jpeg","url":"https:\/\/www.valenciadomus.com\/en\/wp-content\/uploads\/2017\/08\/Valencia-Domus-G14002-1-1-770x386.jpg"},"property-detail-slider-image-two":{"file":"Valencia-Domus-G14002-1-1-830x460.jpg","width":830,"height":460,"mime-type":"image\/jpeg","url":"https:\/\/www.valenciadomus.com\/en\/wp-content\/uploads\/2017\/08\/Valencia-Domus-G14002-1-1-830x460.jpg"},"property-detail-slider-thumb":{"file":"Valencia-Domus-G14002-1-1-82x60.jpg","width":82,"height":60,"mime-type":"image\/jpeg","url":"https:\/\/www.valenciadomus.com\/en\/wp-content\/uploads\/2017\/08\/Valencia-Domus-G14002-1-1-82x60.jpg"},"grid-view-image":{"file":"Valencia-Domus-G14002-1-1-246x162.jpg","width":246,"height":162,"mime-type":"image\/jpeg","url":"https:\/\/www.valenciadomus.com\/en\/wp-content\/uploads\/2017\/08\/Valencia-Domus-G14002-1-1-246x162.jpg"}},"image_meta":{"aperture":"0","credit":"Silvia Gavila","camera":"","caption":"","created_timestamp":"1502883367","copyright":"\u00a92017 Silvia Gavila","focal_length":"0","iso":"0","shutter_speed":"0","title":"","orientation":"0","keywords":[]},"ID":"1154","name":"Valencia-Domus-G14002-1-1.jpg","path":"\/home2\/valenci1\/public_html\/en\/wp-content\/uploads\/2017\/08\/Valencia-Domus-G14002-1-1.jpg","url":"https:\/\/www.valenciadomus.com\/en\/wp-content\/uploads\/2017\/08\/Valencia-Domus-G14002-1-1-150x150.jpg","full_url":"https:\/\/www.valenciadomus.com\/en\/wp-content\/uploads\/2017\/08\/Valencia-Domus-G14002-1-1.jpg","title":"Valencia Domus G14002-1","caption":"","description":"","alt":"Dormitorio doble 1","srcset":"https:\/\/www.valenciadomus.com\/en\/wp-content\/uploads\/2017\/08\/Valencia-Domus-G14002-1-1-150x150.jpg 150w, https:\/\/www.valenciadomus.com\/en\/wp-content\/uploads\/2017\/08\/Valencia-Domus-G14002-1-1-210x210.jpg 210w"},{"width":150,"height":150,"file":"2017\/08\/Valencia-Domus-G14002-2-1.jpg","sizes":{"thumbnail":{"file":"Valencia-Domus-G14002-2-1-150x150.jpg","width":150,"height":150,"mime-type":"image\/jpeg","url":"https:\/\/www.valenciadomus.com\/en\/wp-content\/uploads\/2017\/08\/Valencia-Domus-G14002-2-1-150x150.jpg"},"medium":{"file":"Valencia-Domus-G14002-2-1-300x199.jpg","width":300,"height":199,"mime-type":"image\/jpeg","url":"https:\/\/www.valenciadomus.com\/en\/wp-content\/uploads\/2017\/08\/Valencia-Domus-G14002-2-1-300x199.jpg"},"medium_large":{"file":"Valencia-Domus-G14002-2-1-768x510.jpg","width":768,"height":510,"mime-type":"image\/jpeg","url":"https:\/\/www.valenciadomus.com\/en\/wp-content\/uploads\/2017\/08\/Valencia-Domus-G14002-2-1-768x510.jpg"},"post-thumbnail":{"file":"Valencia-Domus-G14002-2-1-150x100.jpg","width":150,"height":100,"mime-type":"image\/jpeg","url":"https:\/\/www.valenciadomus.com\/en\/wp-content\/uploads\/2017\/08\/Valencia-Domus-G14002-2-1-150x100.jpg"},"property-thumb-image":{"file":"Valencia-Domus-G14002-2-1-244x163.jpg","width":244,"height":163,"mime-type":"image\/jpeg","url":"https:\/\/www.valenciadomus.com\/en\/wp-content\/uploads\/2017\/08\/Valencia-Domus-G14002-2-1-244x163.jpg"},"property-detail-video-image":{"file":"Valencia-Domus-G14002-2-1-818x417.jpg","width":818,"height":417,"mime-type":"image\/jpeg","url":"https:\/\/www.valenciadomus.com\/en\/wp-content\/uploads\/2017\/08\/Valencia-Domus-G14002-2-1-818x417.jpg"},"agent-image":{"file":"Valencia-Domus-G14002-2-1-210x210.jpg","width":210,"height":210,"mime-type":"image\/jpeg","url":"https:\/\/www.valenciadomus.com\/en\/wp-content\/uploads\/2017\/08\/Valencia-Domus-G14002-2-1-210x210.jpg"},"partners-logo":{"file":"Valencia-Domus-G14002-2-1-200x664.jpg","width":200,"height":664,"mime-type":"image\/jpeg","url":"https:\/\/www.valenciadomus.com\/en\/wp-content\/uploads\/2017\/08\/Valencia-Domus-G14002-2-1-200x664.jpg"},"post-featured-image":{"file":"Valencia-Domus-G14002-2-1-830x323.jpg","width":830,"height":323,"mime-type":"image\/jpeg","url":"https:\/\/www.valenciadomus.com\/en\/wp-content\/uploads\/2017\/08\/Valencia-Domus-G14002-2-1-830x323.jpg"},"gallery-two-column-image":{"file":"Valencia-Domus-G14002-2-1-536x269.jpg","width":536,"height":269,"mime-type":"image\/jpeg","url":"https:\/\/www.valenciadomus.com\/en\/wp-content\/uploads\/2017\/08\/Valencia-Domus-G14002-2-1-536x269.jpg"},"property-detail-slider-image":{"file":"Valencia-Domus-G14002-2-1-770x386.jpg","width":770,"height":386,"mime-type":"image\/jpeg","url":"https:\/\/www.valenciadomus.com\/en\/wp-content\/uploads\/2017\/08\/Valencia-Domus-G14002-2-1-770x386.jpg"},"property-detail-slider-image-two":{"file":"Valencia-Domus-G14002-2-1-830x460.jpg","width":830,"height":460,"mime-type":"image\/jpeg","url":"https:\/\/www.valenciadomus.com\/en\/wp-content\/uploads\/2017\/08\/Valencia-Domus-G14002-2-1-830x460.jpg"},"property-detail-slider-thumb":{"file":"Valencia-Domus-G14002-2-1-82x60.jpg","width":82,"height":60,"mime-type":"image\/jpeg","url":"https:\/\/www.valenciadomus.com\/en\/wp-content\/uploads\/2017\/08\/Valencia-Domus-G14002-2-1-82x60.jpg"},"grid-view-image":{"file":"Valencia-Domus-G14002-2-1-246x162.jpg","width":246,"height":162,"mime-type":"image\/jpeg","url":"https:\/\/www.valenciadomus.com\/en\/wp-content\/uploads\/2017\/08\/Valencia-Domus-G14002-2-1-246x162.jpg"}},"image_meta":{"aperture":"0","credit":"Silvia Gavila","camera":"","caption":"","created_timestamp":"1502883545","copyright":"\u00a92017 Silvia Gavila","focal_length":"0","iso":"0","shutter_speed":"0","title":"","orientation":"0","keywords":[]},"ID":"1155","name":"Valencia-Domus-G14002-2-1.jpg","path":"\/home2\/valenci1\/public_html\/en\/wp-content\/uploads\/2017\/08\/Valencia-Domus-G14002-2-1.jpg","url":"https:\/\/www.valenciadomus.com\/en\/wp-content\/uploads\/2017\/08\/Valencia-Domus-G14002-2-1-150x150.jpg","full_url":"https:\/\/www.valenciadomus.com\/en\/wp-content\/uploads\/2017\/08\/Valencia-Domus-G14002-2-1.jpg","title":"Valencia Domus G14002-2","caption":"","description":"","alt":"Cuarto de ba\u00f1o en suite 1","srcset":"https:\/\/www.valenciadomus.com\/en\/wp-content\/uploads\/2017\/08\/Valencia-Domus-G14002-2-1-150x150.jpg 150w, https:\/\/www.valenciadomus.com\/en\/wp-content\/uploads\/2017\/08\/Valencia-Domus-G14002-2-1-210x210.jpg 210w"},{"width":150,"height":150,"file":"2017\/08\/Valencia-Domus-G14002-36-1.jpg","sizes":{"thumbnail":{"file":"Valencia-Domus-G14002-36-1-150x150.jpg","width":150,"height":150,"mime-type":"image\/jpeg","url":"https:\/\/www.valenciadomus.com\/en\/wp-content\/uploads\/2017\/08\/Valencia-Domus-G14002-36-1-150x150.jpg"},"medium":{"file":"Valencia-Domus-G14002-36-1-300x199.jpg","width":300,"height":199,"mime-type":"image\/jpeg","url":"https:\/\/www.valenciadomus.com\/en\/wp-content\/uploads\/2017\/08\/Valencia-Domus-G14002-36-1-300x199.jpg"},"medium_large":{"file":"Valencia-Domus-G14002-36-1-768x510.jpg","width":768,"height":510,"mime-type":"image\/jpeg","url":"https:\/\/www.valenciadomus.com\/en\/wp-content\/uploads\/2017\/08\/Valencia-Domus-G14002-36-1-768x510.jpg"},"post-thumbnail":{"file":"Valencia-Domus-G14002-36-1-150x100.jpg","width":150,"height":100,"mime-type":"image\/jpeg","url":"https:\/\/www.valenciadomus.com\/en\/wp-content\/uploads\/2017\/08\/Valencia-Domus-G14002-36-1-150x100.jpg"},"property-thumb-image":{"file":"Valencia-Domus-G14002-36-1-244x163.jpg","width":244,"height":163,"mime-type":"image\/jpeg","url":"https:\/\/www.valenciadomus.com\/en\/wp-content\/uploads\/2017\/08\/Valencia-Domus-G14002-36-1-244x163.jpg"},"property-detail-video-image":{"file":"Valencia-Domus-G14002-36-1-818x417.jpg","width":818,"height":417,"mime-type":"image\/jpeg","url":"https:\/\/www.valenciadomus.com\/en\/wp-content\/uploads\/2017\/08\/Valencia-Domus-G14002-36-1-818x417.jpg"},"agent-image":{"file":"Valencia-Domus-G14002-36-1-210x210.jpg","width":210,"height":210,"mime-type":"image\/jpeg","url":"https:\/\/www.valenciadomus.com\/en\/wp-content\/uploads\/2017\/08\/Valencia-Domus-G14002-36-1-210x210.jpg"},"partners-logo":{"file":"Valencia-Domus-G14002-36-1-200x664.jpg","width":200,"height":664,"mime-type":"image\/jpeg","url":"https:\/\/www.valenciadomus.com\/en\/wp-content\/uploads\/2017\/08\/Valencia-Domus-G14002-36-1-200x664.jpg"},"post-featured-image":{"file":"Valencia-Domus-G14002-36-1-830x323.jpg","width":830,"height":323,"mime-type":"image\/jpeg","url":"https:\/\/www.valenciadomus.com\/en\/wp-content\/uploads\/2017\/08\/Valencia-Domus-G14002-36-1-830x323.jpg"},"gallery-two-column-image":{"file":"Valencia-Domus-G14002-36-1-536x269.jpg","width":536,"height":269,"mime-type":"image\/jpeg","url":"https:\/\/www.valenciadomus.com\/en\/wp-content\/uploads\/2017\/08\/Valencia-Domus-G14002-36-1-536x269.jpg"},"property-detail-slider-image":{"file":"Valencia-Domus-G14002-36-1-770x386.jpg","width":770,"height":386,"mime-type":"image\/jpeg","url":"https:\/\/www.valenciadomus.com\/en\/wp-content\/uploads\/2017\/08\/Valencia-Domus-G14002-36-1-770x386.jpg"},"property-detail-slider-image-two":{"file":"Valencia-Domus-G14002-36-1-830x460.jpg","width":830,"height":460,"mime-type":"image\/jpeg","url":"https:\/\/www.valenciadomus.com\/en\/wp-content\/uploads\/2017\/08\/Valencia-Domus-G14002-36-1-830x460.jpg"},"property-detail-slider-thumb":{"file":"Valencia-Domus-G14002-36-1-82x60.jpg","width":82,"height":60,"mime-type":"image\/jpeg","url":"https:\/\/www.valenciadomus.com\/en\/wp-content\/uploads\/2017\/08\/Valencia-Domus-G14002-36-1-82x60.jpg"},"grid-view-image":{"file":"Valencia-Domus-G14002-36-1-246x162.jpg","width":246,"height":162,"mime-type":"image\/jpeg","url":"https:\/\/www.valenciadomus.com\/en\/wp-content\/uploads\/2017\/08\/Valencia-Domus-G14002-36-1-246x162.jpg"}},"image_meta":{"aperture":"0","credit":"Silvia Gavila","camera":"","caption":"","created_timestamp":"1436872962","copyright":"\u00a92017 Silvia Gavila","focal_length":"0","iso":"0","shutter_speed":"0","title":"","orientation":"0","keywords":[]},"ID":"1169","name":"Valencia-Domus-G14002-36-1.jpg","path":"\/home2\/valenci1\/public_html\/en\/wp-content\/uploads\/2017\/08\/Valencia-Domus-G14002-36-1.jpg","url":"https:\/\/www.valenciadomus.com\/en\/wp-content\/uploads\/2017\/08\/Valencia-Domus-G14002-36-1-150x150.jpg","full_url":"https:\/\/www.valenciadomus.com\/en\/wp-content\/uploads\/2017\/08\/Valencia-Domus-G14002-36-1.jpg","title":"Valencia Domus G14002-36","caption":"","description":"","alt":"Vistas a la piscina y jard\u00edn minimalista","srcset":"https:\/\/www.valenciadomus.com\/en\/wp-content\/uploads\/2017\/08\/Valencia-Domus-G14002-36-1-150x150.jpg 150w, https:\/\/www.valenciadomus.com\/en\/wp-content\/uploads\/2017\/08\/Valencia-Domus-G14002-36-1-210x210.jpg 210w"},{"width":150,"height":150,"file":"2017\/08\/Valencia-Domus-G14002-14-1.jpg","sizes":{"thumbnail":{"file":"Valencia-Domus-G14002-14-1-150x150.jpg","width":150,"height":150,"mime-type":"image\/jpeg","url":"https:\/\/www.valenciadomus.com\/en\/wp-content\/uploads\/2017\/08\/Valencia-Domus-G14002-14-1-150x150.jpg"},"medium":{"file":"Valencia-Domus-G14002-14-1-300x199.jpg","width":300,"height":199,"mime-type":"image\/jpeg","url":"https:\/\/www.valenciadomus.com\/en\/wp-content\/uploads\/2017\/08\/Valencia-Domus-G14002-14-1-300x199.jpg"},"medium_large":{"file":"Valencia-Domus-G14002-14-1-768x510.jpg","width":768,"height":510,"mime-type":"image\/jpeg","url":"https:\/\/www.valenciadomus.com\/en\/wp-content\/uploads\/2017\/08\/Valencia-Domus-G14002-14-1-768x510.jpg"},"post-thumbnail":{"file":"Valencia-Domus-G14002-14-1-150x100.jpg","width":150,"height":100,"mime-type":"image\/jpeg","url":"https:\/\/www.valenciadomus.com\/en\/wp-content\/uploads\/2017\/08\/Valencia-Domus-G14002-14-1-150x100.jpg"},"property-thumb-image":{"file":"Valencia-Domus-G14002-14-1-244x163.jpg","width":244,"height":163,"mime-type":"image\/jpeg","url":"https:\/\/www.valenciadomus.com\/en\/wp-content\/uploads\/2017\/08\/Valencia-Domus-G14002-14-1-244x163.jpg"},"property-detail-video-image":{"file":"Valencia-Domus-G14002-14-1-818x417.jpg","width":818,"height":417,"mime-type":"image\/jpeg","url":"https:\/\/www.valenciadomus.com\/en\/wp-content\/uploads\/2017\/08\/Valencia-Domus-G14002-14-1-818x417.jpg"},"agent-image":{"file":"Valencia-Domus-G14002-14-1-210x210.jpg","width":210,"height":210,"mime-type":"image\/jpeg","url":"https:\/\/www.valenciadomus.com\/en\/wp-content\/uploads\/2017\/08\/Valencia-Domus-G14002-14-1-210x210.jpg"},"partners-logo":{"file":"Valencia-Domus-G14002-14-1-200x664.jpg","width":200,"height":664,"mime-type":"image\/jpeg","url":"https:\/\/www.valenciadomus.com\/en\/wp-content\/uploads\/2017\/08\/Valencia-Domus-G14002-14-1-200x664.jpg"},"post-featured-image":{"file":"Valencia-Domus-G14002-14-1-830x323.jpg","width":830,"height":323,"mime-type":"image\/jpeg","url":"https:\/\/www.valenciadomus.com\/en\/wp-content\/uploads\/2017\/08\/Valencia-Domus-G14002-14-1-830x323.jpg"},"gallery-two-column-image":{"file":"Valencia-Domus-G14002-14-1-536x269.jpg","width":536,"height":269,"mime-type":"image\/jpeg","url":"https:\/\/www.valenciadomus.com\/en\/wp-content\/uploads\/2017\/08\/Valencia-Domus-G14002-14-1-536x269.jpg"},"property-detail-slider-image":{"file":"Valencia-Domus-G14002-14-1-770x386.jpg","width":770,"height":386,"mime-type":"image\/jpeg","url":"https:\/\/www.valenciadomus.com\/en\/wp-content\/uploads\/2017\/08\/Valencia-Domus-G14002-14-1-770x386.jpg"},"property-detail-slider-image-two":{"file":"Valencia-Domus-G14002-14-1-830x460.jpg","width":830,"height":460,"mime-type":"image\/jpeg","url":"https:\/\/www.valenciadomus.com\/en\/wp-content\/uploads\/2017\/08\/Valencia-Domus-G14002-14-1-830x460.jpg"},"property-detail-slider-thumb":{"file":"Valencia-Domus-G14002-14-1-82x60.jpg","width":82,"height":60,"mime-type":"image\/jpeg","url":"https:\/\/www.valenciadomus.com\/en\/wp-content\/uploads\/2017\/08\/Valencia-Domus-G14002-14-1-82x60.jpg"},"grid-view-image":{"file":"Valencia-Domus-G14002-14-1-246x162.jpg","width":246,"height":162,"mime-type":"image\/jpeg","url":"https:\/\/www.valenciadomus.com\/en\/wp-content\/uploads\/2017\/08\/Valencia-Domus-G14002-14-1-246x162.jpg"}},"image_meta":{"aperture":"0","credit":"Silvia Gavila","camera":"","caption":"","created_timestamp":"1502883922","copyright":"\u00a92017 Silvia Gavila","focal_length":"0","iso":"0","shutter_speed":"0","title":"","orientation":"0","keywords":["rental alquiler valencia cambridge"]},"ID":"1167","name":"Valencia-Domus-G14002-14-1.jpg","path":"\/home2\/valenci1\/public_html\/en\/wp-content\/uploads\/2017\/08\/Valencia-Domus-G14002-14-1.jpg","url":"https:\/\/www.valenciadomus.com\/en\/wp-content\/uploads\/2017\/08\/Valencia-Domus-G14002-14-1-150x150.jpg","full_url":"https:\/\/www.valenciadomus.com\/en\/wp-content\/uploads\/2017\/08\/Valencia-Domus-G14002-14-1.jpg","title":"Valencia Domus G14002-14","caption":"","description":"","alt":"Dormitorio doble 2","srcset":"https:\/\/www.valenciadomus.com\/en\/wp-content\/uploads\/2017\/08\/Valencia-Domus-G14002-14-1-150x150.jpg 150w, https:\/\/www.valenciadomus.com\/en\/wp-content\/uploads\/2017\/08\/Valencia-Domus-G14002-14-1-210x210.jpg 210w"},{"width":150,"height":150,"file":"2017\/08\/Valencia-Domus-G14002-5-1.jpg","sizes":{"thumbnail":{"file":"Valencia-Domus-G14002-5-1-150x150.jpg","width":150,"height":150,"mime-type":"image\/jpeg","url":"https:\/\/www.valenciadomus.com\/en\/wp-content\/uploads\/2017\/08\/Valencia-Domus-G14002-5-1-150x150.jpg"},"medium":{"file":"Valencia-Domus-G14002-5-1-300x199.jpg","width":300,"height":199,"mime-type":"image\/jpeg","url":"https:\/\/www.valenciadomus.com\/en\/wp-content\/uploads\/2017\/08\/Valencia-Domus-G14002-5-1-300x199.jpg"},"medium_large":{"file":"Valencia-Domus-G14002-5-1-768x510.jpg","width":768,"height":510,"mime-type":"image\/jpeg","url":"https:\/\/www.valenciadomus.com\/en\/wp-content\/uploads\/2017\/08\/Valencia-Domus-G14002-5-1-768x510.jpg"},"post-thumbnail":{"file":"Valencia-Domus-G14002-5-1-150x100.jpg","width":150,"height":100,"mime-type":"image\/jpeg","url":"https:\/\/www.valenciadomus.com\/en\/wp-content\/uploads\/2017\/08\/Valencia-Domus-G14002-5-1-150x100.jpg"},"property-thumb-image":{"file":"Valencia-Domus-G14002-5-1-244x163.jpg","width":244,"height":163,"mime-type":"image\/jpeg","url":"https:\/\/www.valenciadomus.com\/en\/wp-content\/uploads\/2017\/08\/Valencia-Domus-G14002-5-1-244x163.jpg"},"property-detail-video-image":{"file":"Valencia-Domus-G14002-5-1-818x417.jpg","width":818,"height":417,"mime-type":"image\/jpeg","url":"https:\/\/www.valenciadomus.com\/en\/wp-content\/uploads\/2017\/08\/Valencia-Domus-G14002-5-1-818x417.jpg"},"agent-image":{"file":"Valencia-Domus-G14002-5-1-210x210.jpg","width":210,"height":210,"mime-type":"image\/jpeg","url":"https:\/\/www.valenciadomus.com\/en\/wp-content\/uploads\/2017\/08\/Valencia-Domus-G14002-5-1-210x210.jpg"},"partners-logo":{"file":"Valencia-Domus-G14002-5-1-200x664.jpg","width":200,"height":664,"mime-type":"image\/jpeg","url":"https:\/\/www.valenciadomus.com\/en\/wp-content\/uploads\/2017\/08\/Valencia-Domus-G14002-5-1-200x664.jpg"},"post-featured-image":{"file":"Valencia-Domus-G14002-5-1-830x323.jpg","width":830,"height":323,"mime-type":"image\/jpeg","url":"https:\/\/www.valenciadomus.com\/en\/wp-content\/uploads\/2017\/08\/Valencia-Domus-G14002-5-1-830x323.jpg"},"gallery-two-column-image":{"file":"Valencia-Domus-G14002-5-1-536x269.jpg","width":536,"height":269,"mime-type":"image\/jpeg","url":"https:\/\/www.valenciadomus.com\/en\/wp-content\/uploads\/2017\/08\/Valencia-Domus-G14002-5-1-536x269.jpg"},"property-detail-slider-image":{"file":"Valencia-Domus-G14002-5-1-770x386.jpg","width":770,"height":386,"mime-type":"image\/jpeg","url":"https:\/\/www.valenciadomus.com\/en\/wp-content\/uploads\/2017\/08\/Valencia-Domus-G14002-5-1-770x386.jpg"},"property-detail-slider-image-two":{"file":"Valencia-Domus-G14002-5-1-830x460.jpg","width":830,"height":460,"mime-type":"image\/jpeg","url":"https:\/\/www.valenciadomus.com\/en\/wp-content\/uploads\/2017\/08\/Valencia-Domus-G14002-5-1-830x460.jpg"},"property-detail-slider-thumb":{"file":"Valencia-Domus-G14002-5-1-82x60.jpg","width":82,"height":60,"mime-type":"image\/jpeg","url":"https:\/\/www.valenciadomus.com\/en\/wp-content\/uploads\/2017\/08\/Valencia-Domus-G14002-5-1-82x60.jpg"},"grid-view-image":{"file":"Valencia-Domus-G14002-5-1-246x162.jpg","width":246,"height":162,"mime-type":"image\/jpeg","url":"https:\/\/www.valenciadomus.com\/en\/wp-content\/uploads\/2017\/08\/Valencia-Domus-G14002-5-1-246x162.jpg"}},"image_meta":{"aperture":"0","credit":"Silvia Gavila","camera":"","caption":"","created_timestamp":"1502883983","copyright":"\u00a92017 Silvia Gavila","focal_length":"0","iso":"0","shutter_speed":"0","title":"","orientation":"0","keywords":[]},"ID":"1158","name":"Valencia-Domus-G14002-5-1.jpg","path":"\/home2\/valenci1\/public_html\/en\/wp-content\/uploads\/2017\/08\/Valencia-Domus-G14002-5-1.jpg","url":"https:\/\/www.valenciadomus.com\/en\/wp-content\/uploads\/2017\/08\/Valencia-Domus-G14002-5-1-150x150.jpg","full_url":"https:\/\/www.valenciadomus.com\/en\/wp-content\/uploads\/2017\/08\/Valencia-Domus-G14002-5-1.jpg","title":"Valencia Domus G14002-5","caption":"","description":"","alt":"Cuarto de ba\u00f1o en suite 2","srcset":"https:\/\/www.valenciadomus.com\/en\/wp-content\/uploads\/2017\/08\/Valencia-Domus-G14002-5-1-150x150.jpg 150w, https:\/\/www.valenciadomus.com\/en\/wp-content\/uploads\/2017\/08\/Valencia-Domus-G14002-5-1-210x210.jpg 210w"},{"width":150,"height":150,"file":"2017\/08\/Valencia-Domus-G14002-12-1.jpg","sizes":{"thumbnail":{"file":"Valencia-Domus-G14002-12-1-150x150.jpg","width":150,"height":150,"mime-type":"image\/jpeg","url":"https:\/\/www.valenciadomus.com\/en\/wp-content\/uploads\/2017\/08\/Valencia-Domus-G14002-12-1-150x150.jpg"},"medium":{"file":"Valencia-Domus-G14002-12-1-300x199.jpg","width":300,"height":199,"mime-type":"image\/jpeg","url":"https:\/\/www.valenciadomus.com\/en\/wp-content\/uploads\/2017\/08\/Valencia-Domus-G14002-12-1-300x199.jpg"},"medium_large":{"file":"Valencia-Domus-G14002-12-1-768x510.jpg","width":768,"height":510,"mime-type":"image\/jpeg","url":"https:\/\/www.valenciadomus.com\/en\/wp-content\/uploads\/2017\/08\/Valencia-Domus-G14002-12-1-768x510.jpg"},"post-thumbnail":{"file":"Valencia-Domus-G14002-12-1-150x100.jpg","width":150,"height":100,"mime-type":"image\/jpeg","url":"https:\/\/www.valenciadomus.com\/en\/wp-content\/uploads\/2017\/08\/Valencia-Domus-G14002-12-1-150x100.jpg"},"property-thumb-image":{"file":"Valencia-Domus-G14002-12-1-244x163.jpg","width":244,"height":163,"mime-type":"image\/jpeg","url":"https:\/\/www.valenciadomus.com\/en\/wp-content\/uploads\/2017\/08\/Valencia-Domus-G14002-12-1-244x163.jpg"},"property-detail-video-image":{"file":"Valencia-Domus-G14002-12-1-818x417.jpg","width":818,"height":417,"mime-type":"image\/jpeg","url":"https:\/\/www.valenciadomus.com\/en\/wp-content\/uploads\/2017\/08\/Valencia-Domus-G14002-12-1-818x417.jpg"},"agent-image":{"file":"Valencia-Domus-G14002-12-1-210x210.jpg","width":210,"height":210,"mime-type":"image\/jpeg","url":"https:\/\/www.valenciadomus.com\/en\/wp-content\/uploads\/2017\/08\/Valencia-Domus-G14002-12-1-210x210.jpg"},"partners-logo":{"file":"Valencia-Domus-G14002-12-1-200x664.jpg","width":200,"height":664,"mime-type":"image\/jpeg","url":"https:\/\/www.valenciadomus.com\/en\/wp-content\/uploads\/2017\/08\/Valencia-Domus-G14002-12-1-200x664.jpg"},"post-featured-image":{"file":"Valencia-Domus-G14002-12-1-830x323.jpg","width":830,"height":323,"mime-type":"image\/jpeg","url":"https:\/\/www.valenciadomus.com\/en\/wp-content\/uploads\/2017\/08\/Valencia-Domus-G14002-12-1-830x323.jpg"},"gallery-two-column-image":{"file":"Valencia-Domus-G14002-12-1-536x269.jpg","width":536,"height":269,"mime-type":"image\/jpeg","url":"https:\/\/www.valenciadomus.com\/en\/wp-content\/uploads\/2017\/08\/Valencia-Domus-G14002-12-1-536x269.jpg"},"property-detail-slider-image":{"file":"Valencia-Domus-G14002-12-1-770x386.jpg","width":770,"height":386,"mime-type":"image\/jpeg","url":"https:\/\/www.valenciadomus.com\/en\/wp-content\/uploads\/2017\/08\/Valencia-Domus-G14002-12-1-770x386.jpg"},"property-detail-slider-image-two":{"file":"Valencia-Domus-G14002-12-1-830x460.jpg","width":830,"height":460,"mime-type":"image\/jpeg","url":"https:\/\/www.valenciadomus.com\/en\/wp-content\/uploads\/2017\/08\/Valencia-Domus-G14002-12-1-830x460.jpg"},"property-detail-slider-thumb":{"file":"Valencia-Domus-G14002-12-1-82x60.jpg","width":82,"height":60,"mime-type":"image\/jpeg","url":"https:\/\/www.valenciadomus.com\/en\/wp-content\/uploads\/2017\/08\/Valencia-Domus-G14002-12-1-82x60.jpg"},"grid-view-image":{"file":"Valencia-Domus-G14002-12-1-246x162.jpg","width":246,"height":162,"mime-type":"image\/jpeg","url":"https:\/\/www.valenciadomus.com\/en\/wp-content\/uploads\/2017\/08\/Valencia-Domus-G14002-12-1-246x162.jpg"}},"image_meta":{"aperture":"0","credit":"Silvia Gavila","camera":"","caption":"","created_timestamp":"1502885456","copyright":"\u00a92017 Silvia Gavila","focal_length":"0","iso":"0","shutter_speed":"0","title":"","orientation":"0","keywords":[]},"ID":"1165","name":"Valencia-Domus-G14002-12-1.jpg","path":"\/home2\/valenci1\/public_html\/en\/wp-content\/uploads\/2017\/08\/Valencia-Domus-G14002-12-1.jpg","url":"https:\/\/www.valenciadomus.com\/en\/wp-content\/uploads\/2017\/08\/Valencia-Domus-G14002-12-1-150x150.jpg","full_url":"https:\/\/www.valenciadomus.com\/en\/wp-content\/uploads\/2017\/08\/Valencia-Domus-G14002-12-1.jpg","title":"Valencia Domus G14002-12","caption":"","description":"","alt":"Terraza y piscina","srcset":"https:\/\/www.valenciadomus.com\/en\/wp-content\/uploads\/2017\/08\/Valencia-Domus-G14002-12-1-150x150.jpg 150w, https:\/\/www.valenciadomus.com\/en\/wp-content\/uploads\/2017\/08\/Valencia-Domus-G14002-12-1-210x210.jpg 210w"}],"REAL_HOMES_change_gallery_slider_type":"","REAL_HOMES_gallery_slider_type":"thumb-on-right","inspiry_floor_plans":[],"inspiry_video_group":[],"REAL_HOMES_360_virtual_tour":"","REAL_HOMES_agent_display_option":"agent_info","REAL_HOMES_agents":["1114"],"REAL_HOMES_energy_class":"","REAL_HOMES_energy_performance":"","REAL_HOMES_epc_current_rating":"","REAL_HOMES_epc_potential_rating":"","ere_property_schedule_tour":"","ere_property_schedule_time_slots":"","ere_property_schedule_description":"","REAL_HOMES_sticky":"0","inspiry_property_label":"","inspiry_property_label_color":"","inspiry_property_tax":"","inspiry_additional_fee":"","REAL_HOMES_attachments":[],"inspiry_property_owner_name":"Ali Ata","inspiry_property_owner_contact":"Pouramini","inspiry_property_owner_address":"Sequia de Mestalla 11B","REAL_HOMES_property_private_note":"2700","inspiry_message_to_reviewer":"","REAL_HOMES_add_in_slider":"yes","REAL_HOMES_slider_image":[{"width":150,"height":150,"file":"2017\/08\/G14002-Valencia-Domus-hs-1-1.jpg","sizes":{"thumbnail":{"file":"G14002-Valencia-Domus-hs-1-1-150x150.jpg","width":150,"height":150,"mime-type":"image\/jpeg","url":"https:\/\/www.valenciadomus.com\/en\/wp-content\/uploads\/2017\/08\/G14002-Valencia-Domus-hs-1-1-150x150.jpg"},"medium":{"file":"G14002-Valencia-Domus-hs-1-1-300x109.jpg","width":300,"height":109,"mime-type":"image\/jpeg","url":"https:\/\/www.valenciadomus.com\/en\/wp-content\/uploads\/2017\/08\/G14002-Valencia-Domus-hs-1-1-300x109.jpg"},"medium_large":{"file":"G14002-Valencia-Domus-hs-1-1-768x280.jpg","width":768,"height":280,"mime-type":"image\/jpeg","url":"https:\/\/www.valenciadomus.com\/en\/wp-content\/uploads\/2017\/08\/G14002-Valencia-Domus-hs-1-1-768x280.jpg"},"large":{"file":"G14002-Valencia-Domus-hs-1-1-1024x374.jpg","width":1024,"height":374,"mime-type":"image\/jpeg","url":"https:\/\/www.valenciadomus.com\/en\/wp-content\/uploads\/2017\/08\/G14002-Valencia-Domus-hs-1-1-1024x374.jpg"},"post-thumbnail":{"file":"G14002-Valencia-Domus-hs-1-1-150x55.jpg","width":150,"height":55,"mime-type":"image\/jpeg","url":"https:\/\/www.valenciadomus.com\/en\/wp-content\/uploads\/2017\/08\/G14002-Valencia-Domus-hs-1-1-150x55.jpg"},"property-thumb-image":{"file":"G14002-Valencia-Domus-hs-1-1-244x163.jpg","width":244,"height":163,"mime-type":"image\/jpeg","url":"https:\/\/www.valenciadomus.com\/en\/wp-content\/uploads\/2017\/08\/G14002-Valencia-Domus-hs-1-1-244x163.jpg"},"property-detail-video-image":{"file":"G14002-Valencia-Domus-hs-1-1-818x417.jpg","width":818,"height":417,"mime-type":"image\/jpeg","url":"https:\/\/www.valenciadomus.com\/en\/wp-content\/uploads\/2017\/08\/G14002-Valencia-Domus-hs-1-1-818x417.jpg"},"agent-image":{"file":"G14002-Valencia-Domus-hs-1-1-210x210.jpg","width":210,"height":210,"mime-type":"image\/jpeg","url":"https:\/\/www.valenciadomus.com\/en\/wp-content\/uploads\/2017\/08\/G14002-Valencia-Domus-hs-1-1-210x210.jpg"},"partners-logo":{"file":"G14002-Valencia-Domus-hs-1-1-200x1511.jpg","width":200,"height":1511,"mime-type":"image\/jpeg","url":"https:\/\/www.valenciadomus.com\/en\/wp-content\/uploads\/2017\/08\/G14002-Valencia-Domus-hs-1-1-200x1511.jpg"},"post-featured-image":{"file":"G14002-Valencia-Domus-hs-1-1-830x323.jpg","width":830,"height":323,"mime-type":"image\/jpeg","url":"https:\/\/www.valenciadomus.com\/en\/wp-content\/uploads\/2017\/08\/G14002-Valencia-Domus-hs-1-1-830x323.jpg"},"gallery-two-column-image":{"file":"G14002-Valencia-Domus-hs-1-1-536x269.jpg","width":536,"height":269,"mime-type":"image\/jpeg","url":"https:\/\/www.valenciadomus.com\/en\/wp-content\/uploads\/2017\/08\/G14002-Valencia-Domus-hs-1-1-536x269.jpg"},"property-detail-slider-image":{"file":"G14002-Valencia-Domus-hs-1-1-770x386.jpg","width":770,"height":386,"mime-type":"image\/jpeg","url":"https:\/\/www.valenciadomus.com\/en\/wp-content\/uploads\/2017\/08\/G14002-Valencia-Domus-hs-1-1-770x386.jpg"},"property-detail-slider-image-two":{"file":"G14002-Valencia-Domus-hs-1-1-830x460.jpg","width":830,"height":460,"mime-type":"image\/jpeg","url":"https:\/\/www.valenciadomus.com\/en\/wp-content\/uploads\/2017\/08\/G14002-Valencia-Domus-hs-1-1-830x460.jpg"},"property-detail-slider-thumb":{"file":"G14002-Valencia-Domus-hs-1-1-82x60.jpg","width":82,"height":60,"mime-type":"image\/jpeg","url":"https:\/\/www.valenciadomus.com\/en\/wp-content\/uploads\/2017\/08\/G14002-Valencia-Domus-hs-1-1-82x60.jpg"},"grid-view-image":{"file":"G14002-Valencia-Domus-hs-1-1-246x162.jpg","width":246,"height":162,"mime-type":"image\/jpeg","url":"https:\/\/www.valenciadomus.com\/en\/wp-content\/uploads\/2017\/08\/G14002-Valencia-Domus-hs-1-1-246x162.jpg"}},"image_meta":{"aperture":"0","credit":"Silvia Gavila","camera":"","caption":"","created_timestamp":"1436873060","copyright":"\u00a92017 Silvia Gavila","focal_length":"0","iso":"0","shutter_speed":"0","title":"","orientation":"0","keywords":[]},"ID":"1181","name":"G14002-Valencia-Domus-hs-1-1.jpg","path":"\/home2\/valenci1\/public_html\/en\/wp-content\/uploads\/2017\/08\/G14002-Valencia-Domus-hs-1-1.jpg","url":"https:\/\/www.valenciadomus.com\/en\/wp-content\/uploads\/2017\/08\/G14002-Valencia-Domus-hs-1-1-150x150.jpg","full_url":"https:\/\/www.valenciadomus.com\/en\/wp-content\/uploads\/2017\/08\/G14002-Valencia-Domus-hs-1-1.jpg","title":"G14002-Valencia Domus hs-1","caption":"","description":"","alt":"Valencia Domus Alquiler","srcset":"https:\/\/www.valenciadomus.com\/en\/wp-content\/uploads\/2017\/08\/G14002-Valencia-Domus-hs-1-1-150x150.jpg 150w, https:\/\/www.valenciadomus.com\/en\/wp-content\/uploads\/2017\/08\/G14002-Valencia-Domus-hs-1-1-210x210.jpg 210w"}],"REAL_HOMES_page_banner_image":[{"width":150,"height":150,"file":"2017\/08\/G14002-Valencia-Domus-tb-1.jpg","sizes":{"thumbnail":{"file":"G14002-Valencia-Domus-tb-1-150x150.jpg","width":150,"height":150,"mime-type":"image\/jpeg","url":"https:\/\/www.valenciadomus.com\/en\/wp-content\/uploads\/2017\/08\/G14002-Valencia-Domus-tb-1-150x150.jpg"},"medium":{"file":"G14002-Valencia-Domus-tb-1-300x35.jpg","width":300,"height":35,"mime-type":"image\/jpeg","url":"https:\/\/www.valenciadomus.com\/en\/wp-content\/uploads\/2017\/08\/G14002-Valencia-Domus-tb-1-300x35.jpg"},"medium_large":{"file":"G14002-Valencia-Domus-tb-1-768x88.jpg","width":768,"height":88,"mime-type":"image\/jpeg","url":"https:\/\/www.valenciadomus.com\/en\/wp-content\/uploads\/2017\/08\/G14002-Valencia-Domus-tb-1-768x88.jpg"},"large":{"file":"G14002-Valencia-Domus-tb-1-1024x118.jpg","width":1024,"height":118,"mime-type":"image\/jpeg","url":"https:\/\/www.valenciadomus.com\/en\/wp-content\/uploads\/2017\/08\/G14002-Valencia-Domus-tb-1-1024x118.jpg"},"post-thumbnail":{"file":"G14002-Valencia-Domus-tb-1-150x17.jpg","width":150,"height":17,"mime-type":"image\/jpeg","url":"https:\/\/www.valenciadomus.com\/en\/wp-content\/uploads\/2017\/08\/G14002-Valencia-Domus-tb-1-150x17.jpg"},"property-thumb-image":{"file":"G14002-Valencia-Domus-tb-1-244x163.jpg","width":244,"height":163,"mime-type":"image\/jpeg","url":"https:\/\/www.valenciadomus.com\/en\/wp-content\/uploads\/2017\/08\/G14002-Valencia-Domus-tb-1-244x163.jpg"},"property-detail-video-image":{"file":"G14002-Valencia-Domus-tb-1-818x417.jpg","width":818,"height":417,"mime-type":"image\/jpeg","url":"https:\/\/www.valenciadomus.com\/en\/wp-content\/uploads\/2017\/08\/G14002-Valencia-Domus-tb-1-818x417.jpg"},"agent-image":{"file":"G14002-Valencia-Domus-tb-1-210x210.jpg","width":210,"height":210,"mime-type":"image\/jpeg","url":"https:\/\/www.valenciadomus.com\/en\/wp-content\/uploads\/2017\/08\/G14002-Valencia-Domus-tb-1-210x210.jpg"},"partners-logo":{"file":"G14002-Valencia-Domus-tb-1-200x488.jpg","width":200,"height":488,"mime-type":"image\/jpeg","url":"https:\/\/www.valenciadomus.com\/en\/wp-content\/uploads\/2017\/08\/G14002-Valencia-Domus-tb-1-200x488.jpg"},"post-featured-image":{"file":"G14002-Valencia-Domus-tb-1-830x323.jpg","width":830,"height":323,"mime-type":"image\/jpeg","url":"https:\/\/www.valenciadomus.com\/en\/wp-content\/uploads\/2017\/08\/G14002-Valencia-Domus-tb-1-830x323.jpg"},"gallery-two-column-image":{"file":"G14002-Valencia-Domus-tb-1-536x269.jpg","width":536,"height":269,"mime-type":"image\/jpeg","url":"https:\/\/www.valenciadomus.com\/en\/wp-content\/uploads\/2017\/08\/G14002-Valencia-Domus-tb-1-536x269.jpg"},"property-detail-slider-image":{"file":"G14002-Valencia-Domus-tb-1-770x386.jpg","width":770,"height":386,"mime-type":"image\/jpeg","url":"https:\/\/www.valenciadomus.com\/en\/wp-content\/uploads\/2017\/08\/G14002-Valencia-Domus-tb-1-770x386.jpg"},"property-detail-slider-image-two":{"file":"G14002-Valencia-Domus-tb-1-830x460.jpg","width":830,"height":460,"mime-type":"image\/jpeg","url":"https:\/\/www.valenciadomus.com\/en\/wp-content\/uploads\/2017\/08\/G14002-Valencia-Domus-tb-1-830x460.jpg"},"property-detail-slider-thumb":{"file":"G14002-Valencia-Domus-tb-1-82x60.jpg","width":82,"height":60,"mime-type":"image\/jpeg","url":"https:\/\/www.valenciadomus.com\/en\/wp-content\/uploads\/2017\/08\/G14002-Valencia-Domus-tb-1-82x60.jpg"},"grid-view-image":{"file":"G14002-Valencia-Domus-tb-1-246x162.jpg","width":246,"height":162,"mime-type":"image\/jpeg","url":"https:\/\/www.valenciadomus.com\/en\/wp-content\/uploads\/2017\/08\/G14002-Valencia-Domus-tb-1-246x162.jpg"}},"image_meta":{"aperture":"0","credit":"Silvia Gavila","camera":"","caption":"","created_timestamp":"1436873170","copyright":"\u00a92017 Silvia Gavila","focal_length":"0","iso":"0","shutter_speed":"0","title":"","orientation":"0","keywords":[]},"ID":"1172","name":"G14002-Valencia-Domus-tb-1.jpg","path":"\/home2\/valenci1\/public_html\/en\/wp-content\/uploads\/2017\/08\/G14002-Valencia-Domus-tb-1.jpg","url":"https:\/\/www.valenciadomus.com\/en\/wp-content\/uploads\/2017\/08\/G14002-Valencia-Domus-tb-1-150x150.jpg","full_url":"https:\/\/www.valenciadomus.com\/en\/wp-content\/uploads\/2017\/08\/G14002-Valencia-Domus-tb-1.jpg","title":"G14002-Valencia Domus tb","caption":"","description":"","alt":"Unifamiliar con piscina","srcset":"https:\/\/www.valenciadomus.com\/en\/wp-content\/uploads\/2017\/08\/G14002-Valencia-Domus-tb-1-150x150.jpg 150w, https:\/\/www.valenciadomus.com\/en\/wp-content\/uploads\/2017\/08\/G14002-Valencia-Domus-tb-1-210x210.jpg 210w"}],"REAL_HOMES_hide_property_advance_search":"","REAL_HOMES_hide_advance_search":"","REAL_HOMES_custom_search_form":"","REAL_HOMES_search_form_margin_top":"","REAL_HOMES_search_form_margin_bottom":""},"_links":{"self":[{"href":"https:\/\/www.valenciadomus.com\/en\/wp-json\/wp\/v2\/property\/1146"}],"collection":[{"href":"https:\/\/www.valenciadomus.com\/en\/wp-json\/wp\/v2\/property"}],"about":[{"href":"https:\/\/www.valenciadomus.com\/en\/wp-json\/wp\/v2\/types\/property"}],"author":[{"embeddable":true,"href":"https:\/\/www.valenciadomus.com\/en\/wp-json\/wp\/v2\/users\/1"}],"replies":[{"embeddable":true,"href":"https:\/\/www.valenciadomus.com\/en\/wp-json\/wp\/v2\/comments?post=1146"}],"version-history":[{"count":4,"href":"https:\/\/www.valenciadomus.com\/en\/wp-json\/wp\/v2\/property\/1146\/revisions"}],"predecessor-version":[{"id":1150,"href":"https:\/\/www.valenciadomus.com\/en\/wp-json\/wp\/v2\/property\/1146\/revisions\/1150"}],"wp:featuredmedia":[{"embeddable":true,"href":"https:\/\/www.valenciadomus.com\/en\/wp-json\/wp\/v2\/media\/1138"}],"wp:attachment":[{"href":"https:\/\/www.valenciadomus.com\/en\/wp-json\/wp\/v2\/media?parent=1146"}],"wp:term":[{"taxonomy":"property-feature","embeddable":true,"href":"https:\/\/www.valenciadomus.com\/en\/wp-json\/wp\/v2\/property-feature?post=1146"},{"taxonomy":"property-type","embeddable":true,"href":"https:\/\/www.valenciadomus.com\/en\/wp-json\/wp\/v2\/property-type?post=1146"},{"taxonomy":"property-city","embeddable":true,"href":"https:\/\/www.valenciadomus.com\/en\/wp-json\/wp\/v2\/property-city?post=1146"},{"taxonomy":"property-status","embeddable":true,"href":"https:\/\/www.valenciadomus.com\/en\/wp-json\/wp\/v2\/property-status?post=1146"}],"curies":[{"name":"wp","href":"https:\/\/api.w.org\/{rel}","templated":true}]}}